{"id":599,"date":"2020-12-29T09:15:17","date_gmt":"2020-12-29T09:15:17","guid":{"rendered":"https:\/\/twobrotherscampervan.com\/activities\/"},"modified":"2026-06-30T04:54:40","modified_gmt":"2026-06-30T04:54:40","slug":"campers","status":"publish","type":"page","link":"https:\/\/twobrotherscampervan.com\/en\/campers\/","title":{"rendered":"The furgos"},"content":{"rendered":"\t\t<div data-elementor-type=\"wp-page\" data-elementor-id=\"599\" class=\"elementor elementor-599\">\n\t\t\t\t\t\t<section class=\"elementor-section elementor-top-section elementor-element elementor-element-26fbf3f1 elementor-section-content-middle elementor-reverse-mobile elementor-section-height-min-height elementor-section-boxed elementor-section-height-default elementor-section-items-middle\" data-id=\"26fbf3f1\" data-element_type=\"section\" data-e-type=\"section\" data-settings=\"{&quot;background_background&quot;:&quot;classic&quot;}\">\n\t\t\t\t\t\t\t<div class=\"elementor-background-overlay\"><\/div>\n\t\t\t\t\t\t\t<div class=\"elementor-container elementor-column-gap-no\">\n\t\t\t\t\t<div class=\"elementor-column elementor-col-100 elementor-top-column elementor-element elementor-element-44c17871\" data-id=\"44c17871\" data-element_type=\"column\" data-e-type=\"column\">\n\t\t\t<div class=\"elementor-widget-wrap elementor-element-populated\">\n\t\t\t\t\t\t<div class=\"elementor-element elementor-element-1e4ba82b elementor-widget__width-inherit elementor-widget elementor-widget-heading\" data-id=\"1e4ba82b\" data-element_type=\"widget\" data-e-type=\"widget\" data-widget_type=\"heading.default\">\n\t\t\t\t<div class=\"elementor-widget-container\">\n\t\t\t\t\t<h1 class=\"elementor-heading-title elementor-size-default\">Alquiler de campers <br>en Mallorca<\/h1>\t\t\t\t<\/div>\n\t\t\t\t<\/div>\n\t\t\t\t\t<\/div>\n\t\t<\/div>\n\t\t\t\t\t<\/div>\n\t\t<\/section>\n\t\t\t\t<section class=\"elementor-section elementor-top-section elementor-element elementor-element-38931b0 elementor-section-boxed elementor-section-height-default elementor-section-height-default\" data-id=\"38931b0\" data-element_type=\"section\" data-e-type=\"section\">\n\t\t\t\t\t\t<div class=\"elementor-container elementor-column-gap-default\">\n\t\t\t\t\t<div class=\"elementor-column elementor-col-33 elementor-top-column elementor-element elementor-element-b5f8fbb\" data-id=\"b5f8fbb\" data-element_type=\"column\" data-e-type=\"column\">\n\t\t\t<div class=\"elementor-widget-wrap elementor-element-populated\">\n\t\t\t\t\t\t<div class=\"elementor-element elementor-element-4f1b4e0 elementor-widget elementor-widget-heading\" data-id=\"4f1b4e0\" data-element_type=\"widget\" data-e-type=\"widget\" data-widget_type=\"heading.default\">\n\t\t\t\t<div class=\"elementor-widget-container\">\n\t\t\t\t\t<h2 class=\"elementor-heading-title elementor-size-default\">Por qu\u00e9 alquilar una camper en Mallorca con Two Brothers<\/h2>\t\t\t\t<\/div>\n\t\t\t\t<\/div>\n\t\t\t\t\t<\/div>\n\t\t<\/div>\n\t\t\t\t<div class=\"elementor-column elementor-col-66 elementor-top-column elementor-element elementor-element-5076abb\" data-id=\"5076abb\" data-element_type=\"column\" data-e-type=\"column\">\n\t\t\t<div class=\"elementor-widget-wrap elementor-element-populated\">\n\t\t\t\t\t\t<div class=\"elementor-element elementor-element-905326c elementor-widget elementor-widget-text-editor\" data-id=\"905326c\" data-element_type=\"widget\" data-e-type=\"widget\" data-widget_type=\"text-editor.default\">\n\t\t\t\t<div class=\"elementor-widget-container\">\n\t\t\t\t\t\t\t\t\t<p data-start=\"251\" data-end=\"589\">Si est\u00e1s buscando una forma flexible y libre de explorar la isla, alquilar una camper en Mallorca es la mejor opci\u00f3n. Te permitir\u00e1 ver atardeceres espectaculares, ver las estrellas desde la azotea de nuestras furgos y moverte libremente para ver toda la isla. <strong>Ya sea para una escapada tu solo\/a, en pareja o con amigos<\/strong>, ofrecemos furgonetas camper con todas las comodidades.&nbsp;<\/p>\n<p data-start=\"251\" data-end=\"589\"><em data-start=\"254\" data-end=\"268\">Two Brothers CamperVan<\/em>&nbsp;es una empresa familiar con alma viajera, especializada en alquilar campers en Mallorca totalmente equipadas y dise\u00f1adas de forma artesanal.<strong> Cada una de nuestras furgonetas ha sido camperizada a mano por nosotros mismos,<\/strong> cuidando cada detalle para ofrecerte una experiencia c\u00f3moda y sin preocupaciones.<\/p>\n<p data-start=\"591\" data-end=\"834\">&nbsp;Nos mueve la pasi\u00f3n por la aventura, por eso queremos que vivas Mallorca de una manera libre, cercana y diferente. <strong>Si est\u00e1s listo para rodar por calas escondidas, rutas de monta\u00f1a y rincones inolvidables,<\/strong> \u00a1alquila tu camper en Mallorca!<\/p>\t\t\t\t\t\t\t\t<\/div>\n\t\t\t\t<\/div>\n\t\t\t\t\t<\/div>\n\t\t<\/div>\n\t\t\t\t\t<\/div>\n\t\t<\/section>\n\t\t\t\t<section class=\"elementor-section elementor-top-section elementor-element elementor-element-22bf337 elementor-section-boxed elementor-section-height-default elementor-section-height-default\" data-id=\"22bf337\" data-element_type=\"section\" data-e-type=\"section\">\n\t\t\t\t\t\t<div class=\"elementor-container elementor-column-gap-default\">\n\t\t\t\t\t<div class=\"elementor-column elementor-col-100 elementor-top-column elementor-element elementor-element-4b8a5c4\" data-id=\"4b8a5c4\" data-element_type=\"column\" data-e-type=\"column\">\n\t\t\t<div class=\"elementor-widget-wrap elementor-element-populated\">\n\t\t\t\t\t\t<div class=\"elementor-element elementor-element-dd0f59a elementor-widget elementor-widget-heading\" data-id=\"dd0f59a\" data-element_type=\"widget\" data-e-type=\"widget\" data-widget_type=\"heading.default\">\n\t\t\t\t<div class=\"elementor-widget-container\">\n\t\t\t\t\t<h2 class=\"elementor-heading-title elementor-size-default\">Campers disponibles<\/h2>\t\t\t\t<\/div>\n\t\t\t\t<\/div>\n\t\t\t\t\t<\/div>\n\t\t<\/div>\n\t\t\t\t\t<\/div>\n\t\t<\/section>\n\t\t\t\t<section class=\"elementor-section elementor-top-section elementor-element elementor-element-0016efd elementor-section-boxed elementor-section-height-default elementor-section-height-default\" data-id=\"0016efd\" data-element_type=\"section\" data-e-type=\"section\" data-settings=\"{&quot;background_background&quot;:&quot;classic&quot;}\">\n\t\t\t\t\t\t<div class=\"elementor-container elementor-column-gap-no\">\n\t\t\t\t\t<div class=\"elementor-column elementor-col-100 elementor-top-column elementor-element elementor-element-5cdcfd1\" data-id=\"5cdcfd1\" data-element_type=\"column\" data-e-type=\"column\">\n\t\t\t<div class=\"elementor-widget-wrap elementor-element-populated\">\n\t\t\t\t\t\t<section class=\"elementor-section elementor-inner-section elementor-element elementor-element-a2d40bf elementor-section-boxed elementor-section-height-default elementor-section-height-default\" data-id=\"a2d40bf\" data-element_type=\"section\" data-e-type=\"section\">\n\t\t\t\t\t\t<div class=\"elementor-container elementor-column-gap-no\">\n\t\t\t\t\t<div class=\"elementor-column elementor-col-33 elementor-inner-column elementor-element elementor-element-b79b25f\" data-id=\"b79b25f\" data-element_type=\"column\" data-e-type=\"column\">\n\t\t\t<div class=\"elementor-widget-wrap elementor-element-populated\">\n\t\t\t\t\t\t<div class=\"elementor-element elementor-element-29c2d47 elementor-widget elementor-widget-heading\" data-id=\"29c2d47\" data-element_type=\"widget\" data-e-type=\"widget\" data-widget_type=\"heading.default\">\n\t\t\t\t<div class=\"elementor-widget-container\">\n\t\t\t\t\t<h2 class=\"elementor-heading-title elementor-size-default\">01.<\/h2>\t\t\t\t<\/div>\n\t\t\t\t<\/div>\n\t\t\t\t\t<\/div>\n\t\t<\/div>\n\t\t\t\t<div class=\"elementor-column elementor-col-33 elementor-inner-column elementor-element elementor-element-663fb9f\" data-id=\"663fb9f\" data-element_type=\"column\" data-e-type=\"column\">\n\t\t\t<div class=\"elementor-widget-wrap elementor-element-populated\">\n\t\t\t\t\t\t<div class=\"elementor-element elementor-element-e873914 elementor-widget elementor-widget-heading\" data-id=\"e873914\" data-element_type=\"widget\" data-e-type=\"widget\" data-widget_type=\"heading.default\">\n\t\t\t\t<div class=\"elementor-widget-container\">\n\t\t\t\t\t<h3 class=\"elementor-heading-title elementor-size-default\">Tramontana<\/h3>\t\t\t\t<\/div>\n\t\t\t\t<\/div>\n\t\t\t\t<div class=\"elementor-element elementor-element-0cbb290 elementor-widget elementor-widget-text-editor\" data-id=\"0cbb290\" data-element_type=\"widget\" data-e-type=\"widget\" data-widget_type=\"text-editor.default\">\n\t\t\t\t<div class=\"elementor-widget-container\">\n\t\t\t\t\t\t\t\t\t<p><span data-sheets-value=\"{&quot;1&quot;:2,&quot;2&quot;:&quot;La camper Dragonera es la furgo m\u00e1s pr\u00e1ctica para recorrer la isla en camper. Con su tama\u00f1o es ideal para descubrir los rincones secretos de Mallorca y aparcar sin problema donde el viento te lleve. Nuestra camper Dragonera con su terraza superior es una opci\u00f3n perfecta para aquellos que disfrutan de la vida al aire libre y desean aprovechar al m\u00e1ximo sus aventuras en carretera. Tendr\u00e1s la libertad de explorar diferentes lugares y, al mismo tiempo, contar con un espacio privado y confortable para relajarte y disfrutar de la naturaleza.&quot;}\" data-sheets-userformat=\"{&quot;2&quot;:897,&quot;3&quot;:{&quot;1&quot;:0},&quot;10&quot;:0,&quot;11&quot;:4,&quot;12&quot;:0}\">Con una amplia zona de estar, la Roqueta <\/span><span style=\"background-color: var( --e-global-color-astglobalcolor5 ); color: var(--ast-global-color-3); font-size: 1rem;\">cuenta con todas las comodidades necesarias para tu viaje. Tiene un espacio modular de comedor-cama donde pasar el tiempo de la forma m\u00e1s c\u00f3moda.\u00a0<\/span><\/p>\t\t\t\t\t\t\t\t<\/div>\n\t\t\t\t<\/div>\n\t\t\t\t<div class=\"elementor-element elementor-element-16acf9e elementor-icon-list--layout-traditional elementor-list-item-link-full_width elementor-widget elementor-widget-icon-list\" data-id=\"16acf9e\" data-element_type=\"widget\" data-e-type=\"widget\" data-widget_type=\"icon-list.default\">\n\t\t\t\t<div class=\"elementor-widget-container\">\n\t\t\t\t\t\t\t<ul class=\"elementor-icon-list-items\">\n\t\t\t\t\t\t\t<li class=\"elementor-icon-list-item\">\n\t\t\t\t\t\t\t\t\t\t\t<span class=\"elementor-icon-list-icon\">\n\t\t\t\t\t\t\t<i aria-hidden=\"true\" class=\"fas fa-caret-right\"><\/i>\t\t\t\t\t\t<\/span>\n\t\t\t\t\t\t\t\t\t\t<span class=\"elementor-icon-list-text\">Modelo: Peugeot Boxer II<\/span>\n\t\t\t\t\t\t\t\t\t<\/li>\n\t\t\t\t\t\t\t\t<li class=\"elementor-icon-list-item\">\n\t\t\t\t\t\t\t\t\t\t\t<span class=\"elementor-icon-list-icon\">\n\t\t\t\t\t\t\t<i aria-hidden=\"true\" class=\"fas fa-caret-right\"><\/i>\t\t\t\t\t\t<\/span>\n\t\t\t\t\t\t\t\t\t\t<span class=\"elementor-icon-list-text\">Cama doble de 125x180cm y cama individual<\/span>\n\t\t\t\t\t\t\t\t\t<\/li>\n\t\t\t\t\t\t\t\t<li class=\"elementor-icon-list-item\">\n\t\t\t\t\t\t\t\t\t\t\t<span class=\"elementor-icon-list-icon\">\n\t\t\t\t\t\t\t<i aria-hidden=\"true\" class=\"fas fa-caret-right\"><\/i>\t\t\t\t\t\t<\/span>\n\t\t\t\t\t\t\t\t\t\t<span class=\"elementor-icon-list-text\">Ducha interior y exterior<\/span>\n\t\t\t\t\t\t\t\t\t<\/li>\n\t\t\t\t\t\t<\/ul>\n\t\t\t\t\t\t<\/div>\n\t\t\t\t<\/div>\n\t\t\t\t<div class=\"elementor-element elementor-element-283ccc6 elementor-mobile-align-center elementor-widget elementor-widget-button\" data-id=\"283ccc6\" data-element_type=\"widget\" data-e-type=\"widget\" data-widget_type=\"button.default\">\n\t\t\t\t<div class=\"elementor-widget-container\">\n\t\t\t\t\t\t\t\t\t<div class=\"elementor-button-wrapper\">\n\t\t\t\t\t<a class=\"elementor-button elementor-button-link elementor-size-sm\" href=\"https:\/\/twobrotherscampervan.com\/camper-tramontana\">\n\t\t\t\t\t\t<span class=\"elementor-button-content-wrapper\">\n\t\t\t\t\t\t\t\t\t<span class=\"elementor-button-text\">Ver m\u00e1s<\/span>\n\t\t\t\t\t<\/span>\n\t\t\t\t\t<\/a>\n\t\t\t\t<\/div>\n\t\t\t\t\t\t\t\t<\/div>\n\t\t\t\t<\/div>\n\t\t\t\t\t<\/div>\n\t\t<\/div>\n\t\t\t\t<div class=\"elementor-column elementor-col-33 elementor-inner-column elementor-element elementor-element-e83761a\" data-id=\"e83761a\" data-element_type=\"column\" data-e-type=\"column\">\n\t\t\t<div class=\"elementor-widget-wrap elementor-element-populated\">\n\t\t\t\t\t\t<div class=\"elementor-element elementor-element-8dabc69 uael-ins-normal uael-img-carousel-arrow-outside elementor-widget elementor-widget-uael-image-gallery\" data-id=\"8dabc69\" data-element_type=\"widget\" data-e-type=\"widget\" data-settings=\"{&quot;slides_to_show&quot;:1,&quot;slides_to_show_mobile&quot;:1,&quot;slides_to_show_tablet&quot;:3,&quot;slides_to_scroll&quot;:1,&quot;slides_to_scroll_tablet&quot;:1,&quot;slides_to_scroll_mobile&quot;:1,&quot;column_gap&quot;:{&quot;unit&quot;:&quot;px&quot;,&quot;size&quot;:20,&quot;sizes&quot;:[]},&quot;column_gap_tablet&quot;:{&quot;unit&quot;:&quot;px&quot;,&quot;size&quot;:&quot;&quot;,&quot;sizes&quot;:[]},&quot;column_gap_mobile&quot;:{&quot;unit&quot;:&quot;px&quot;,&quot;size&quot;:&quot;&quot;,&quot;sizes&quot;:[]}}\" data-widget_type=\"uael-image-gallery.default\">\n\t\t\t\t<div class=\"elementor-widget-container\">\n\t\t\t\t\t<div class=\"uael-gallery-parent uael-caption- uael-gallery-unjustified\"><div data-image_carousel=\"{&quot;slidesToShow&quot;:1,&quot;slidesToScroll&quot;:1,&quot;autoplaySpeed&quot;:5000,&quot;autoplay&quot;:false,&quot;infinite&quot;:false,&quot;pauseOnHover&quot;:true,&quot;speed&quot;:500,&quot;arrows&quot;:true,&quot;dots&quot;:true,&quot;rtl&quot;:false,&quot;responsive&quot;:[{&quot;breakpoint&quot;:1024,&quot;settings&quot;:{&quot;slidesToShow&quot;:3,&quot;slidesToScroll&quot;:1}},{&quot;breakpoint&quot;:767,&quot;settings&quot;:{&quot;slidesToShow&quot;:1,&quot;slidesToScroll&quot;:1}}]}\" class=\"uael-img-gallery-wrap uael-img-carousel-wrap uael-nav-both\" data-filter-default=\"All\"><div class=\"uael-grid-item  uael-img-gallery-item-1\"><div class=\"uael-grid-item-content\"><a class=\"uael-grid-img uael-grid-gallery-img uael-ins-hover elementor-clickable\" target=\"_blank\" rel=\"dofollow\" href=\"https:\/\/twobrotherscampervan.com\/wp-content\/uploads\/3.jpg\" data-elementor-open-lightbox=\"no\"><div class=\"uael-grid-img-thumbnail uael-ins-target\"><img decoding=\"async\" src=\"https:\/\/twobrotherscampervan.com\/wp-content\/uploads\/3.jpg\" title=\"3\" alt=\"3\" loading=\"lazy\" \/><\/div><div class=\"uael-grid-img-overlay\"><\/div><\/a><\/div><\/div><div class=\"uael-grid-item  uael-img-gallery-item-2\"><div class=\"uael-grid-item-content\"><a class=\"uael-grid-img uael-grid-gallery-img uael-ins-hover elementor-clickable\" target=\"_blank\" rel=\"dofollow\" href=\"https:\/\/twobrotherscampervan.com\/wp-content\/uploads\/TwoBrothersCampervan26-scaled.jpeg\" data-elementor-open-lightbox=\"no\"><div class=\"uael-grid-img-thumbnail uael-ins-target\"><img decoding=\"async\" src=\"https:\/\/twobrotherscampervan.com\/wp-content\/uploads\/TwoBrothersCampervan26-scaled.jpeg\" title=\"TwoBrothersCampervan26\" alt=\"TwoBrothersCampervan26\" loading=\"lazy\" \/><\/div><div class=\"uael-grid-img-overlay\"><\/div><\/a><\/div><\/div><div class=\"uael-grid-item  uael-img-gallery-item-3\"><div class=\"uael-grid-item-content\"><a class=\"uael-grid-img uael-grid-gallery-img uael-ins-hover elementor-clickable\" target=\"_blank\" rel=\"dofollow\" href=\"https:\/\/twobrotherscampervan.com\/wp-content\/uploads\/TwoBrothersCampervan58-scaled.jpeg\" data-elementor-open-lightbox=\"no\"><div class=\"uael-grid-img-thumbnail uael-ins-target\"><img decoding=\"async\" src=\"https:\/\/twobrotherscampervan.com\/wp-content\/uploads\/TwoBrothersCampervan58-scaled.jpeg\" title=\"TwoBrothersCampervan58\" alt=\"TwoBrothersCampervan58\" loading=\"lazy\" \/><\/div><div class=\"uael-grid-img-overlay\"><\/div><\/a><\/div><\/div><div class=\"uael-grid-item  uael-img-gallery-item-4\"><div class=\"uael-grid-item-content\"><a class=\"uael-grid-img uael-grid-gallery-img uael-ins-hover elementor-clickable\" target=\"_blank\" rel=\"dofollow\" href=\"https:\/\/twobrotherscampervan.com\/wp-content\/uploads\/IMG_2213.jpeg\" data-elementor-open-lightbox=\"no\"><div class=\"uael-grid-img-thumbnail uael-ins-target\"><img decoding=\"async\" src=\"https:\/\/twobrotherscampervan.com\/wp-content\/uploads\/IMG_2213.jpeg\" title=\"IMG_2213\" alt=\"IMG_2213\" loading=\"lazy\" \/><\/div><div class=\"uael-grid-img-overlay\"><\/div><\/a><\/div><\/div><div class=\"uael-grid-item  uael-img-gallery-item-5\"><div class=\"uael-grid-item-content\"><a class=\"uael-grid-img uael-grid-gallery-img uael-ins-hover elementor-clickable\" target=\"_blank\" rel=\"dofollow\" href=\"https:\/\/twobrotherscampervan.com\/wp-content\/uploads\/IMG_1056_VSCO.jpeg\" data-elementor-open-lightbox=\"no\"><div class=\"uael-grid-img-thumbnail uael-ins-target\"><img decoding=\"async\" src=\"https:\/\/twobrotherscampervan.com\/wp-content\/uploads\/IMG_1056_VSCO.jpeg\" title=\"Tramontana\" alt=\"Interior\" loading=\"lazy\" \/><\/div><div class=\"uael-grid-img-overlay\"><\/div><\/a><\/div><\/div><div class=\"uael-grid-item  uael-img-gallery-item-6\"><div class=\"uael-grid-item-content\"><a class=\"uael-grid-img uael-grid-gallery-img uael-ins-hover elementor-clickable\" target=\"_blank\" rel=\"dofollow\" href=\"https:\/\/twobrotherscampervan.com\/wp-content\/uploads\/IMG_2216_VSCO.jpeg\" data-elementor-open-lightbox=\"no\"><div class=\"uael-grid-img-thumbnail uael-ins-target\"><img decoding=\"async\" src=\"https:\/\/twobrotherscampervan.com\/wp-content\/uploads\/IMG_2216_VSCO.jpeg\" title=\"Tramontana\" alt=\"Interior\" loading=\"lazy\" \/><\/div><div class=\"uael-grid-img-overlay\"><\/div><\/a><\/div><\/div><div class=\"uael-grid-item  uael-img-gallery-item-7\"><div class=\"uael-grid-item-content\"><a class=\"uael-grid-img uael-grid-gallery-img uael-ins-hover elementor-clickable\" target=\"_blank\" rel=\"dofollow\" href=\"https:\/\/twobrotherscampervan.com\/wp-content\/uploads\/IMG_2225_VSCO.jpeg\" data-elementor-open-lightbox=\"no\"><div class=\"uael-grid-img-thumbnail uael-ins-target\"><img decoding=\"async\" src=\"https:\/\/twobrotherscampervan.com\/wp-content\/uploads\/IMG_2225_VSCO.jpeg\" title=\"Tramontana\" alt=\"Interior\" loading=\"lazy\" \/><\/div><div class=\"uael-grid-img-overlay\"><\/div><\/a><\/div><\/div><div class=\"uael-grid-item  uael-img-gallery-item-8\"><div class=\"uael-grid-item-content\"><a class=\"uael-grid-img uael-grid-gallery-img uael-ins-hover elementor-clickable\" target=\"_blank\" rel=\"dofollow\" href=\"https:\/\/twobrotherscampervan.com\/wp-content\/uploads\/IMG_2313_VSCO.jpeg\" data-elementor-open-lightbox=\"no\"><div class=\"uael-grid-img-thumbnail uael-ins-target\"><img decoding=\"async\" src=\"https:\/\/twobrotherscampervan.com\/wp-content\/uploads\/IMG_2313_VSCO.jpeg\" title=\"Tramontana\" alt=\"Interior\" loading=\"lazy\" \/><\/div><div class=\"uael-grid-img-overlay\"><\/div><\/a><\/div><\/div><div class=\"uael-grid-item  uael-img-gallery-item-9\"><div class=\"uael-grid-item-content\"><a class=\"uael-grid-img uael-grid-gallery-img uael-ins-hover elementor-clickable\" target=\"_blank\" rel=\"dofollow\" href=\"https:\/\/twobrotherscampervan.com\/wp-content\/uploads\/IMG_2309_VSCO.jpeg\" data-elementor-open-lightbox=\"no\"><div class=\"uael-grid-img-thumbnail uael-ins-target\"><img decoding=\"async\" src=\"https:\/\/twobrotherscampervan.com\/wp-content\/uploads\/IMG_2309_VSCO.jpeg\" title=\"Tramontana\" alt=\"Interior\" loading=\"lazy\" \/><\/div><div class=\"uael-grid-img-overlay\"><\/div><\/a><\/div><\/div><div class=\"uael-grid-item  uael-img-gallery-item-10\"><div class=\"uael-grid-item-content\"><a class=\"uael-grid-img uael-grid-gallery-img uael-ins-hover elementor-clickable\" target=\"_blank\" rel=\"dofollow\" href=\"https:\/\/twobrotherscampervan.com\/wp-content\/uploads\/IMG_1268_VSCO_VSCO.jpeg\" data-elementor-open-lightbox=\"no\"><div class=\"uael-grid-img-thumbnail uael-ins-target\"><img decoding=\"async\" src=\"https:\/\/twobrotherscampervan.com\/wp-content\/uploads\/IMG_1268_VSCO_VSCO.jpeg\" title=\"Tramontana\" alt=\"Interior\" loading=\"lazy\" \/><\/div><div class=\"uael-grid-img-overlay\"><\/div><\/a><\/div><\/div><\/div><\/div>\t\t\t\t<\/div>\n\t\t\t\t<\/div>\n\t\t\t\t\t<\/div>\n\t\t<\/div>\n\t\t\t\t\t<\/div>\n\t\t<\/section>\n\t\t\t\t<section class=\"elementor-section elementor-inner-section elementor-element elementor-element-2ed616c elementor-section-boxed elementor-section-height-default elementor-section-height-default\" data-id=\"2ed616c\" data-element_type=\"section\" data-e-type=\"section\">\n\t\t\t\t\t\t<div class=\"elementor-container elementor-column-gap-no\">\n\t\t\t\t\t<div class=\"elementor-column elementor-col-33 elementor-inner-column elementor-element elementor-element-f26c917\" data-id=\"f26c917\" data-element_type=\"column\" data-e-type=\"column\">\n\t\t\t<div class=\"elementor-widget-wrap elementor-element-populated\">\n\t\t\t\t\t\t<div class=\"elementor-element elementor-element-ac12f4e elementor-widget elementor-widget-heading\" data-id=\"ac12f4e\" data-element_type=\"widget\" data-e-type=\"widget\" data-widget_type=\"heading.default\">\n\t\t\t\t<div class=\"elementor-widget-container\">\n\t\t\t\t\t<h2 class=\"elementor-heading-title elementor-size-default\">02.<\/h2>\t\t\t\t<\/div>\n\t\t\t\t<\/div>\n\t\t\t\t\t<\/div>\n\t\t<\/div>\n\t\t\t\t<div class=\"elementor-column elementor-col-33 elementor-inner-column elementor-element elementor-element-221392f\" data-id=\"221392f\" data-element_type=\"column\" data-e-type=\"column\">\n\t\t\t<div class=\"elementor-widget-wrap elementor-element-populated\">\n\t\t\t\t\t\t<div class=\"elementor-element elementor-element-be22926 elementor-widget elementor-widget-heading\" data-id=\"be22926\" data-element_type=\"widget\" data-e-type=\"widget\" data-widget_type=\"heading.default\">\n\t\t\t\t<div class=\"elementor-widget-container\">\n\t\t\t\t\t<h3 class=\"elementor-heading-title elementor-size-default\">Sa Calobra<\/h3>\t\t\t\t<\/div>\n\t\t\t\t<\/div>\n\t\t\t\t<div class=\"elementor-element elementor-element-9c985c0 elementor-widget elementor-widget-text-editor\" data-id=\"9c985c0\" data-element_type=\"widget\" data-e-type=\"widget\" data-widget_type=\"text-editor.default\">\n\t\t\t\t<div class=\"elementor-widget-container\">\n\t\t\t\t\t\t\t\t\t<p>Un dise\u00f1o interior totalmente innovador, con espacios multifuncionales y soluciones creativas para maximizar el espacio disponible. Esta es nuestra camper con m\u00e1s espacio de almacenamiento disponible. \u00a1Y adem\u00e1s tiene un columpio!<\/p>\t\t\t\t\t\t\t\t<\/div>\n\t\t\t\t<\/div>\n\t\t\t\t<div class=\"elementor-element elementor-element-eb06739 elementor-icon-list--layout-traditional elementor-list-item-link-full_width elementor-widget elementor-widget-icon-list\" data-id=\"eb06739\" data-element_type=\"widget\" data-e-type=\"widget\" data-widget_type=\"icon-list.default\">\n\t\t\t\t<div class=\"elementor-widget-container\">\n\t\t\t\t\t\t\t<ul class=\"elementor-icon-list-items\">\n\t\t\t\t\t\t\t<li class=\"elementor-icon-list-item\">\n\t\t\t\t\t\t\t\t\t\t\t<span class=\"elementor-icon-list-icon\">\n\t\t\t\t\t\t\t<i aria-hidden=\"true\" class=\"fas fa-caret-right\"><\/i>\t\t\t\t\t\t<\/span>\n\t\t\t\t\t\t\t\t\t\t<span class=\"elementor-icon-list-text\">Modelo: Volkswagen Crafter 2.5<\/span>\n\t\t\t\t\t\t\t\t\t<\/li>\n\t\t\t\t\t\t\t\t<li class=\"elementor-icon-list-item\">\n\t\t\t\t\t\t\t\t\t\t\t<span class=\"elementor-icon-list-icon\">\n\t\t\t\t\t\t\t<i aria-hidden=\"true\" class=\"fas fa-caret-right\"><\/i>\t\t\t\t\t\t<\/span>\n\t\t\t\t\t\t\t\t\t\t<span class=\"elementor-icon-list-text\">Cama de 175x190cm<\/span>\n\t\t\t\t\t\t\t\t\t<\/li>\n\t\t\t\t\t\t\t\t<li class=\"elementor-icon-list-item\">\n\t\t\t\t\t\t\t\t\t\t\t<span class=\"elementor-icon-list-icon\">\n\t\t\t\t\t\t\t<i aria-hidden=\"true\" class=\"fas fa-caret-right\"><\/i>\t\t\t\t\t\t<\/span>\n\t\t\t\t\t\t\t\t\t\t<span class=\"elementor-icon-list-text\">Ducha interior y exterior<\/span>\n\t\t\t\t\t\t\t\t\t<\/li>\n\t\t\t\t\t\t<\/ul>\n\t\t\t\t\t\t<\/div>\n\t\t\t\t<\/div>\n\t\t\t\t<div class=\"elementor-element elementor-element-9221fdc elementor-mobile-align-center elementor-widget elementor-widget-button\" data-id=\"9221fdc\" data-element_type=\"widget\" data-e-type=\"widget\" data-widget_type=\"button.default\">\n\t\t\t\t<div class=\"elementor-widget-container\">\n\t\t\t\t\t\t\t\t\t<div class=\"elementor-button-wrapper\">\n\t\t\t\t\t<a class=\"elementor-button elementor-button-link elementor-size-sm\" href=\"https:\/\/twobrotherscampervan.com\/camper-sacalobra\">\n\t\t\t\t\t\t<span class=\"elementor-button-content-wrapper\">\n\t\t\t\t\t\t\t\t\t<span class=\"elementor-button-text\">Ver m\u00e1s<\/span>\n\t\t\t\t\t<\/span>\n\t\t\t\t\t<\/a>\n\t\t\t\t<\/div>\n\t\t\t\t\t\t\t\t<\/div>\n\t\t\t\t<\/div>\n\t\t\t\t\t<\/div>\n\t\t<\/div>\n\t\t\t\t<div class=\"elementor-column elementor-col-33 elementor-inner-column elementor-element elementor-element-aa96b3a\" data-id=\"aa96b3a\" data-element_type=\"column\" data-e-type=\"column\">\n\t\t\t<div class=\"elementor-widget-wrap elementor-element-populated\">\n\t\t\t\t\t\t<div class=\"elementor-element elementor-element-9ea1f48 uael-ins-normal uael-img-carousel-arrow-outside elementor-widget elementor-widget-uael-image-gallery\" data-id=\"9ea1f48\" data-element_type=\"widget\" data-e-type=\"widget\" data-settings=\"{&quot;slides_to_show&quot;:1,&quot;slides_to_show_mobile&quot;:1,&quot;slides_to_show_tablet&quot;:3,&quot;slides_to_scroll&quot;:1,&quot;slides_to_scroll_tablet&quot;:1,&quot;slides_to_scroll_mobile&quot;:1,&quot;column_gap&quot;:{&quot;unit&quot;:&quot;px&quot;,&quot;size&quot;:20,&quot;sizes&quot;:[]},&quot;column_gap_tablet&quot;:{&quot;unit&quot;:&quot;px&quot;,&quot;size&quot;:&quot;&quot;,&quot;sizes&quot;:[]},&quot;column_gap_mobile&quot;:{&quot;unit&quot;:&quot;px&quot;,&quot;size&quot;:&quot;&quot;,&quot;sizes&quot;:[]}}\" data-widget_type=\"uael-image-gallery.default\">\n\t\t\t\t<div class=\"elementor-widget-container\">\n\t\t\t\t\t<div class=\"uael-gallery-parent uael-caption- uael-gallery-unjustified\"><div data-image_carousel=\"{&quot;slidesToShow&quot;:1,&quot;slidesToScroll&quot;:1,&quot;autoplaySpeed&quot;:5000,&quot;autoplay&quot;:false,&quot;infinite&quot;:false,&quot;pauseOnHover&quot;:true,&quot;speed&quot;:500,&quot;arrows&quot;:true,&quot;dots&quot;:true,&quot;rtl&quot;:false,&quot;responsive&quot;:[{&quot;breakpoint&quot;:1024,&quot;settings&quot;:{&quot;slidesToShow&quot;:3,&quot;slidesToScroll&quot;:1}},{&quot;breakpoint&quot;:767,&quot;settings&quot;:{&quot;slidesToShow&quot;:1,&quot;slidesToScroll&quot;:1}}]}\" class=\"uael-img-gallery-wrap uael-img-carousel-wrap uael-nav-both\" data-filter-default=\"All\"><div class=\"uael-grid-item  uael-img-gallery-item-1\"><div class=\"uael-grid-item-content\"><a class=\"uael-grid-img uael-grid-gallery-img uael-ins-hover elementor-clickable\" target=\"_blank\" rel=\"dofollow\" href=\"https:\/\/twobrotherscampervan.com\/wp-content\/uploads\/IMG_5376.webp\" data-elementor-open-lightbox=\"no\"><div class=\"uael-grid-img-thumbnail uael-ins-target\"><img decoding=\"async\" src=\"https:\/\/twobrotherscampervan.com\/wp-content\/uploads\/IMG_5376.webp\" title=\"IMG_5376\" alt=\"IMG_5376\" loading=\"lazy\" \/><\/div><div class=\"uael-grid-img-overlay\"><\/div><\/a><\/div><\/div><div class=\"uael-grid-item  uael-img-gallery-item-2\"><div class=\"uael-grid-item-content\"><a class=\"uael-grid-img uael-grid-gallery-img uael-ins-hover elementor-clickable\" target=\"_blank\" rel=\"dofollow\" href=\"https:\/\/twobrotherscampervan.com\/wp-content\/uploads\/image00027_VSCO.jpeg\" data-elementor-open-lightbox=\"no\"><div class=\"uael-grid-img-thumbnail uael-ins-target\"><img decoding=\"async\" src=\"https:\/\/twobrotherscampervan.com\/wp-content\/uploads\/image00027_VSCO.jpeg\" title=\"Sa calobra\" alt=\"Interior\" loading=\"lazy\" \/><\/div><div class=\"uael-grid-img-overlay\"><\/div><\/a><\/div><\/div><div class=\"uael-grid-item  uael-img-gallery-item-3\"><div class=\"uael-grid-item-content\"><a class=\"uael-grid-img uael-grid-gallery-img uael-ins-hover elementor-clickable\" target=\"_blank\" rel=\"dofollow\" href=\"https:\/\/twobrotherscampervan.com\/wp-content\/uploads\/DD306D55-E6E9-411A-9D32-EC035C610319.jpeg\" data-elementor-open-lightbox=\"no\"><div class=\"uael-grid-img-thumbnail uael-ins-target\"><img decoding=\"async\" src=\"https:\/\/twobrotherscampervan.com\/wp-content\/uploads\/DD306D55-E6E9-411A-9D32-EC035C610319.jpeg\" title=\"DD306D55-E6E9-411A-9D32-EC035C610319\" alt=\"DD306D55-E6E9-411A-9D32-EC035C610319\" loading=\"lazy\" \/><\/div><div class=\"uael-grid-img-overlay\"><\/div><\/a><\/div><\/div><div class=\"uael-grid-item  uael-img-gallery-item-4\"><div class=\"uael-grid-item-content\"><a class=\"uael-grid-img uael-grid-gallery-img uael-ins-hover elementor-clickable\" target=\"_blank\" rel=\"dofollow\" href=\"https:\/\/twobrotherscampervan.com\/wp-content\/uploads\/4C000CEA-1881-431A-899A-A790CB21CCA4.jpeg\" data-elementor-open-lightbox=\"no\"><div class=\"uael-grid-img-thumbnail uael-ins-target\"><img decoding=\"async\" src=\"https:\/\/twobrotherscampervan.com\/wp-content\/uploads\/4C000CEA-1881-431A-899A-A790CB21CCA4.jpeg\" title=\"4C000CEA-1881-431A-899A-A790CB21CCA4\" alt=\"4C000CEA-1881-431A-899A-A790CB21CCA4\" loading=\"lazy\" \/><\/div><div class=\"uael-grid-img-overlay\"><\/div><\/a><\/div><\/div><div class=\"uael-grid-item  uael-img-gallery-item-5\"><div class=\"uael-grid-item-content\"><a class=\"uael-grid-img uael-grid-gallery-img uael-ins-hover elementor-clickable\" target=\"_blank\" rel=\"dofollow\" href=\"https:\/\/twobrotherscampervan.com\/wp-content\/uploads\/IMG_8451_VSCO.jpeg\" data-elementor-open-lightbox=\"no\"><div class=\"uael-grid-img-thumbnail uael-ins-target\"><img decoding=\"async\" src=\"https:\/\/twobrotherscampervan.com\/wp-content\/uploads\/IMG_8451_VSCO.jpeg\" title=\"Sa calobra\" alt=\"Interior\" loading=\"lazy\" \/><\/div><div class=\"uael-grid-img-overlay\"><\/div><\/a><\/div><\/div><div class=\"uael-grid-item  uael-img-gallery-item-6\"><div class=\"uael-grid-item-content\"><a class=\"uael-grid-img uael-grid-gallery-img uael-ins-hover elementor-clickable\" target=\"_blank\" rel=\"dofollow\" href=\"https:\/\/twobrotherscampervan.com\/wp-content\/uploads\/IMG_8380.jpeg\" data-elementor-open-lightbox=\"no\"><div class=\"uael-grid-img-thumbnail uael-ins-target\"><img decoding=\"async\" src=\"https:\/\/twobrotherscampervan.com\/wp-content\/uploads\/IMG_8380.jpeg\" title=\"IMG_8380\" alt=\"IMG_8380\" loading=\"lazy\" \/><\/div><div class=\"uael-grid-img-overlay\"><\/div><\/a><\/div><\/div><div class=\"uael-grid-item  uael-img-gallery-item-7\"><div class=\"uael-grid-item-content\"><a class=\"uael-grid-img uael-grid-gallery-img uael-ins-hover elementor-clickable\" target=\"_blank\" rel=\"dofollow\" href=\"https:\/\/twobrotherscampervan.com\/wp-content\/uploads\/D752E7AB-0249-46E5-B925-06D785B11D71_VSCO.jpeg\" data-elementor-open-lightbox=\"no\"><div class=\"uael-grid-img-thumbnail uael-ins-target\"><img decoding=\"async\" src=\"https:\/\/twobrotherscampervan.com\/wp-content\/uploads\/D752E7AB-0249-46E5-B925-06D785B11D71_VSCO.jpeg\" title=\"Sa calobra\" alt=\"Interior\" loading=\"lazy\" \/><\/div><div class=\"uael-grid-img-overlay\"><\/div><\/a><\/div><\/div><div class=\"uael-grid-item  uael-img-gallery-item-8\"><div class=\"uael-grid-item-content\"><a class=\"uael-grid-img uael-grid-gallery-img uael-ins-hover elementor-clickable\" target=\"_blank\" rel=\"dofollow\" href=\"https:\/\/twobrotherscampervan.com\/wp-content\/uploads\/image00005.jpeg\" data-elementor-open-lightbox=\"no\"><div class=\"uael-grid-img-thumbnail uael-ins-target\"><img decoding=\"async\" src=\"https:\/\/twobrotherscampervan.com\/wp-content\/uploads\/image00005.jpeg\" title=\"image00005\" alt=\"image00005\" loading=\"lazy\" \/><\/div><div class=\"uael-grid-img-overlay\"><\/div><\/a><\/div><\/div><div class=\"uael-grid-item  uael-img-gallery-item-9\"><div class=\"uael-grid-item-content\"><a class=\"uael-grid-img uael-grid-gallery-img uael-ins-hover elementor-clickable\" target=\"_blank\" rel=\"dofollow\" href=\"https:\/\/twobrotherscampervan.com\/wp-content\/uploads\/C25062DB-2F60-4AC7-B1F1-814436BA8433.jpeg\" data-elementor-open-lightbox=\"no\"><div class=\"uael-grid-img-thumbnail uael-ins-target\"><img decoding=\"async\" src=\"https:\/\/twobrotherscampervan.com\/wp-content\/uploads\/C25062DB-2F60-4AC7-B1F1-814436BA8433.jpeg\" title=\"C25062DB-2F60-4AC7-B1F1-814436BA8433\" alt=\"C25062DB-2F60-4AC7-B1F1-814436BA8433\" loading=\"lazy\" \/><\/div><div class=\"uael-grid-img-overlay\"><\/div><\/a><\/div><\/div><div class=\"uael-grid-item  uael-img-gallery-item-10\"><div class=\"uael-grid-item-content\"><a class=\"uael-grid-img uael-grid-gallery-img uael-ins-hover elementor-clickable\" target=\"_blank\" rel=\"dofollow\" href=\"https:\/\/twobrotherscampervan.com\/wp-content\/uploads\/IMG_8418_VSCO.jpeg\" data-elementor-open-lightbox=\"no\"><div class=\"uael-grid-img-thumbnail uael-ins-target\"><img decoding=\"async\" src=\"https:\/\/twobrotherscampervan.com\/wp-content\/uploads\/IMG_8418_VSCO.jpeg\" title=\"Sa calobra\" alt=\"Interior\" loading=\"lazy\" \/><\/div><div class=\"uael-grid-img-overlay\"><\/div><\/a><\/div><\/div><\/div><\/div>\t\t\t\t<\/div>\n\t\t\t\t<\/div>\n\t\t\t\t\t<\/div>\n\t\t<\/div>\n\t\t\t\t\t<\/div>\n\t\t<\/section>\n\t\t\t\t<section class=\"elementor-section elementor-inner-section elementor-element elementor-element-e16ede8 elementor-section-boxed elementor-section-height-default elementor-section-height-default\" data-id=\"e16ede8\" data-element_type=\"section\" data-e-type=\"section\">\n\t\t\t\t\t\t<div class=\"elementor-container elementor-column-gap-no\">\n\t\t\t\t\t<div class=\"elementor-column elementor-col-33 elementor-inner-column elementor-element elementor-element-26b7ff4\" data-id=\"26b7ff4\" data-element_type=\"column\" data-e-type=\"column\">\n\t\t\t<div class=\"elementor-widget-wrap elementor-element-populated\">\n\t\t\t\t\t\t<div class=\"elementor-element elementor-element-662aab4 elementor-widget elementor-widget-heading\" data-id=\"662aab4\" data-element_type=\"widget\" data-e-type=\"widget\" data-widget_type=\"heading.default\">\n\t\t\t\t<div class=\"elementor-widget-container\">\n\t\t\t\t\t<h2 class=\"elementor-heading-title elementor-size-default\">03.<\/h2>\t\t\t\t<\/div>\n\t\t\t\t<\/div>\n\t\t\t\t\t<\/div>\n\t\t<\/div>\n\t\t\t\t<div class=\"elementor-column elementor-col-33 elementor-inner-column elementor-element elementor-element-a875c1d\" data-id=\"a875c1d\" data-element_type=\"column\" data-e-type=\"column\">\n\t\t\t<div class=\"elementor-widget-wrap elementor-element-populated\">\n\t\t\t\t\t\t<div class=\"elementor-element elementor-element-9e24cca elementor-widget elementor-widget-heading\" data-id=\"9e24cca\" data-element_type=\"widget\" data-e-type=\"widget\" data-widget_type=\"heading.default\">\n\t\t\t\t<div class=\"elementor-widget-container\">\n\t\t\t\t\t<h3 class=\"elementor-heading-title elementor-size-default\">Formentera<\/h3>\t\t\t\t<\/div>\n\t\t\t\t<\/div>\n\t\t\t\t<div class=\"elementor-element elementor-element-5efaa4d elementor-widget elementor-widget-text-editor\" data-id=\"5efaa4d\" data-element_type=\"widget\" data-e-type=\"widget\" data-widget_type=\"text-editor.default\">\n\t\t\t\t<div class=\"elementor-widget-container\">\n\t\t\t\t\t\t\t\t\t<div class=\"elementor-element elementor-element-542e6efd elementor-widget elementor-widget-text-editor\" data-id=\"542e6efd\" data-element_type=\"widget\" data-widget_type=\"text-editor.default\"><div class=\"elementor-widget-container\"><p><span data-sheets-value=\"{&quot;1&quot;:2,&quot;2&quot;:&quot;Nuestra camper Formentera, una Volkswagen T4 es un cl\u00e1sico entre las furgonetas camper y ha sido un favorito de los entusiastas de los viajes y las aventuras al aire libre durante muchos a\u00f1os. \\n\\nSu tama\u00f1o compacto la hace manejable y f\u00e1cil de conducir. Adem\u00e1s ofrece un espacio c\u00f3modo y funcional para tus aventuras en carretera.\\n\\n\u00a1Prep\u00e1rate para explorar y disfrutar de la libertad en tu Volkswagen T4 camper!&quot;}\" data-sheets-userformat=\"{&quot;2&quot;:897,&quot;3&quot;:{&quot;1&quot;:0},&quot;10&quot;:0,&quot;11&quot;:4,&quot;12&quot;:0}\">La camper \u2018Formentera\u2019 es la \u00faltima adquisici\u00f3n de nuestra flota y es la favorita de los amantes del surf, los viajes y las aventuras por carretera<\/span>. Ofrece un espacio c\u00f3modo con una cama doble, un sof\u00e1, mesa\u00a0de trabajo y ducha interior. Adem\u00e1s, azotea en la parte superior para ver las puestas de sol.<\/p><\/div><\/div><div class=\"elementor-element elementor-element-52a52956 elementor-widget elementor-widget-button\" data-id=\"52a52956\" data-element_type=\"widget\" data-widget_type=\"button.default\"><div class=\"elementor-widget-container\"><div class=\"elementor-button-wrapper\">\u00a0<\/div><\/div><\/div>\t\t\t\t\t\t\t\t<\/div>\n\t\t\t\t<\/div>\n\t\t\t\t<div class=\"elementor-element elementor-element-661bad4 elementor-icon-list--layout-traditional elementor-list-item-link-full_width elementor-widget elementor-widget-icon-list\" data-id=\"661bad4\" data-element_type=\"widget\" data-e-type=\"widget\" data-widget_type=\"icon-list.default\">\n\t\t\t\t<div class=\"elementor-widget-container\">\n\t\t\t\t\t\t\t<ul class=\"elementor-icon-list-items\">\n\t\t\t\t\t\t\t<li class=\"elementor-icon-list-item\">\n\t\t\t\t\t\t\t\t\t\t\t<span class=\"elementor-icon-list-icon\">\n\t\t\t\t\t\t\t<i aria-hidden=\"true\" class=\"fas fa-caret-right\"><\/i>\t\t\t\t\t\t<\/span>\n\t\t\t\t\t\t\t\t\t\t<span class=\"elementor-icon-list-text\">Citroen Jumper<\/span>\n\t\t\t\t\t\t\t\t\t<\/li>\n\t\t\t\t\t\t\t\t<li class=\"elementor-icon-list-item\">\n\t\t\t\t\t\t\t\t\t\t\t<span class=\"elementor-icon-list-icon\">\n\t\t\t\t\t\t\t<i aria-hidden=\"true\" class=\"fas fa-caret-right\"><\/i>\t\t\t\t\t\t<\/span>\n\t\t\t\t\t\t\t\t\t\t<span class=\"elementor-icon-list-text\">Cama doble y cama individual<\/span>\n\t\t\t\t\t\t\t\t\t<\/li>\n\t\t\t\t\t\t\t\t<li class=\"elementor-icon-list-item\">\n\t\t\t\t\t\t\t\t\t\t\t<span class=\"elementor-icon-list-icon\">\n\t\t\t\t\t\t\t<i aria-hidden=\"true\" class=\"fas fa-caret-right\"><\/i>\t\t\t\t\t\t<\/span>\n\t\t\t\t\t\t\t\t\t\t<span class=\"elementor-icon-list-text\">Ducha interior y exterior<\/span>\n\t\t\t\t\t\t\t\t\t<\/li>\n\t\t\t\t\t\t<\/ul>\n\t\t\t\t\t\t<\/div>\n\t\t\t\t<\/div>\n\t\t\t\t<div class=\"elementor-element elementor-element-59270ac elementor-mobile-align-center elementor-widget elementor-widget-button\" data-id=\"59270ac\" data-element_type=\"widget\" data-e-type=\"widget\" data-widget_type=\"button.default\">\n\t\t\t\t<div class=\"elementor-widget-container\">\n\t\t\t\t\t\t\t\t\t<div class=\"elementor-button-wrapper\">\n\t\t\t\t\t<a class=\"elementor-button elementor-button-link elementor-size-sm\" href=\"https:\/\/twobrotherscampervan.com\/camper-formentera\">\n\t\t\t\t\t\t<span class=\"elementor-button-content-wrapper\">\n\t\t\t\t\t\t\t\t\t<span class=\"elementor-button-text\">Ver m\u00e1s<\/span>\n\t\t\t\t\t<\/span>\n\t\t\t\t\t<\/a>\n\t\t\t\t<\/div>\n\t\t\t\t\t\t\t\t<\/div>\n\t\t\t\t<\/div>\n\t\t\t\t\t<\/div>\n\t\t<\/div>\n\t\t\t\t<div class=\"elementor-column elementor-col-33 elementor-inner-column elementor-element elementor-element-6b3d22a\" data-id=\"6b3d22a\" data-element_type=\"column\" data-e-type=\"column\">\n\t\t\t<div class=\"elementor-widget-wrap elementor-element-populated\">\n\t\t\t\t\t\t<div class=\"elementor-element elementor-element-e18f0fa uael-ins-normal uael-img-carousel-arrow-outside elementor-widget elementor-widget-uael-image-gallery\" data-id=\"e18f0fa\" data-element_type=\"widget\" data-e-type=\"widget\" data-settings=\"{&quot;slides_to_show&quot;:1,&quot;slides_to_show_mobile&quot;:1,&quot;slides_to_show_tablet&quot;:3,&quot;slides_to_scroll&quot;:1,&quot;slides_to_scroll_tablet&quot;:1,&quot;slides_to_scroll_mobile&quot;:1,&quot;column_gap&quot;:{&quot;unit&quot;:&quot;px&quot;,&quot;size&quot;:20,&quot;sizes&quot;:[]},&quot;column_gap_tablet&quot;:{&quot;unit&quot;:&quot;px&quot;,&quot;size&quot;:&quot;&quot;,&quot;sizes&quot;:[]},&quot;column_gap_mobile&quot;:{&quot;unit&quot;:&quot;px&quot;,&quot;size&quot;:&quot;&quot;,&quot;sizes&quot;:[]}}\" data-widget_type=\"uael-image-gallery.default\">\n\t\t\t\t<div class=\"elementor-widget-container\">\n\t\t\t\t\t<div class=\"uael-gallery-parent uael-caption- uael-gallery-unjustified\"><div data-image_carousel=\"{&quot;slidesToShow&quot;:1,&quot;slidesToScroll&quot;:1,&quot;autoplaySpeed&quot;:5000,&quot;autoplay&quot;:false,&quot;infinite&quot;:false,&quot;pauseOnHover&quot;:true,&quot;speed&quot;:500,&quot;arrows&quot;:true,&quot;dots&quot;:true,&quot;rtl&quot;:false,&quot;responsive&quot;:[{&quot;breakpoint&quot;:1024,&quot;settings&quot;:{&quot;slidesToShow&quot;:3,&quot;slidesToScroll&quot;:1}},{&quot;breakpoint&quot;:767,&quot;settings&quot;:{&quot;slidesToShow&quot;:1,&quot;slidesToScroll&quot;:1}}]}\" class=\"uael-img-gallery-wrap uael-img-carousel-wrap uael-nav-both\" data-filter-default=\"All\"><div class=\"uael-grid-item  uael-img-gallery-item-1\"><div class=\"uael-grid-item-content\"><a class=\"uael-grid-img uael-grid-gallery-img uael-ins-hover elementor-clickable\" target=\"_blank\" rel=\"dofollow\" href=\"https:\/\/twobrotherscampervan.com\/wp-content\/uploads\/3596CB9A-D4D8-4683-89C0-721EC966743F.jpeg\" data-elementor-open-lightbox=\"no\"><div class=\"uael-grid-img-thumbnail uael-ins-target\"><img decoding=\"async\" src=\"https:\/\/twobrotherscampervan.com\/wp-content\/uploads\/3596CB9A-D4D8-4683-89C0-721EC966743F.jpeg\" title=\"Formentera\" alt=\"Wide\" loading=\"lazy\" \/><\/div><div class=\"uael-grid-img-overlay\"><\/div><\/a><\/div><\/div><div class=\"uael-grid-item  uael-img-gallery-item-2\"><div class=\"uael-grid-item-content\"><a class=\"uael-grid-img uael-grid-gallery-img uael-ins-hover elementor-clickable\" target=\"_blank\" rel=\"dofollow\" href=\"https:\/\/twobrotherscampervan.com\/wp-content\/uploads\/FORMENTERA-1.jpg\" data-elementor-open-lightbox=\"no\"><div class=\"uael-grid-img-thumbnail uael-ins-target\"><img decoding=\"async\" src=\"https:\/\/twobrotherscampervan.com\/wp-content\/uploads\/FORMENTERA-1.jpg\" title=\"FORMENTERA (1)\" alt=\"FORMENTERA (1)\" loading=\"lazy\" \/><\/div><div class=\"uael-grid-img-overlay\"><\/div><\/a><\/div><\/div><div class=\"uael-grid-item  uael-img-gallery-item-3\"><div class=\"uael-grid-item-content\"><a class=\"uael-grid-img uael-grid-gallery-img uael-ins-hover elementor-clickable\" target=\"_blank\" rel=\"dofollow\" href=\"https:\/\/twobrotherscampervan.com\/wp-content\/uploads\/FORMENTERA-2.jpg\" data-elementor-open-lightbox=\"no\"><div class=\"uael-grid-img-thumbnail uael-ins-target\"><img decoding=\"async\" src=\"https:\/\/twobrotherscampervan.com\/wp-content\/uploads\/FORMENTERA-2.jpg\" title=\"FORMENTERA (2)\" alt=\"FORMENTERA (2)\" loading=\"lazy\" \/><\/div><div class=\"uael-grid-img-overlay\"><\/div><\/a><\/div><\/div><div class=\"uael-grid-item  uael-img-gallery-item-4\"><div class=\"uael-grid-item-content\"><a class=\"uael-grid-img uael-grid-gallery-img uael-ins-hover elementor-clickable\" target=\"_blank\" rel=\"dofollow\" href=\"https:\/\/twobrotherscampervan.com\/wp-content\/uploads\/FORMENTERA-3.jpg\" data-elementor-open-lightbox=\"no\"><div class=\"uael-grid-img-thumbnail uael-ins-target\"><img decoding=\"async\" src=\"https:\/\/twobrotherscampervan.com\/wp-content\/uploads\/FORMENTERA-3.jpg\" title=\"FORMENTERA (3)\" alt=\"FORMENTERA (3)\" loading=\"lazy\" \/><\/div><div class=\"uael-grid-img-overlay\"><\/div><\/a><\/div><\/div><div class=\"uael-grid-item  uael-img-gallery-item-5\"><div class=\"uael-grid-item-content\"><a class=\"uael-grid-img uael-grid-gallery-img uael-ins-hover elementor-clickable\" target=\"_blank\" rel=\"dofollow\" href=\"https:\/\/twobrotherscampervan.com\/wp-content\/uploads\/FORMENTERA-4.jpg\" data-elementor-open-lightbox=\"no\"><div class=\"uael-grid-img-thumbnail uael-ins-target\"><img decoding=\"async\" src=\"https:\/\/twobrotherscampervan.com\/wp-content\/uploads\/FORMENTERA-4.jpg\" title=\"FORMENTERA (4)\" alt=\"FORMENTERA (4)\" loading=\"lazy\" \/><\/div><div class=\"uael-grid-img-overlay\"><\/div><\/a><\/div><\/div><div class=\"uael-grid-item  uael-img-gallery-item-6\"><div class=\"uael-grid-item-content\"><a class=\"uael-grid-img uael-grid-gallery-img uael-ins-hover elementor-clickable\" target=\"_blank\" rel=\"dofollow\" href=\"https:\/\/twobrotherscampervan.com\/wp-content\/uploads\/FORMENTERA-1.png\" data-elementor-open-lightbox=\"no\"><div class=\"uael-grid-img-thumbnail uael-ins-target\"><img decoding=\"async\" src=\"https:\/\/twobrotherscampervan.com\/wp-content\/uploads\/FORMENTERA-1.png\" title=\"FORMENTERA (1)\" alt=\"FORMENTERA (1)\" loading=\"lazy\" \/><\/div><div class=\"uael-grid-img-overlay\"><\/div><\/a><\/div><\/div><div class=\"uael-grid-item  uael-img-gallery-item-7\"><div class=\"uael-grid-item-content\"><a class=\"uael-grid-img uael-grid-gallery-img uael-ins-hover elementor-clickable\" target=\"_blank\" rel=\"dofollow\" href=\"https:\/\/twobrotherscampervan.com\/wp-content\/uploads\/FORMENTERA-5.jpg\" data-elementor-open-lightbox=\"no\"><div class=\"uael-grid-img-thumbnail uael-ins-target\"><img decoding=\"async\" src=\"https:\/\/twobrotherscampervan.com\/wp-content\/uploads\/FORMENTERA-5.jpg\" title=\"FORMENTERA (5)\" alt=\"FORMENTERA (5)\" loading=\"lazy\" \/><\/div><div class=\"uael-grid-img-overlay\"><\/div><\/a><\/div><\/div><div class=\"uael-grid-item  uael-img-gallery-item-8\"><div class=\"uael-grid-item-content\"><a class=\"uael-grid-img uael-grid-gallery-img uael-ins-hover elementor-clickable\" target=\"_blank\" rel=\"dofollow\" href=\"https:\/\/twobrotherscampervan.com\/wp-content\/uploads\/PHOTO-2025-06-07-18-54-13-5.jpg\" data-elementor-open-lightbox=\"no\"><div class=\"uael-grid-img-thumbnail uael-ins-target\"><img decoding=\"async\" src=\"https:\/\/twobrotherscampervan.com\/wp-content\/uploads\/PHOTO-2025-06-07-18-54-13-5.jpg\" title=\"PHOTO-2025-06-07-18-54-13 5\" alt=\"PHOTO-2025-06-07-18-54-13 5\" loading=\"lazy\" \/><\/div><div class=\"uael-grid-img-overlay\"><\/div><\/a><\/div><\/div><div class=\"uael-grid-item  uael-img-gallery-item-9\"><div class=\"uael-grid-item-content\"><a class=\"uael-grid-img uael-grid-gallery-img uael-ins-hover elementor-clickable\" target=\"_blank\" rel=\"dofollow\" href=\"https:\/\/twobrotherscampervan.com\/wp-content\/uploads\/PHOTO-2025-06-07-18-54-13-3.jpg\" data-elementor-open-lightbox=\"no\"><div class=\"uael-grid-img-thumbnail uael-ins-target\"><img decoding=\"async\" src=\"https:\/\/twobrotherscampervan.com\/wp-content\/uploads\/PHOTO-2025-06-07-18-54-13-3.jpg\" title=\"PHOTO-2025-06-07-18-54-13 3\" alt=\"PHOTO-2025-06-07-18-54-13 3\" loading=\"lazy\" \/><\/div><div class=\"uael-grid-img-overlay\"><\/div><\/a><\/div><\/div><div class=\"uael-grid-item  uael-img-gallery-item-10\"><div class=\"uael-grid-item-content\"><a class=\"uael-grid-img uael-grid-gallery-img uael-ins-hover elementor-clickable\" target=\"_blank\" rel=\"dofollow\" href=\"https:\/\/twobrotherscampervan.com\/wp-content\/uploads\/PHOTO-2025-06-07-18-54-13-4.jpg\" data-elementor-open-lightbox=\"no\"><div class=\"uael-grid-img-thumbnail uael-ins-target\"><img decoding=\"async\" src=\"https:\/\/twobrotherscampervan.com\/wp-content\/uploads\/PHOTO-2025-06-07-18-54-13-4.jpg\" title=\"PHOTO-2025-06-07-18-54-13 4\" alt=\"PHOTO-2025-06-07-18-54-13 4\" loading=\"lazy\" \/><\/div><div class=\"uael-grid-img-overlay\"><\/div><\/a><\/div><\/div><div class=\"uael-grid-item  uael-img-gallery-item-11\"><div class=\"uael-grid-item-content\"><a class=\"uael-grid-img uael-grid-gallery-img uael-ins-hover elementor-clickable\" target=\"_blank\" rel=\"dofollow\" href=\"https:\/\/twobrotherscampervan.com\/wp-content\/uploads\/PHOTO-2025-06-07-18-54-13.jpg\" data-elementor-open-lightbox=\"no\"><div class=\"uael-grid-img-thumbnail uael-ins-target\"><img decoding=\"async\" src=\"https:\/\/twobrotherscampervan.com\/wp-content\/uploads\/PHOTO-2025-06-07-18-54-13.jpg\" title=\"PHOTO-2025-06-07-18-54-13\" alt=\"PHOTO-2025-06-07-18-54-13\" loading=\"lazy\" \/><\/div><div class=\"uael-grid-img-overlay\"><\/div><\/a><\/div><\/div><div class=\"uael-grid-item  uael-img-gallery-item-12\"><div class=\"uael-grid-item-content\"><a class=\"uael-grid-img uael-grid-gallery-img uael-ins-hover elementor-clickable\" target=\"_blank\" rel=\"dofollow\" href=\"https:\/\/twobrotherscampervan.com\/wp-content\/uploads\/PHOTO-2025-06-07-18-54-13-2.jpg\" data-elementor-open-lightbox=\"no\"><div class=\"uael-grid-img-thumbnail uael-ins-target\"><img decoding=\"async\" src=\"https:\/\/twobrotherscampervan.com\/wp-content\/uploads\/PHOTO-2025-06-07-18-54-13-2.jpg\" title=\"PHOTO-2025-06-07-18-54-13 2\" alt=\"PHOTO-2025-06-07-18-54-13 2\" loading=\"lazy\" \/><\/div><div class=\"uael-grid-img-overlay\"><\/div><\/a><\/div><\/div><div class=\"uael-grid-item  uael-img-gallery-item-13\"><div class=\"uael-grid-item-content\"><a class=\"uael-grid-img uael-grid-gallery-img uael-ins-hover elementor-clickable\" target=\"_blank\" rel=\"dofollow\" href=\"https:\/\/twobrotherscampervan.com\/wp-content\/uploads\/PHOTO-2025-06-07-18-54-12.jpg\" data-elementor-open-lightbox=\"no\"><div class=\"uael-grid-img-thumbnail uael-ins-target\"><img decoding=\"async\" src=\"https:\/\/twobrotherscampervan.com\/wp-content\/uploads\/PHOTO-2025-06-07-18-54-12.jpg\" title=\"PHOTO-2025-06-07-18-54-12\" alt=\"PHOTO-2025-06-07-18-54-12\" loading=\"lazy\" \/><\/div><div class=\"uael-grid-img-overlay\"><\/div><\/a><\/div><\/div><\/div><\/div>\t\t\t\t<\/div>\n\t\t\t\t<\/div>\n\t\t\t\t\t<\/div>\n\t\t<\/div>\n\t\t\t\t\t<\/div>\n\t\t<\/section>\n\t\t\t\t<section class=\"elementor-section elementor-inner-section elementor-element elementor-element-513e400 elementor-section-boxed elementor-section-height-default elementor-section-height-default\" data-id=\"513e400\" data-element_type=\"section\" data-e-type=\"section\">\n\t\t\t\t\t\t<div class=\"elementor-container elementor-column-gap-no\">\n\t\t\t\t\t<div class=\"elementor-column elementor-col-33 elementor-inner-column elementor-element elementor-element-7eb7946\" data-id=\"7eb7946\" data-element_type=\"column\" data-e-type=\"column\">\n\t\t\t<div class=\"elementor-widget-wrap elementor-element-populated\">\n\t\t\t\t\t\t<div class=\"elementor-element elementor-element-3cf8dc2 elementor-widget elementor-widget-heading\" data-id=\"3cf8dc2\" data-element_type=\"widget\" data-e-type=\"widget\" data-widget_type=\"heading.default\">\n\t\t\t\t<div class=\"elementor-widget-container\">\n\t\t\t\t\t<h2 class=\"elementor-heading-title elementor-size-default\">04.<\/h2>\t\t\t\t<\/div>\n\t\t\t\t<\/div>\n\t\t\t\t\t<\/div>\n\t\t<\/div>\n\t\t\t\t<div class=\"elementor-column elementor-col-33 elementor-inner-column elementor-element elementor-element-02bd2e8\" data-id=\"02bd2e8\" data-element_type=\"column\" data-e-type=\"column\">\n\t\t\t<div class=\"elementor-widget-wrap elementor-element-populated\">\n\t\t\t\t\t\t<div class=\"elementor-element elementor-element-82d0317 elementor-widget elementor-widget-heading\" data-id=\"82d0317\" data-element_type=\"widget\" data-e-type=\"widget\" data-widget_type=\"heading.default\">\n\t\t\t\t<div class=\"elementor-widget-container\">\n\t\t\t\t\t<h3 class=\"elementor-heading-title elementor-size-default\">Caracola<\/h3>\t\t\t\t<\/div>\n\t\t\t\t<\/div>\n\t\t\t\t<div class=\"elementor-element elementor-element-301ff96 elementor-widget elementor-widget-text-editor\" data-id=\"301ff96\" data-element_type=\"widget\" data-e-type=\"widget\" data-widget_type=\"text-editor.default\">\n\t\t\t\t<div class=\"elementor-widget-container\">\n\t\t\t\t\t\t\t\t\t<div class=\"elementor-element elementor-element-542e6efd elementor-widget elementor-widget-text-editor\" data-id=\"542e6efd\" data-element_type=\"widget\" data-widget_type=\"text-editor.default\"><div class=\"elementor-widget-container\"><p>Preciosa autocaravana familiar. Tiene una capacidad de hasta 5 personas tanto en viaje como para dormir. Equipada completamente con todo lo necesario para pasar unos dias de desconexi\u00f3n sin renunciar a todas las comodidades. Cocina completa, ba\u00f1o con ducha y gran espacio de almacenamiento en todas las estancias.<\/p><\/div><\/div><div class=\"elementor-element elementor-element-52a52956 elementor-widget elementor-widget-button\" data-id=\"52a52956\" data-element_type=\"widget\" data-widget_type=\"button.default\"><div class=\"elementor-widget-container\"><div class=\"elementor-button-wrapper\">\u00a0<\/div><\/div><\/div>\t\t\t\t\t\t\t\t<\/div>\n\t\t\t\t<\/div>\n\t\t\t\t<div class=\"elementor-element elementor-element-e4d5c8a elementor-icon-list--layout-traditional elementor-list-item-link-full_width elementor-widget elementor-widget-icon-list\" data-id=\"e4d5c8a\" data-element_type=\"widget\" data-e-type=\"widget\" data-widget_type=\"icon-list.default\">\n\t\t\t\t<div class=\"elementor-widget-container\">\n\t\t\t\t\t\t\t<ul class=\"elementor-icon-list-items\">\n\t\t\t\t\t\t\t<li class=\"elementor-icon-list-item\">\n\t\t\t\t\t\t\t\t\t\t\t<span class=\"elementor-icon-list-icon\">\n\t\t\t\t\t\t\t<i aria-hidden=\"true\" class=\"fas fa-caret-right\"><\/i>\t\t\t\t\t\t<\/span>\n\t\t\t\t\t\t\t\t\t\t<span class=\"elementor-icon-list-text\">Renault Rimor Katamarano 209<\/span>\n\t\t\t\t\t\t\t\t\t<\/li>\n\t\t\t\t\t\t\t\t<li class=\"elementor-icon-list-item\">\n\t\t\t\t\t\t\t\t\t\t\t<span class=\"elementor-icon-list-icon\">\n\t\t\t\t\t\t\t<i aria-hidden=\"true\" class=\"fas fa-caret-right\"><\/i>\t\t\t\t\t\t<\/span>\n\t\t\t\t\t\t\t\t\t\t<span class=\"elementor-icon-list-text\">Camas: 180x200, 90x190 y 140\u00d7190 <\/span>\n\t\t\t\t\t\t\t\t\t<\/li>\n\t\t\t\t\t\t\t\t<li class=\"elementor-icon-list-item\">\n\t\t\t\t\t\t\t\t\t\t\t<span class=\"elementor-icon-list-icon\">\n\t\t\t\t\t\t\t<i aria-hidden=\"true\" class=\"fas fa-caret-right\"><\/i>\t\t\t\t\t\t<\/span>\n\t\t\t\t\t\t\t\t\t\t<span class=\"elementor-icon-list-text\">Ducha interior<\/span>\n\t\t\t\t\t\t\t\t\t<\/li>\n\t\t\t\t\t\t<\/ul>\n\t\t\t\t\t\t<\/div>\n\t\t\t\t<\/div>\n\t\t\t\t<div class=\"elementor-element elementor-element-274779e elementor-mobile-align-center elementor-widget elementor-widget-button\" data-id=\"274779e\" data-element_type=\"widget\" data-e-type=\"widget\" data-widget_type=\"button.default\">\n\t\t\t\t<div class=\"elementor-widget-container\">\n\t\t\t\t\t\t\t\t\t<div class=\"elementor-button-wrapper\">\n\t\t\t\t\t<a class=\"elementor-button elementor-button-link elementor-size-sm\" href=\"https:\/\/twobrotherscampervan.com\/campers\/caracola\/\">\n\t\t\t\t\t\t<span class=\"elementor-button-content-wrapper\">\n\t\t\t\t\t\t\t\t\t<span class=\"elementor-button-text\">Ver m\u00e1s<\/span>\n\t\t\t\t\t<\/span>\n\t\t\t\t\t<\/a>\n\t\t\t\t<\/div>\n\t\t\t\t\t\t\t\t<\/div>\n\t\t\t\t<\/div>\n\t\t\t\t\t<\/div>\n\t\t<\/div>\n\t\t\t\t<div class=\"elementor-column elementor-col-33 elementor-inner-column elementor-element elementor-element-be3666f\" data-id=\"be3666f\" data-element_type=\"column\" data-e-type=\"column\">\n\t\t\t<div class=\"elementor-widget-wrap elementor-element-populated\">\n\t\t\t\t\t\t<div class=\"elementor-element elementor-element-5e16698 uael-ins-normal uael-img-carousel-arrow-outside elementor-widget elementor-widget-uael-image-gallery\" data-id=\"5e16698\" data-element_type=\"widget\" data-e-type=\"widget\" data-settings=\"{&quot;slides_to_show&quot;:1,&quot;slides_to_show_mobile&quot;:1,&quot;slides_to_show_tablet&quot;:3,&quot;slides_to_scroll&quot;:1,&quot;slides_to_scroll_tablet&quot;:1,&quot;slides_to_scroll_mobile&quot;:1,&quot;column_gap&quot;:{&quot;unit&quot;:&quot;px&quot;,&quot;size&quot;:20,&quot;sizes&quot;:[]},&quot;column_gap_tablet&quot;:{&quot;unit&quot;:&quot;px&quot;,&quot;size&quot;:&quot;&quot;,&quot;sizes&quot;:[]},&quot;column_gap_mobile&quot;:{&quot;unit&quot;:&quot;px&quot;,&quot;size&quot;:&quot;&quot;,&quot;sizes&quot;:[]}}\" data-widget_type=\"uael-image-gallery.default\">\n\t\t\t\t<div class=\"elementor-widget-container\">\n\t\t\t\t\t<div class=\"uael-gallery-parent uael-caption- uael-gallery-unjustified\"><div data-image_carousel=\"{&quot;slidesToShow&quot;:1,&quot;slidesToScroll&quot;:1,&quot;autoplaySpeed&quot;:5000,&quot;autoplay&quot;:false,&quot;infinite&quot;:false,&quot;pauseOnHover&quot;:true,&quot;speed&quot;:500,&quot;arrows&quot;:true,&quot;dots&quot;:true,&quot;rtl&quot;:false,&quot;responsive&quot;:[{&quot;breakpoint&quot;:1024,&quot;settings&quot;:{&quot;slidesToShow&quot;:3,&quot;slidesToScroll&quot;:1}},{&quot;breakpoint&quot;:767,&quot;settings&quot;:{&quot;slidesToShow&quot;:1,&quot;slidesToScroll&quot;:1}}]}\" class=\"uael-img-gallery-wrap uael-img-carousel-wrap uael-nav-both\" data-filter-default=\"All\"><div class=\"uael-grid-item  uael-img-gallery-item-1\"><div class=\"uael-grid-item-content\"><a class=\"uael-grid-img uael-grid-gallery-img uael-ins-hover elementor-clickable\" target=\"_blank\" rel=\"dofollow\" href=\"https:\/\/twobrotherscampervan.com\/wp-content\/uploads\/dehancer-1779881773458.jpeg\" data-elementor-open-lightbox=\"no\"><div class=\"uael-grid-img-thumbnail uael-ins-target\"><img decoding=\"async\" src=\"https:\/\/twobrotherscampervan.com\/wp-content\/uploads\/dehancer-1779881773458.jpeg\" title=\"Caracola\" alt=\"Exterior\" loading=\"lazy\" \/><\/div><div class=\"uael-grid-img-overlay\"><\/div><\/a><\/div><\/div><div class=\"uael-grid-item  uael-img-gallery-item-2\"><div class=\"uael-grid-item-content\"><a class=\"uael-grid-img uael-grid-gallery-img uael-ins-hover elementor-clickable\" target=\"_blank\" rel=\"dofollow\" href=\"https:\/\/twobrotherscampervan.com\/wp-content\/uploads\/IMG_0623.jpeg\" data-elementor-open-lightbox=\"no\"><div class=\"uael-grid-img-thumbnail uael-ins-target\"><img decoding=\"async\" src=\"https:\/\/twobrotherscampervan.com\/wp-content\/uploads\/IMG_0623.jpeg\" title=\"Caracola\" alt=\"Caracola\" loading=\"lazy\" \/><\/div><div class=\"uael-grid-img-overlay\"><\/div><\/a><\/div><\/div><div class=\"uael-grid-item  uael-img-gallery-item-3\"><div class=\"uael-grid-item-content\"><a class=\"uael-grid-img uael-grid-gallery-img uael-ins-hover elementor-clickable\" target=\"_blank\" rel=\"dofollow\" href=\"https:\/\/twobrotherscampervan.com\/wp-content\/uploads\/dehancer-1779881987015.jpeg\" data-elementor-open-lightbox=\"no\"><div class=\"uael-grid-img-thumbnail uael-ins-target\"><img decoding=\"async\" src=\"https:\/\/twobrotherscampervan.com\/wp-content\/uploads\/dehancer-1779881987015.jpeg\" title=\"Caracola\" alt=\"Caracola\" loading=\"lazy\" \/><\/div><div class=\"uael-grid-img-overlay\"><\/div><\/a><\/div><\/div><div class=\"uael-grid-item  uael-img-gallery-item-4\"><div class=\"uael-grid-item-content\"><a class=\"uael-grid-img uael-grid-gallery-img uael-ins-hover elementor-clickable\" target=\"_blank\" rel=\"dofollow\" href=\"https:\/\/twobrotherscampervan.com\/wp-content\/uploads\/IMG_0634.jpeg\" data-elementor-open-lightbox=\"no\"><div class=\"uael-grid-img-thumbnail uael-ins-target\"><img decoding=\"async\" src=\"https:\/\/twobrotherscampervan.com\/wp-content\/uploads\/IMG_0634.jpeg\" title=\"Caracola\" alt=\"Caracola\" loading=\"lazy\" \/><\/div><div class=\"uael-grid-img-overlay\"><\/div><\/a><\/div><\/div><div class=\"uael-grid-item  uael-img-gallery-item-5\"><div class=\"uael-grid-item-content\"><a class=\"uael-grid-img uael-grid-gallery-img uael-ins-hover elementor-clickable\" target=\"_blank\" rel=\"dofollow\" href=\"https:\/\/twobrotherscampervan.com\/wp-content\/uploads\/IMG_0633.jpeg\" data-elementor-open-lightbox=\"no\"><div class=\"uael-grid-img-thumbnail uael-ins-target\"><img decoding=\"async\" src=\"https:\/\/twobrotherscampervan.com\/wp-content\/uploads\/IMG_0633.jpeg\" title=\"Caracola\" alt=\"Caracola\" loading=\"lazy\" \/><\/div><div class=\"uael-grid-img-overlay\"><\/div><\/a><\/div><\/div><div class=\"uael-grid-item  uael-img-gallery-item-6\"><div class=\"uael-grid-item-content\"><a class=\"uael-grid-img uael-grid-gallery-img uael-ins-hover elementor-clickable\" target=\"_blank\" rel=\"dofollow\" href=\"https:\/\/twobrotherscampervan.com\/wp-content\/uploads\/IMG_0632.jpeg\" data-elementor-open-lightbox=\"no\"><div class=\"uael-grid-img-thumbnail uael-ins-target\"><img decoding=\"async\" src=\"https:\/\/twobrotherscampervan.com\/wp-content\/uploads\/IMG_0632.jpeg\" title=\"Caracola\" alt=\"Caracola\" loading=\"lazy\" \/><\/div><div class=\"uael-grid-img-overlay\"><\/div><\/a><\/div><\/div><div class=\"uael-grid-item  uael-img-gallery-item-7\"><div class=\"uael-grid-item-content\"><a class=\"uael-grid-img uael-grid-gallery-img uael-ins-hover elementor-clickable\" target=\"_blank\" rel=\"dofollow\" href=\"https:\/\/twobrotherscampervan.com\/wp-content\/uploads\/IMG_0631.jpeg\" data-elementor-open-lightbox=\"no\"><div class=\"uael-grid-img-thumbnail uael-ins-target\"><img decoding=\"async\" src=\"https:\/\/twobrotherscampervan.com\/wp-content\/uploads\/IMG_0631.jpeg\" title=\"Caracola\" alt=\"Caracola\" loading=\"lazy\" \/><\/div><div class=\"uael-grid-img-overlay\"><\/div><\/a><\/div><\/div><div class=\"uael-grid-item  uael-img-gallery-item-8\"><div class=\"uael-grid-item-content\"><a class=\"uael-grid-img uael-grid-gallery-img uael-ins-hover elementor-clickable\" target=\"_blank\" rel=\"dofollow\" href=\"https:\/\/twobrotherscampervan.com\/wp-content\/uploads\/IMG_0629.jpeg\" data-elementor-open-lightbox=\"no\"><div class=\"uael-grid-img-thumbnail uael-ins-target\"><img decoding=\"async\" src=\"https:\/\/twobrotherscampervan.com\/wp-content\/uploads\/IMG_0629.jpeg\" title=\"Caracola\" alt=\"Caracola\" loading=\"lazy\" \/><\/div><div class=\"uael-grid-img-overlay\"><\/div><\/a><\/div><\/div><\/div><\/div>\t\t\t\t<\/div>\n\t\t\t\t<\/div>\n\t\t\t\t\t<\/div>\n\t\t<\/div>\n\t\t\t\t\t<\/div>\n\t\t<\/section>\n\t\t\t\t<section class=\"elementor-section elementor-inner-section elementor-element elementor-element-418a696 elementor-section-boxed elementor-section-height-default elementor-section-height-default\" data-id=\"418a696\" data-element_type=\"section\" data-e-type=\"section\">\n\t\t\t\t\t\t<div class=\"elementor-container elementor-column-gap-no\">\n\t\t\t\t\t<div class=\"elementor-column elementor-col-33 elementor-inner-column elementor-element elementor-element-7729d25\" data-id=\"7729d25\" data-element_type=\"column\" data-e-type=\"column\">\n\t\t\t<div class=\"elementor-widget-wrap elementor-element-populated\">\n\t\t\t\t\t\t<div class=\"elementor-element elementor-element-be16d8b elementor-widget elementor-widget-heading\" data-id=\"be16d8b\" data-element_type=\"widget\" data-e-type=\"widget\" data-widget_type=\"heading.default\">\n\t\t\t\t<div class=\"elementor-widget-container\">\n\t\t\t\t\t<h2 class=\"elementor-heading-title elementor-size-default\">05.<\/h2>\t\t\t\t<\/div>\n\t\t\t\t<\/div>\n\t\t\t\t\t<\/div>\n\t\t<\/div>\n\t\t\t\t<div class=\"elementor-column elementor-col-33 elementor-inner-column elementor-element elementor-element-f779b64\" data-id=\"f779b64\" data-element_type=\"column\" data-e-type=\"column\">\n\t\t\t<div class=\"elementor-widget-wrap elementor-element-populated\">\n\t\t\t\t\t\t<div class=\"elementor-element elementor-element-dd572ee elementor-widget elementor-widget-heading\" data-id=\"dd572ee\" data-element_type=\"widget\" data-e-type=\"widget\" data-widget_type=\"heading.default\">\n\t\t\t\t<div class=\"elementor-widget-container\">\n\t\t\t\t\t<h3 class=\"elementor-heading-title elementor-size-default\">Dragonera<\/h3>\t\t\t\t<\/div>\n\t\t\t\t<\/div>\n\t\t\t\t<div class=\"elementor-element elementor-element-88f0c00 elementor-widget elementor-widget-text-editor\" data-id=\"88f0c00\" data-element_type=\"widget\" data-e-type=\"widget\" data-widget_type=\"text-editor.default\">\n\t\t\t\t<div class=\"elementor-widget-container\">\n\t\t\t\t\t\t\t\t\t<div class=\"elementor-element elementor-element-542e6efd elementor-widget elementor-widget-text-editor\" data-id=\"542e6efd\" data-element_type=\"widget\" data-widget_type=\"text-editor.default\"><div class=\"elementor-widget-container\"><p><span data-sheets-value=\"{&quot;1&quot;:2,&quot;2&quot;:&quot;La camper Dragonera es la furgo m\u00e1s pr\u00e1ctica para recorrer la isla en camper. Con su tama\u00f1o es ideal para descubrir los rincones secretos de Mallorca y aparcar sin problema donde el viento te lleve. Nuestra camper Dragonera con su terraza superior es una opci\u00f3n perfecta para aquellos que disfrutan de la vida al aire libre y desean aprovechar al m\u00e1ximo sus aventuras en carretera. Tendr\u00e1s la libertad de explorar diferentes lugares y, al mismo tiempo, contar con un espacio privado y confortable para relajarte y disfrutar de la naturaleza.&quot;}\" data-sheets-userformat=\"{&quot;2&quot;:897,&quot;3&quot;:{&quot;1&quot;:0},&quot;10&quot;:0,&quot;11&quot;:4,&quot;12&quot;:0}\">La camper Dragonera es la furgo m\u00e1s pr\u00e1ctica para recorrer la isla en camper. Su principal atractivo es la terraza superior para ver las estrellas.<\/span><\/p><\/div><\/div>\t\t\t\t\t\t\t\t<\/div>\n\t\t\t\t<\/div>\n\t\t\t\t<div class=\"elementor-element elementor-element-1dd4441 elementor-icon-list--layout-traditional elementor-list-item-link-full_width elementor-widget elementor-widget-icon-list\" data-id=\"1dd4441\" data-element_type=\"widget\" data-e-type=\"widget\" data-widget_type=\"icon-list.default\">\n\t\t\t\t<div class=\"elementor-widget-container\">\n\t\t\t\t\t\t\t<ul class=\"elementor-icon-list-items\">\n\t\t\t\t\t\t\t<li class=\"elementor-icon-list-item\">\n\t\t\t\t\t\t\t\t\t\t\t<span class=\"elementor-icon-list-icon\">\n\t\t\t\t\t\t\t<i aria-hidden=\"true\" class=\"fas fa-caret-right\"><\/i>\t\t\t\t\t\t<\/span>\n\t\t\t\t\t\t\t\t\t\t<span class=\"elementor-icon-list-text\">Modelo: Renault Traffic<\/span>\n\t\t\t\t\t\t\t\t\t<\/li>\n\t\t\t\t\t\t\t\t<li class=\"elementor-icon-list-item\">\n\t\t\t\t\t\t\t\t\t\t\t<span class=\"elementor-icon-list-icon\">\n\t\t\t\t\t\t\t<i aria-hidden=\"true\" class=\"fas fa-caret-right\"><\/i>\t\t\t\t\t\t<\/span>\n\t\t\t\t\t\t\t\t\t\t<span class=\"elementor-icon-list-text\">Cama de 120x180 cm<\/span>\n\t\t\t\t\t\t\t\t\t<\/li>\n\t\t\t\t\t\t\t\t<li class=\"elementor-icon-list-item\">\n\t\t\t\t\t\t\t\t\t\t\t<span class=\"elementor-icon-list-icon\">\n\t\t\t\t\t\t\t<i aria-hidden=\"true\" class=\"fas fa-caret-right\"><\/i>\t\t\t\t\t\t<\/span>\n\t\t\t\t\t\t\t\t\t\t<span class=\"elementor-icon-list-text\">Ducha exterior<\/span>\n\t\t\t\t\t\t\t\t\t<\/li>\n\t\t\t\t\t\t<\/ul>\n\t\t\t\t\t\t<\/div>\n\t\t\t\t<\/div>\n\t\t\t\t<div class=\"elementor-element elementor-element-b49054c elementor-mobile-align-center elementor-widget elementor-widget-button\" data-id=\"b49054c\" data-element_type=\"widget\" data-e-type=\"widget\" data-widget_type=\"button.default\">\n\t\t\t\t<div class=\"elementor-widget-container\">\n\t\t\t\t\t\t\t\t\t<div class=\"elementor-button-wrapper\">\n\t\t\t\t\t<a class=\"elementor-button elementor-button-link elementor-size-sm\" href=\"https:\/\/twobrotherscampervan.com\/campers\/camper-dragonera\/\">\n\t\t\t\t\t\t<span class=\"elementor-button-content-wrapper\">\n\t\t\t\t\t\t\t\t\t<span class=\"elementor-button-text\">Ver m\u00e1s<\/span>\n\t\t\t\t\t<\/span>\n\t\t\t\t\t<\/a>\n\t\t\t\t<\/div>\n\t\t\t\t\t\t\t\t<\/div>\n\t\t\t\t<\/div>\n\t\t\t\t\t<\/div>\n\t\t<\/div>\n\t\t\t\t<div class=\"elementor-column elementor-col-33 elementor-inner-column elementor-element elementor-element-b118d5e\" data-id=\"b118d5e\" data-element_type=\"column\" data-e-type=\"column\">\n\t\t\t<div class=\"elementor-widget-wrap elementor-element-populated\">\n\t\t\t\t\t\t<div class=\"elementor-element elementor-element-d348c98 uael-ins-normal uael-img-carousel-arrow-outside elementor-widget elementor-widget-uael-image-gallery\" data-id=\"d348c98\" data-element_type=\"widget\" data-e-type=\"widget\" data-settings=\"{&quot;slides_to_show&quot;:1,&quot;slides_to_show_mobile&quot;:1,&quot;slides_to_show_tablet&quot;:3,&quot;slides_to_scroll&quot;:1,&quot;slides_to_scroll_tablet&quot;:1,&quot;slides_to_scroll_mobile&quot;:1,&quot;column_gap&quot;:{&quot;unit&quot;:&quot;px&quot;,&quot;size&quot;:20,&quot;sizes&quot;:[]},&quot;column_gap_tablet&quot;:{&quot;unit&quot;:&quot;px&quot;,&quot;size&quot;:&quot;&quot;,&quot;sizes&quot;:[]},&quot;column_gap_mobile&quot;:{&quot;unit&quot;:&quot;px&quot;,&quot;size&quot;:&quot;&quot;,&quot;sizes&quot;:[]}}\" data-widget_type=\"uael-image-gallery.default\">\n\t\t\t\t<div class=\"elementor-widget-container\">\n\t\t\t\t\t<div class=\"uael-gallery-parent uael-caption- uael-gallery-unjustified\"><div data-image_carousel=\"{&quot;slidesToShow&quot;:1,&quot;slidesToScroll&quot;:1,&quot;autoplaySpeed&quot;:5000,&quot;autoplay&quot;:false,&quot;infinite&quot;:false,&quot;pauseOnHover&quot;:true,&quot;speed&quot;:500,&quot;arrows&quot;:true,&quot;dots&quot;:true,&quot;rtl&quot;:false,&quot;responsive&quot;:[{&quot;breakpoint&quot;:1024,&quot;settings&quot;:{&quot;slidesToShow&quot;:3,&quot;slidesToScroll&quot;:1}},{&quot;breakpoint&quot;:767,&quot;settings&quot;:{&quot;slidesToShow&quot;:1,&quot;slidesToScroll&quot;:1}}]}\" class=\"uael-img-gallery-wrap uael-img-carousel-wrap uael-nav-both\" data-filter-default=\"All\"><div class=\"uael-grid-item  uael-img-gallery-item-1\"><div class=\"uael-grid-item-content\"><a class=\"uael-grid-img uael-grid-gallery-img uael-ins-hover elementor-clickable\" target=\"_blank\" rel=\"dofollow\" href=\"https:\/\/twobrotherscampervan.com\/wp-content\/uploads\/Dragonera-2026-2.jpeg\" data-elementor-open-lightbox=\"no\"><div class=\"uael-grid-img-thumbnail uael-ins-target\"><img decoding=\"async\" src=\"https:\/\/twobrotherscampervan.com\/wp-content\/uploads\/Dragonera-2026-2.jpeg\" title=\"Dragonera 2026 (2)\" alt=\"Dragonera 2026 (2)\" loading=\"lazy\" \/><\/div><div class=\"uael-grid-img-overlay\"><\/div><\/a><\/div><\/div><div class=\"uael-grid-item  uael-img-gallery-item-2\"><div class=\"uael-grid-item-content\"><a class=\"uael-grid-img uael-grid-gallery-img uael-ins-hover elementor-clickable\" target=\"_blank\" rel=\"dofollow\" href=\"https:\/\/twobrotherscampervan.com\/wp-content\/uploads\/Dragonera-2026-3.jpeg\" data-elementor-open-lightbox=\"no\"><div class=\"uael-grid-img-thumbnail uael-ins-target\"><img decoding=\"async\" src=\"https:\/\/twobrotherscampervan.com\/wp-content\/uploads\/Dragonera-2026-3.jpeg\" title=\"Dragonera 2026 (3)\" alt=\"Dragonera 2026 (3)\" loading=\"lazy\" \/><\/div><div class=\"uael-grid-img-overlay\"><\/div><\/a><\/div><\/div><div class=\"uael-grid-item  uael-img-gallery-item-3\"><div class=\"uael-grid-item-content\"><a class=\"uael-grid-img uael-grid-gallery-img uael-ins-hover elementor-clickable\" target=\"_blank\" rel=\"dofollow\" href=\"https:\/\/twobrotherscampervan.com\/wp-content\/uploads\/Dragonera-2026-4.jpeg\" data-elementor-open-lightbox=\"no\"><div class=\"uael-grid-img-thumbnail uael-ins-target\"><img decoding=\"async\" src=\"https:\/\/twobrotherscampervan.com\/wp-content\/uploads\/Dragonera-2026-4.jpeg\" title=\"Dragonera 2026 (4)\" alt=\"Dragonera 2026 (4)\" loading=\"lazy\" \/><\/div><div class=\"uael-grid-img-overlay\"><\/div><\/a><\/div><\/div><div class=\"uael-grid-item  uael-img-gallery-item-4\"><div class=\"uael-grid-item-content\"><a class=\"uael-grid-img uael-grid-gallery-img uael-ins-hover elementor-clickable\" target=\"_blank\" rel=\"dofollow\" href=\"https:\/\/twobrotherscampervan.com\/wp-content\/uploads\/Dragonera-2026-5.jpeg\" data-elementor-open-lightbox=\"no\"><div class=\"uael-grid-img-thumbnail uael-ins-target\"><img decoding=\"async\" src=\"https:\/\/twobrotherscampervan.com\/wp-content\/uploads\/Dragonera-2026-5.jpeg\" title=\"Dragonera 2026 (5)\" alt=\"Dragonera 2026 (5)\" loading=\"lazy\" \/><\/div><div class=\"uael-grid-img-overlay\"><\/div><\/a><\/div><\/div><div class=\"uael-grid-item  uael-img-gallery-item-5\"><div class=\"uael-grid-item-content\"><a class=\"uael-grid-img uael-grid-gallery-img uael-ins-hover elementor-clickable\" target=\"_blank\" rel=\"dofollow\" href=\"https:\/\/twobrotherscampervan.com\/wp-content\/uploads\/Dragonera-2026-6.jpeg\" data-elementor-open-lightbox=\"no\"><div class=\"uael-grid-img-thumbnail uael-ins-target\"><img decoding=\"async\" src=\"https:\/\/twobrotherscampervan.com\/wp-content\/uploads\/Dragonera-2026-6.jpeg\" title=\"Dragonera 2026 (6)\" alt=\"Dragonera 2026 (6)\" loading=\"lazy\" \/><\/div><div class=\"uael-grid-img-overlay\"><\/div><\/a><\/div><\/div><div class=\"uael-grid-item  uael-img-gallery-item-6\"><div class=\"uael-grid-item-content\"><a class=\"uael-grid-img uael-grid-gallery-img uael-ins-hover elementor-clickable\" target=\"_blank\" rel=\"dofollow\" href=\"https:\/\/twobrotherscampervan.com\/wp-content\/uploads\/Dragonera-2026-7.jpeg\" data-elementor-open-lightbox=\"no\"><div class=\"uael-grid-img-thumbnail uael-ins-target\"><img decoding=\"async\" src=\"https:\/\/twobrotherscampervan.com\/wp-content\/uploads\/Dragonera-2026-7.jpeg\" title=\"Dragonera 2026 (7)\" alt=\"Dragonera 2026 (7)\" loading=\"lazy\" \/><\/div><div class=\"uael-grid-img-overlay\"><\/div><\/a><\/div><\/div><div class=\"uael-grid-item  uael-img-gallery-item-7\"><div class=\"uael-grid-item-content\"><a class=\"uael-grid-img uael-grid-gallery-img uael-ins-hover elementor-clickable\" target=\"_blank\" rel=\"dofollow\" href=\"https:\/\/twobrotherscampervan.com\/wp-content\/uploads\/Dragonera-2026-8.jpeg\" data-elementor-open-lightbox=\"no\"><div class=\"uael-grid-img-thumbnail uael-ins-target\"><img decoding=\"async\" src=\"https:\/\/twobrotherscampervan.com\/wp-content\/uploads\/Dragonera-2026-8.jpeg\" title=\"Dragonera 2026 (8)\" alt=\"Dragonera 2026 (8)\" loading=\"lazy\" \/><\/div><div class=\"uael-grid-img-overlay\"><\/div><\/a><\/div><\/div><div class=\"uael-grid-item  uael-img-gallery-item-8\"><div class=\"uael-grid-item-content\"><a class=\"uael-grid-img uael-grid-gallery-img uael-ins-hover elementor-clickable\" target=\"_blank\" rel=\"dofollow\" href=\"https:\/\/twobrotherscampervan.com\/wp-content\/uploads\/Dragonera-2026-9.jpeg\" data-elementor-open-lightbox=\"no\"><div class=\"uael-grid-img-thumbnail uael-ins-target\"><img decoding=\"async\" src=\"https:\/\/twobrotherscampervan.com\/wp-content\/uploads\/Dragonera-2026-9.jpeg\" title=\"Dragonera 2026 (9)\" alt=\"Dragonera 2026 (9)\" loading=\"lazy\" \/><\/div><div class=\"uael-grid-img-overlay\"><\/div><\/a><\/div><\/div><div class=\"uael-grid-item  uael-img-gallery-item-9\"><div class=\"uael-grid-item-content\"><a class=\"uael-grid-img uael-grid-gallery-img uael-ins-hover elementor-clickable\" target=\"_blank\" rel=\"dofollow\" href=\"https:\/\/twobrotherscampervan.com\/wp-content\/uploads\/Dragonera-2026-10.jpeg\" data-elementor-open-lightbox=\"no\"><div class=\"uael-grid-img-thumbnail uael-ins-target\"><img decoding=\"async\" src=\"https:\/\/twobrotherscampervan.com\/wp-content\/uploads\/Dragonera-2026-10.jpeg\" title=\"Dragonera 2026 (10)\" alt=\"Dragonera 2026 (10)\" loading=\"lazy\" \/><\/div><div class=\"uael-grid-img-overlay\"><\/div><\/a><\/div><\/div><div class=\"uael-grid-item  uael-img-gallery-item-10\"><div class=\"uael-grid-item-content\"><a class=\"uael-grid-img uael-grid-gallery-img uael-ins-hover elementor-clickable\" target=\"_blank\" rel=\"dofollow\" href=\"https:\/\/twobrotherscampervan.com\/wp-content\/uploads\/Dragonera-2026-11.jpeg\" data-elementor-open-lightbox=\"no\"><div class=\"uael-grid-img-thumbnail uael-ins-target\"><img decoding=\"async\" src=\"https:\/\/twobrotherscampervan.com\/wp-content\/uploads\/Dragonera-2026-11.jpeg\" title=\"Dragonera 2026 (11)\" alt=\"Dragonera 2026 (11)\" loading=\"lazy\" \/><\/div><div class=\"uael-grid-img-overlay\"><\/div><\/a><\/div><\/div><div class=\"uael-grid-item  uael-img-gallery-item-11\"><div class=\"uael-grid-item-content\"><a class=\"uael-grid-img uael-grid-gallery-img uael-ins-hover elementor-clickable\" target=\"_blank\" rel=\"dofollow\" href=\"https:\/\/twobrotherscampervan.com\/wp-content\/uploads\/Dragonera-2026-12.jpeg\" data-elementor-open-lightbox=\"no\"><div class=\"uael-grid-img-thumbnail uael-ins-target\"><img decoding=\"async\" src=\"https:\/\/twobrotherscampervan.com\/wp-content\/uploads\/Dragonera-2026-12.jpeg\" title=\"Dragonera 2026 (12)\" alt=\"Dragonera 2026 (12)\" loading=\"lazy\" \/><\/div><div class=\"uael-grid-img-overlay\"><\/div><\/a><\/div><\/div><div class=\"uael-grid-item  uael-img-gallery-item-12\"><div class=\"uael-grid-item-content\"><a class=\"uael-grid-img uael-grid-gallery-img uael-ins-hover elementor-clickable\" target=\"_blank\" rel=\"dofollow\" href=\"https:\/\/twobrotherscampervan.com\/wp-content\/uploads\/Dragonera-2026-1.jpeg\" data-elementor-open-lightbox=\"no\"><div class=\"uael-grid-img-thumbnail uael-ins-target\"><img decoding=\"async\" src=\"https:\/\/twobrotherscampervan.com\/wp-content\/uploads\/Dragonera-2026-1.jpeg\" title=\"Dragonera 2026\" alt=\"Dragonera 2026\" loading=\"lazy\" \/><\/div><div class=\"uael-grid-img-overlay\"><\/div><\/a><\/div><\/div><\/div><\/div>\t\t\t\t<\/div>\n\t\t\t\t<\/div>\n\t\t\t\t\t<\/div>\n\t\t<\/div>\n\t\t\t\t\t<\/div>\n\t\t<\/section>\n\t\t\t\t<section class=\"elementor-section elementor-inner-section elementor-element elementor-element-62fd924 elementor-section-boxed elementor-section-height-default elementor-section-height-default\" data-id=\"62fd924\" data-element_type=\"section\" data-e-type=\"section\">\n\t\t\t\t\t\t<div class=\"elementor-container elementor-column-gap-no\">\n\t\t\t\t\t<div class=\"elementor-column elementor-col-33 elementor-inner-column elementor-element elementor-element-f97c5eb\" data-id=\"f97c5eb\" data-element_type=\"column\" data-e-type=\"column\">\n\t\t\t<div class=\"elementor-widget-wrap elementor-element-populated\">\n\t\t\t\t\t\t<div class=\"elementor-element elementor-element-7032127 elementor-widget elementor-widget-heading\" data-id=\"7032127\" data-element_type=\"widget\" data-e-type=\"widget\" data-widget_type=\"heading.default\">\n\t\t\t\t<div class=\"elementor-widget-container\">\n\t\t\t\t\t<h2 class=\"elementor-heading-title elementor-size-default\">06.<\/h2>\t\t\t\t<\/div>\n\t\t\t\t<\/div>\n\t\t\t\t\t<\/div>\n\t\t<\/div>\n\t\t\t\t<div class=\"elementor-column elementor-col-33 elementor-inner-column elementor-element elementor-element-e9cd6ad\" data-id=\"e9cd6ad\" data-element_type=\"column\" data-e-type=\"column\">\n\t\t\t<div class=\"elementor-widget-wrap elementor-element-populated\">\n\t\t\t\t\t\t<div class=\"elementor-element elementor-element-29a9685 elementor-widget elementor-widget-heading\" data-id=\"29a9685\" data-element_type=\"widget\" data-e-type=\"widget\" data-widget_type=\"heading.default\">\n\t\t\t\t<div class=\"elementor-widget-container\">\n\t\t\t\t\t<h3 class=\"elementor-heading-title elementor-size-default\">Sa Bassa<\/h3>\t\t\t\t<\/div>\n\t\t\t\t<\/div>\n\t\t\t\t<div class=\"elementor-element elementor-element-fd9e9ef elementor-widget elementor-widget-text-editor\" data-id=\"fd9e9ef\" data-element_type=\"widget\" data-e-type=\"widget\" data-widget_type=\"text-editor.default\">\n\t\t\t\t<div class=\"elementor-widget-container\">\n\t\t\t\t\t\t\t\t\t<div class=\"elementor-element elementor-element-542e6efd elementor-widget elementor-widget-text-editor\" data-id=\"542e6efd\" data-element_type=\"widget\" data-widget_type=\"text-editor.default\"><div class=\"elementor-widget-container\"><p><span data-sheets-value=\"{&quot;1&quot;:2,&quot;2&quot;:&quot;La camper Dragonera es la furgo m\u00e1s pr\u00e1ctica para recorrer la isla en camper. Con su tama\u00f1o es ideal para descubrir los rincones secretos de Mallorca y aparcar sin problema donde el viento te lleve. Nuestra camper Dragonera con su terraza superior es una opci\u00f3n perfecta para aquellos que disfrutan de la vida al aire libre y desean aprovechar al m\u00e1ximo sus aventuras en carretera. Tendr\u00e1s la libertad de explorar diferentes lugares y, al mismo tiempo, contar con un espacio privado y confortable para relajarte y disfrutar de la naturaleza.&quot;}\" data-sheets-userformat=\"{&quot;2&quot;:897,&quot;3&quot;:{&quot;1&quot;:0},&quot;10&quot;:0,&quot;11&quot;:4,&quot;12&quot;:0}\">La camper Dragonera es la furgo m\u00e1s pr\u00e1ctica para recorrer la isla en camper. Su principal atractivo es la terraza superior para ver las estrellas.<\/span><\/p><\/div><\/div>\t\t\t\t\t\t\t\t<\/div>\n\t\t\t\t<\/div>\n\t\t\t\t<div class=\"elementor-element elementor-element-ae575d3 elementor-icon-list--layout-traditional elementor-list-item-link-full_width elementor-widget elementor-widget-icon-list\" data-id=\"ae575d3\" data-element_type=\"widget\" data-e-type=\"widget\" data-widget_type=\"icon-list.default\">\n\t\t\t\t<div class=\"elementor-widget-container\">\n\t\t\t\t\t\t\t<ul class=\"elementor-icon-list-items\">\n\t\t\t\t\t\t\t<li class=\"elementor-icon-list-item\">\n\t\t\t\t\t\t\t\t\t\t\t<span class=\"elementor-icon-list-icon\">\n\t\t\t\t\t\t\t<i aria-hidden=\"true\" class=\"fas fa-caret-right\"><\/i>\t\t\t\t\t\t<\/span>\n\t\t\t\t\t\t\t\t\t\t<span class=\"elementor-icon-list-text\">Modelo: Ford Transit Custom<\/span>\n\t\t\t\t\t\t\t\t\t<\/li>\n\t\t\t\t\t\t\t\t<li class=\"elementor-icon-list-item\">\n\t\t\t\t\t\t\t\t\t\t\t<span class=\"elementor-icon-list-icon\">\n\t\t\t\t\t\t\t<i aria-hidden=\"true\" class=\"fas fa-caret-right\"><\/i>\t\t\t\t\t\t<\/span>\n\t\t\t\t\t\t\t\t\t\t<span class=\"elementor-icon-list-text\">Cama de 120x180 cm<\/span>\n\t\t\t\t\t\t\t\t\t<\/li>\n\t\t\t\t\t\t\t\t<li class=\"elementor-icon-list-item\">\n\t\t\t\t\t\t\t\t\t\t\t<span class=\"elementor-icon-list-icon\">\n\t\t\t\t\t\t\t<i aria-hidden=\"true\" class=\"fas fa-caret-right\"><\/i>\t\t\t\t\t\t<\/span>\n\t\t\t\t\t\t\t\t\t\t<span class=\"elementor-icon-list-text\">Ducha exterior<\/span>\n\t\t\t\t\t\t\t\t\t<\/li>\n\t\t\t\t\t\t<\/ul>\n\t\t\t\t\t\t<\/div>\n\t\t\t\t<\/div>\n\t\t\t\t<div class=\"elementor-element elementor-element-a7341bc elementor-mobile-align-center elementor-widget elementor-widget-button\" data-id=\"a7341bc\" data-element_type=\"widget\" data-e-type=\"widget\" data-widget_type=\"button.default\">\n\t\t\t\t<div class=\"elementor-widget-container\">\n\t\t\t\t\t\t\t\t\t<div class=\"elementor-button-wrapper\">\n\t\t\t\t\t<a class=\"elementor-button elementor-button-link elementor-size-sm\" href=\"https:\/\/twobrotherscampervan.com\/sa-bassa\/\">\n\t\t\t\t\t\t<span class=\"elementor-button-content-wrapper\">\n\t\t\t\t\t\t\t\t\t<span class=\"elementor-button-text\">Ver m\u00e1s<\/span>\n\t\t\t\t\t<\/span>\n\t\t\t\t\t<\/a>\n\t\t\t\t<\/div>\n\t\t\t\t\t\t\t\t<\/div>\n\t\t\t\t<\/div>\n\t\t\t\t\t<\/div>\n\t\t<\/div>\n\t\t\t\t<div class=\"elementor-column elementor-col-33 elementor-inner-column elementor-element elementor-element-b1d51e4\" data-id=\"b1d51e4\" data-element_type=\"column\" data-e-type=\"column\">\n\t\t\t<div class=\"elementor-widget-wrap elementor-element-populated\">\n\t\t\t\t\t\t<div class=\"elementor-element elementor-element-6b3731e uael-ins-normal uael-img-carousel-arrow-outside elementor-widget elementor-widget-uael-image-gallery\" data-id=\"6b3731e\" data-element_type=\"widget\" data-e-type=\"widget\" data-settings=\"{&quot;slides_to_show&quot;:1,&quot;slides_to_show_mobile&quot;:1,&quot;slides_to_show_tablet&quot;:3,&quot;slides_to_scroll&quot;:1,&quot;slides_to_scroll_tablet&quot;:1,&quot;slides_to_scroll_mobile&quot;:1,&quot;column_gap&quot;:{&quot;unit&quot;:&quot;px&quot;,&quot;size&quot;:20,&quot;sizes&quot;:[]},&quot;column_gap_tablet&quot;:{&quot;unit&quot;:&quot;px&quot;,&quot;size&quot;:&quot;&quot;,&quot;sizes&quot;:[]},&quot;column_gap_mobile&quot;:{&quot;unit&quot;:&quot;px&quot;,&quot;size&quot;:&quot;&quot;,&quot;sizes&quot;:[]}}\" data-widget_type=\"uael-image-gallery.default\">\n\t\t\t\t<div class=\"elementor-widget-container\">\n\t\t\t\t\t<div class=\"uael-gallery-parent uael-caption- uael-gallery-unjustified\"><div data-image_carousel=\"{&quot;slidesToShow&quot;:1,&quot;slidesToScroll&quot;:1,&quot;autoplaySpeed&quot;:5000,&quot;autoplay&quot;:false,&quot;infinite&quot;:false,&quot;pauseOnHover&quot;:true,&quot;speed&quot;:500,&quot;arrows&quot;:true,&quot;dots&quot;:true,&quot;rtl&quot;:false,&quot;responsive&quot;:[{&quot;breakpoint&quot;:1024,&quot;settings&quot;:{&quot;slidesToShow&quot;:3,&quot;slidesToScroll&quot;:1}},{&quot;breakpoint&quot;:767,&quot;settings&quot;:{&quot;slidesToShow&quot;:1,&quot;slidesToScroll&quot;:1}}]}\" class=\"uael-img-gallery-wrap uael-img-carousel-wrap uael-nav-both\" data-filter-default=\"All\"><div class=\"uael-grid-item  uael-img-gallery-item-1\"><div class=\"uael-grid-item-content\"><a class=\"uael-grid-img uael-grid-gallery-img uael-ins-hover elementor-clickable\" target=\"_blank\" rel=\"dofollow\" href=\"https:\/\/twobrotherscampervan.com\/wp-content\/uploads\/71AD76AC-8873-41F9-8FFB-20EE88536CCF-2.jpeg\" data-elementor-open-lightbox=\"no\"><div class=\"uael-grid-img-thumbnail uael-ins-target\"><img decoding=\"async\" src=\"https:\/\/twobrotherscampervan.com\/wp-content\/uploads\/71AD76AC-8873-41F9-8FFB-20EE88536CCF-2.jpeg\" title=\"Sa bassa 10\" alt=\"Sa bassa 10\" loading=\"lazy\" \/><\/div><div class=\"uael-grid-img-overlay\"><\/div><\/a><\/div><\/div><div class=\"uael-grid-item  uael-img-gallery-item-2\"><div class=\"uael-grid-item-content\"><a class=\"uael-grid-img uael-grid-gallery-img uael-ins-hover elementor-clickable\" target=\"_blank\" rel=\"dofollow\" href=\"https:\/\/twobrotherscampervan.com\/wp-content\/uploads\/IMG_4790-scaled.jpeg\" data-elementor-open-lightbox=\"no\"><div class=\"uael-grid-img-thumbnail uael-ins-target\"><img decoding=\"async\" src=\"https:\/\/twobrotherscampervan.com\/wp-content\/uploads\/IMG_4790-scaled.jpeg\" title=\"Sa bassa 1\" alt=\"Sa bassa 1\" loading=\"lazy\" \/><\/div><div class=\"uael-grid-img-overlay\"><\/div><\/a><\/div><\/div><div class=\"uael-grid-item  uael-img-gallery-item-3\"><div class=\"uael-grid-item-content\"><a class=\"uael-grid-img uael-grid-gallery-img uael-ins-hover elementor-clickable\" target=\"_blank\" rel=\"dofollow\" href=\"https:\/\/twobrotherscampervan.com\/wp-content\/uploads\/IMG_4797-scaled.jpeg\" data-elementor-open-lightbox=\"no\"><div class=\"uael-grid-img-thumbnail uael-ins-target\"><img decoding=\"async\" src=\"https:\/\/twobrotherscampervan.com\/wp-content\/uploads\/IMG_4797-scaled.jpeg\" title=\"Sa bassa 6\" alt=\"Sa bassa 6\" loading=\"lazy\" \/><\/div><div class=\"uael-grid-img-overlay\"><\/div><\/a><\/div><\/div><div class=\"uael-grid-item  uael-img-gallery-item-4\"><div class=\"uael-grid-item-content\"><a class=\"uael-grid-img uael-grid-gallery-img uael-ins-hover elementor-clickable\" target=\"_blank\" rel=\"dofollow\" href=\"https:\/\/twobrotherscampervan.com\/wp-content\/uploads\/IMG_4792-scaled.jpeg\" data-elementor-open-lightbox=\"no\"><div class=\"uael-grid-img-thumbnail uael-ins-target\"><img decoding=\"async\" src=\"https:\/\/twobrotherscampervan.com\/wp-content\/uploads\/IMG_4792-scaled.jpeg\" title=\"IMG_4792\" alt=\"IMG_4792\" loading=\"lazy\" \/><\/div><div class=\"uael-grid-img-overlay\"><\/div><\/a><\/div><\/div><div class=\"uael-grid-item  uael-img-gallery-item-5\"><div class=\"uael-grid-item-content\"><a class=\"uael-grid-img uael-grid-gallery-img uael-ins-hover elementor-clickable\" target=\"_blank\" rel=\"dofollow\" href=\"https:\/\/twobrotherscampervan.com\/wp-content\/uploads\/IMG_4788-scaled.jpeg\" data-elementor-open-lightbox=\"no\"><div class=\"uael-grid-img-thumbnail uael-ins-target\"><img decoding=\"async\" src=\"https:\/\/twobrotherscampervan.com\/wp-content\/uploads\/IMG_4788-scaled.jpeg\" title=\"IMG_4788\" alt=\"IMG_4788\" loading=\"lazy\" \/><\/div><div class=\"uael-grid-img-overlay\"><\/div><\/a><\/div><\/div><div class=\"uael-grid-item  uael-img-gallery-item-6\"><div class=\"uael-grid-item-content\"><a class=\"uael-grid-img uael-grid-gallery-img uael-ins-hover elementor-clickable\" target=\"_blank\" rel=\"dofollow\" href=\"https:\/\/twobrotherscampervan.com\/wp-content\/uploads\/IMG_4794-scaled.jpeg\" data-elementor-open-lightbox=\"no\"><div class=\"uael-grid-img-thumbnail uael-ins-target\"><img decoding=\"async\" src=\"https:\/\/twobrotherscampervan.com\/wp-content\/uploads\/IMG_4794-scaled.jpeg\" title=\"Sa bassa 4\" alt=\"Sa bassa 4\" loading=\"lazy\" \/><\/div><div class=\"uael-grid-img-overlay\"><\/div><\/a><\/div><\/div><div class=\"uael-grid-item  uael-img-gallery-item-7\"><div class=\"uael-grid-item-content\"><a class=\"uael-grid-img uael-grid-gallery-img uael-ins-hover elementor-clickable\" target=\"_blank\" rel=\"dofollow\" href=\"https:\/\/twobrotherscampervan.com\/wp-content\/uploads\/IMG_4791-scaled.jpeg\" data-elementor-open-lightbox=\"no\"><div class=\"uael-grid-img-thumbnail uael-ins-target\"><img decoding=\"async\" src=\"https:\/\/twobrotherscampervan.com\/wp-content\/uploads\/IMG_4791-scaled.jpeg\" title=\"Sa bassa 3\" alt=\"Sa bassa 3\" loading=\"lazy\" \/><\/div><div class=\"uael-grid-img-overlay\"><\/div><\/a><\/div><\/div><div class=\"uael-grid-item  uael-img-gallery-item-8\"><div class=\"uael-grid-item-content\"><a class=\"uael-grid-img uael-grid-gallery-img uael-ins-hover elementor-clickable\" target=\"_blank\" rel=\"dofollow\" href=\"https:\/\/twobrotherscampervan.com\/wp-content\/uploads\/IMG_4789-scaled.jpeg\" data-elementor-open-lightbox=\"no\"><div class=\"uael-grid-img-thumbnail uael-ins-target\"><img decoding=\"async\" src=\"https:\/\/twobrotherscampervan.com\/wp-content\/uploads\/IMG_4789-scaled.jpeg\" title=\"Sa bassa 2\" alt=\"Sa bassa 2\" loading=\"lazy\" \/><\/div><div class=\"uael-grid-img-overlay\"><\/div><\/a><\/div><\/div><div class=\"uael-grid-item  uael-img-gallery-item-9\"><div class=\"uael-grid-item-content\"><a class=\"uael-grid-img uael-grid-gallery-img uael-ins-hover elementor-clickable\" target=\"_blank\" rel=\"dofollow\" href=\"https:\/\/twobrotherscampervan.com\/wp-content\/uploads\/IMG_4799-scaled.jpeg\" data-elementor-open-lightbox=\"no\"><div class=\"uael-grid-img-thumbnail uael-ins-target\"><img decoding=\"async\" src=\"https:\/\/twobrotherscampervan.com\/wp-content\/uploads\/IMG_4799-scaled.jpeg\" title=\"Sa bassa 5\" alt=\"Sa bassa 5\" loading=\"lazy\" \/><\/div><div class=\"uael-grid-img-overlay\"><\/div><\/a><\/div><\/div><div class=\"uael-grid-item  uael-img-gallery-item-10\"><div class=\"uael-grid-item-content\"><a class=\"uael-grid-img uael-grid-gallery-img uael-ins-hover elementor-clickable\" target=\"_blank\" rel=\"dofollow\" href=\"https:\/\/twobrotherscampervan.com\/wp-content\/uploads\/IMG_8380-1-scaled.jpeg\" data-elementor-open-lightbox=\"no\"><div class=\"uael-grid-img-thumbnail uael-ins-target\"><img decoding=\"async\" src=\"https:\/\/twobrotherscampervan.com\/wp-content\/uploads\/IMG_8380-1-scaled.jpeg\" title=\"IMG_8380\" alt=\"IMG_8380\" loading=\"lazy\" \/><\/div><div class=\"uael-grid-img-overlay\"><\/div><\/a><\/div><\/div><div class=\"uael-grid-item  uael-img-gallery-item-11\"><div class=\"uael-grid-item-content\"><a class=\"uael-grid-img uael-grid-gallery-img uael-ins-hover elementor-clickable\" target=\"_blank\" rel=\"dofollow\" href=\"https:\/\/twobrotherscampervan.com\/wp-content\/uploads\/IMG_4796-scaled.jpeg\" data-elementor-open-lightbox=\"no\"><div class=\"uael-grid-img-thumbnail uael-ins-target\"><img decoding=\"async\" src=\"https:\/\/twobrotherscampervan.com\/wp-content\/uploads\/IMG_4796-scaled.jpeg\" title=\"Sa bassa 8\" alt=\"Sa bassa 8\" loading=\"lazy\" \/><\/div><div class=\"uael-grid-img-overlay\"><\/div><\/a><\/div><\/div><div class=\"uael-grid-item  uael-img-gallery-item-12\"><div class=\"uael-grid-item-content\"><a class=\"uael-grid-img uael-grid-gallery-img uael-ins-hover elementor-clickable\" target=\"_blank\" rel=\"dofollow\" href=\"https:\/\/twobrotherscampervan.com\/wp-content\/uploads\/IMG_4795-scaled.jpeg\" data-elementor-open-lightbox=\"no\"><div class=\"uael-grid-img-thumbnail uael-ins-target\"><img decoding=\"async\" src=\"https:\/\/twobrotherscampervan.com\/wp-content\/uploads\/IMG_4795-scaled.jpeg\" title=\"Sa bassa 7\" alt=\"Sa bassa 7\" loading=\"lazy\" \/><\/div><div class=\"uael-grid-img-overlay\"><\/div><\/a><\/div><\/div><\/div><\/div>\t\t\t\t<\/div>\n\t\t\t\t<\/div>\n\t\t\t\t\t<\/div>\n\t\t<\/div>\n\t\t\t\t\t<\/div>\n\t\t<\/section>\n\t\t\t\t\t<\/div>\n\t\t<\/div>\n\t\t\t\t\t<\/div>\n\t\t<\/section>\n\t\t\t\t<section class=\"elementor-section elementor-top-section elementor-element elementor-element-5d086f1 elementor-section-boxed elementor-section-height-default elementor-section-height-default\" data-id=\"5d086f1\" data-element_type=\"section\" data-e-type=\"section\">\n\t\t\t\t\t\t<div class=\"elementor-container elementor-column-gap-no\">\n\t\t\t\t\t<div class=\"elementor-column elementor-col-100 elementor-top-column elementor-element elementor-element-e61047e\" data-id=\"e61047e\" data-element_type=\"column\" data-e-type=\"column\">\n\t\t\t<div class=\"elementor-widget-wrap elementor-element-populated\">\n\t\t\t\t\t\t<section class=\"elementor-section elementor-inner-section elementor-element elementor-element-7ac0258 elementor-section-boxed elementor-section-height-default elementor-section-height-default\" data-id=\"7ac0258\" data-element_type=\"section\" data-e-type=\"section\">\n\t\t\t\t\t\t<div class=\"elementor-container elementor-column-gap-no\">\n\t\t\t\t\t<div class=\"elementor-column elementor-col-100 elementor-inner-column elementor-element elementor-element-605e97f\" data-id=\"605e97f\" data-element_type=\"column\" data-e-type=\"column\">\n\t\t\t<div class=\"elementor-widget-wrap elementor-element-populated\">\n\t\t\t\t\t\t<div class=\"elementor-element elementor-element-ddbf8d8 elementor-widget-divider--view-line elementor-widget elementor-widget-divider\" data-id=\"ddbf8d8\" data-element_type=\"widget\" data-e-type=\"widget\" data-widget_type=\"divider.default\">\n\t\t\t\t<div class=\"elementor-widget-container\">\n\t\t\t\t\t\t\t<div class=\"elementor-divider\">\n\t\t\t<span class=\"elementor-divider-separator\">\n\t\t\t\t\t\t<\/span>\n\t\t<\/div>\n\t\t\t\t\t\t<\/div>\n\t\t\t\t<\/div>\n\t\t\t\t<div class=\"elementor-element elementor-element-8b22d06 elementor-widget elementor-widget-heading\" data-id=\"8b22d06\" data-element_type=\"widget\" data-e-type=\"widget\" data-widget_type=\"heading.default\">\n\t\t\t\t<div class=\"elementor-widget-container\">\n\t\t\t\t\t<h2 class=\"elementor-heading-title elementor-size-default\">Nuestros campers opinan<\/h2>\t\t\t\t<\/div>\n\t\t\t\t<\/div>\n\t\t\t\t\t<\/div>\n\t\t<\/div>\n\t\t\t\t\t<\/div>\n\t\t<\/section>\n\t\t\t\t<section class=\"elementor-section elementor-inner-section elementor-element elementor-element-5cb9849 elementor-section-boxed elementor-section-height-default elementor-section-height-default\" data-id=\"5cb9849\" data-element_type=\"section\" data-e-type=\"section\">\n\t\t\t\t\t\t<div class=\"elementor-container elementor-column-gap-no\">\n\t\t\t\t\t<div class=\"elementor-column elementor-col-33 elementor-inner-column elementor-element elementor-element-ddfed29\" data-id=\"ddfed29\" data-element_type=\"column\" data-e-type=\"column\" data-settings=\"{&quot;background_background&quot;:&quot;classic&quot;}\">\n\t\t\t<div class=\"elementor-widget-wrap elementor-element-populated\">\n\t\t\t\t\t\t<div class=\"elementor-element elementor-element-47876d7 elementor-widget elementor-widget-text-editor\" data-id=\"47876d7\" data-element_type=\"widget\" data-e-type=\"widget\" data-widget_type=\"text-editor.default\">\n\t\t\t\t<div class=\"elementor-widget-container\">\n\t\t\t\t\t\t\t\t\t<p class=\"p1\"><span class=\"s1\">Nuestra estancia en Mallorca no habr\u00eda sido la misma sin esta magn\u00edfica furgoneta. Todo ha sido muy claro desde el principio, la furgoneta es funcional (ideal para el comienzo de la temporada) y el tama\u00f1o pr\u00e1ctico para aparcar en los peque\u00f1os pueblos e ir a cualquier lugar. Lo recomiendo si desea visitar la isla en poco tiempo.<\/span><\/p>\t\t\t\t\t\t\t\t<\/div>\n\t\t\t\t<\/div>\n\t\t\t\t<div class=\"elementor-element elementor-element-e88f6a7 elementor-widget elementor-widget-heading\" data-id=\"e88f6a7\" data-element_type=\"widget\" data-e-type=\"widget\" data-widget_type=\"heading.default\">\n\t\t\t\t<div class=\"elementor-widget-container\">\n\t\t\t\t\t<h6 class=\"elementor-heading-title elementor-size-default\">JULIE, MAYO 2023<\/h6>\t\t\t\t<\/div>\n\t\t\t\t<\/div>\n\t\t\t\t\t<\/div>\n\t\t<\/div>\n\t\t\t\t<div class=\"elementor-column elementor-col-33 elementor-inner-column elementor-element elementor-element-16faa68\" data-id=\"16faa68\" data-element_type=\"column\" data-e-type=\"column\" data-settings=\"{&quot;background_background&quot;:&quot;classic&quot;}\">\n\t\t\t<div class=\"elementor-widget-wrap elementor-element-populated\">\n\t\t\t\t\t\t<div class=\"elementor-element elementor-element-deb305f elementor-widget elementor-widget-text-editor\" data-id=\"deb305f\" data-element_type=\"widget\" data-e-type=\"widget\" data-widget_type=\"text-editor.default\">\n\t\t\t\t<div class=\"elementor-widget-container\">\n\t\t\t\t\t\t\t\t\t<p class=\"p1\"><span class=\"s1\">Experiencia muy agradable y singular. Me ha gustado mucho moverme con tanta libertad. Inma me recomend\u00f3 lugares preciosos donde pod\u00eda quedarme sin ser molestada. En la furgoneta hab\u00eda todo lo que pod\u00edas necesitar. Gran experiencia, repetir\u00eda.<\/span><\/p>\t\t\t\t\t\t\t\t<\/div>\n\t\t\t\t<\/div>\n\t\t\t\t<div class=\"elementor-element elementor-element-8e73095 elementor-widget elementor-widget-heading\" data-id=\"8e73095\" data-element_type=\"widget\" data-e-type=\"widget\" data-widget_type=\"heading.default\">\n\t\t\t\t<div class=\"elementor-widget-container\">\n\t\t\t\t\t<h6 class=\"elementor-heading-title elementor-size-default\">LEONIE, marzo 2024<\/h6>\t\t\t\t<\/div>\n\t\t\t\t<\/div>\n\t\t\t\t\t<\/div>\n\t\t<\/div>\n\t\t\t\t<div class=\"elementor-column elementor-col-33 elementor-inner-column elementor-element elementor-element-77b35fb\" data-id=\"77b35fb\" data-element_type=\"column\" data-e-type=\"column\" data-settings=\"{&quot;background_background&quot;:&quot;classic&quot;}\">\n\t\t\t<div class=\"elementor-widget-wrap elementor-element-populated\">\n\t\t\t\t\t\t<div class=\"elementor-element elementor-element-375e0d2 elementor-widget elementor-widget-text-editor\" data-id=\"375e0d2\" data-element_type=\"widget\" data-e-type=\"widget\" data-widget_type=\"text-editor.default\">\n\t\t\t\t<div class=\"elementor-widget-container\">\n\t\t\t\t\t\t\t\t\t<p class=\"p1\"><span class=\"s1\">Nuestra estancia fue m\u00e1s agradable de lo que esperaba. Las fotos son las mismas que las que encontramos.<br \/>La cama es m\u00e1s grande de lo que puedes esperar:)<br \/>Viajar por la isla en autocaravana fue lo mejor que pudimos haber hecho.<br \/>La caravana es suficiente para dos (somos muy grandes) pero c\u00f3moda.<br \/>Debido al sistema solar en la azotea, siempre tienes bebidas fr\u00edas y electricidad en cualquier momento.<br \/><\/span><\/p>\t\t\t\t\t\t\t\t<\/div>\n\t\t\t\t<\/div>\n\t\t\t\t<div class=\"elementor-element elementor-element-16d19de elementor-widget elementor-widget-heading\" data-id=\"16d19de\" data-element_type=\"widget\" data-e-type=\"widget\" data-widget_type=\"heading.default\">\n\t\t\t\t<div class=\"elementor-widget-container\">\n\t\t\t\t\t<h6 class=\"elementor-heading-title elementor-size-default\">nic, julio de 2022<\/h6>\t\t\t\t<\/div>\n\t\t\t\t<\/div>\n\t\t\t\t\t<\/div>\n\t\t<\/div>\n\t\t\t\t\t<\/div>\n\t\t<\/section>\n\t\t\t\t<section class=\"elementor-section elementor-inner-section elementor-element elementor-element-9cc7133 elementor-section-boxed elementor-section-height-default elementor-section-height-default\" data-id=\"9cc7133\" data-element_type=\"section\" data-e-type=\"section\">\n\t\t\t\t\t\t<div class=\"elementor-container elementor-column-gap-no\">\n\t\t\t\t\t<div class=\"elementor-column elementor-col-33 elementor-inner-column elementor-element elementor-element-ed8ddfd\" data-id=\"ed8ddfd\" data-element_type=\"column\" data-e-type=\"column\" data-settings=\"{&quot;background_background&quot;:&quot;classic&quot;}\">\n\t\t\t<div class=\"elementor-widget-wrap elementor-element-populated\">\n\t\t\t\t\t\t<div class=\"elementor-element elementor-element-207e3da elementor-widget elementor-widget-text-editor\" data-id=\"207e3da\" data-element_type=\"widget\" data-e-type=\"widget\" data-widget_type=\"text-editor.default\">\n\t\t\t\t<div class=\"elementor-widget-container\">\n\t\t\t\t\t\t\t\t\t<p class=\"p1\"><span class=\"s1\">La caravana se parece a las fotos. Todo muy funcional y realmente amueblado con detalles amorosos. Se nota que Antonio e Inma le dedican mucha pasi\u00f3n, lo cual es genial. Lamentablemente, causamos algunos defectos en la furgoneta, a los que los dos respondieron muy bien y pudimos aclararlo f\u00e1cilmente. Gracias de nuevo por eso.<br \/><\/span><\/p>\t\t\t\t\t\t\t\t<\/div>\n\t\t\t\t<\/div>\n\t\t\t\t<div class=\"elementor-element elementor-element-361d8a0 elementor-widget elementor-widget-heading\" data-id=\"361d8a0\" data-element_type=\"widget\" data-e-type=\"widget\" data-widget_type=\"heading.default\">\n\t\t\t\t<div class=\"elementor-widget-container\">\n\t\t\t\t\t<h6 class=\"elementor-heading-title elementor-size-default\">ANETTE, JULIO 2022<\/h6>\t\t\t\t<\/div>\n\t\t\t\t<\/div>\n\t\t\t\t\t<\/div>\n\t\t<\/div>\n\t\t\t\t<div class=\"elementor-column elementor-col-33 elementor-inner-column elementor-element elementor-element-a586576\" data-id=\"a586576\" data-element_type=\"column\" data-e-type=\"column\" data-settings=\"{&quot;background_background&quot;:&quot;classic&quot;}\">\n\t\t\t<div class=\"elementor-widget-wrap elementor-element-populated\">\n\t\t\t\t\t\t<div class=\"elementor-element elementor-element-198df91 elementor-widget elementor-widget-text-editor\" data-id=\"198df91\" data-element_type=\"widget\" data-e-type=\"widget\" data-widget_type=\"text-editor.default\">\n\t\t\t\t<div class=\"elementor-widget-container\">\n\t\t\t\t\t\t\t\t\t<p class=\"p1\"><span class=\"s1\">La furgoneta es exactamente como se describe en las fotos. Su tama\u00f1o hace que sea f\u00e1cil llegar a cualquier lugar. Fue hecha con mucho amor y pasi\u00f3n, y est\u00e1 pensado hasta el \u00faltimo detalle. Hemos pasado unos d\u00edas fant\u00e1sticos con \u00e9l en Mallorca. Gracias de nuevo.<\/span><\/p>\t\t\t\t\t\t\t\t<\/div>\n\t\t\t\t<\/div>\n\t\t\t\t<div class=\"elementor-element elementor-element-2fe4952 elementor-widget elementor-widget-heading\" data-id=\"2fe4952\" data-element_type=\"widget\" data-e-type=\"widget\" data-widget_type=\"heading.default\">\n\t\t\t\t<div class=\"elementor-widget-container\">\n\t\t\t\t\t<h6 class=\"elementor-heading-title elementor-size-default\">VOLKER, JULIO 2022<\/h6>\t\t\t\t<\/div>\n\t\t\t\t<\/div>\n\t\t\t\t\t<\/div>\n\t\t<\/div>\n\t\t\t\t<div class=\"elementor-column elementor-col-33 elementor-inner-column elementor-element elementor-element-10022e4\" data-id=\"10022e4\" data-element_type=\"column\" data-e-type=\"column\" data-settings=\"{&quot;background_background&quot;:&quot;classic&quot;}\">\n\t\t\t<div class=\"elementor-widget-wrap elementor-element-populated\">\n\t\t\t\t\t\t<div class=\"elementor-element elementor-element-dce193b elementor-widget elementor-widget-image\" data-id=\"dce193b\" data-element_type=\"widget\" data-e-type=\"widget\" data-widget_type=\"image.default\">\n\t\t\t\t<div class=\"elementor-widget-container\">\n\t\t\t\t\t\t\t\t\t\t\t\t\t\t\t<img fetchpriority=\"high\" decoding=\"async\" width=\"683\" height=\"1024\" src=\"https:\/\/twobrotherscampervan.com\/wp-content\/uploads\/TwoBrothersCampervan65-683x1024.jpeg\" class=\"attachment-large size-large wp-image-2915\" alt=\"\" srcset=\"https:\/\/twobrotherscampervan.com\/wp-content\/uploads\/TwoBrothersCampervan65-683x1024.jpeg.webp 683w, https:\/\/twobrotherscampervan.com\/wp-content\/uploads\/TwoBrothersCampervan65-200x300.jpeg.webp 200w, https:\/\/twobrotherscampervan.com\/wp-content\/uploads\/TwoBrothersCampervan65-768x1152.jpeg.webp 768w, https:\/\/twobrotherscampervan.com\/wp-content\/uploads\/TwoBrothersCampervan65-1024x1536.jpeg.webp 1024w, https:\/\/twobrotherscampervan.com\/wp-content\/uploads\/TwoBrothersCampervan65-1365x2048.jpeg.webp 1365w, https:\/\/twobrotherscampervan.com\/wp-content\/uploads\/TwoBrothersCampervan65-scaled.jpeg.webp 1707w\" sizes=\"(max-width: 683px) 100vw, 683px\" \/>\t\t\t\t\t\t\t\t\t\t\t\t\t\t\t<\/div>\n\t\t\t\t<\/div>\n\t\t\t\t\t<\/div>\n\t\t<\/div>\n\t\t\t\t\t<\/div>\n\t\t<\/section>\n\t\t\t\t\t<\/div>\n\t\t<\/div>\n\t\t\t\t\t<\/div>\n\t\t<\/section>\n\t\t\t\t<section class=\"elementor-section elementor-top-section elementor-element elementor-element-3ff73767 elementor-section-boxed elementor-section-height-default elementor-section-height-default\" data-id=\"3ff73767\" data-element_type=\"section\" data-e-type=\"section\">\n\t\t\t\t\t\t<div class=\"elementor-container elementor-column-gap-default\">\n\t\t\t\t\t<div class=\"elementor-column elementor-col-50 elementor-top-column elementor-element elementor-element-11884b1b\" data-id=\"11884b1b\" data-element_type=\"column\" data-e-type=\"column\">\n\t\t\t<div class=\"elementor-widget-wrap elementor-element-populated\">\n\t\t\t\t\t\t<div class=\"elementor-element elementor-element-68d9f8df elementor-widget elementor-widget-heading\" data-id=\"68d9f8df\" data-element_type=\"widget\" data-e-type=\"widget\" data-widget_type=\"heading.default\">\n\t\t\t\t<div class=\"elementor-widget-container\">\n\t\t\t\t\t<h2 class=\"elementor-heading-title elementor-size-default\">\u00bfTienes dudas?<\/h2>\t\t\t\t<\/div>\n\t\t\t\t<\/div>\n\t\t\t\t<div class=\"elementor-element elementor-element-aa336d5 elementor-widget elementor-widget-text-editor\" data-id=\"aa336d5\" data-element_type=\"widget\" data-e-type=\"widget\" data-widget_type=\"text-editor.default\">\n\t\t\t\t<div class=\"elementor-widget-container\">\n\t\t\t\t\t\t\t\t\t<p>\u00bfNo sabes qu\u00e9 furgo escoger? \u00bfO lugares visitar? \u00bfPreguntas sobre el clima de Mallorca? \u00a1Escr\u00edbenos sea cual sea tu duda! \u00a1Te responderemos lo antes posible!<\/p>\t\t\t\t\t\t\t\t<\/div>\n\t\t\t\t<\/div>\n\t\t\t\t\t<\/div>\n\t\t<\/div>\n\t\t\t\t<div class=\"elementor-column elementor-col-50 elementor-top-column elementor-element elementor-element-34d0f8a4\" data-id=\"34d0f8a4\" data-element_type=\"column\" data-e-type=\"column\">\n\t\t\t<div class=\"elementor-widget-wrap elementor-element-populated\">\n\t\t\t\t\t\t<div class=\"elementor-element elementor-element-78eaa678 elementor-widget elementor-widget-shortcode\" data-id=\"78eaa678\" data-element_type=\"widget\" data-e-type=\"widget\" data-widget_type=\"shortcode.default\">\n\t\t\t\t<div class=\"elementor-widget-container\">\n\t\t\t\t\t\t\t<div class=\"elementor-shortcode\"><div class=\"wpforms-container \" id=\"wpforms-66\"><form id=\"wpforms-form-66\" class=\"wpforms-validate wpforms-form\" data-formid=\"66\" method=\"post\" enctype=\"multipart\/form-data\" action=\"\/en\/wp-json\/wp\/v2\/pages\/599\" data-token=\"d01e2a09311cd21318402c3c073dcf62\" data-token-time=\"1788252001\"><noscript class=\"wpforms-error-noscript\">Please enable JavaScript in your browser to complete this form.<\/noscript><div class=\"wpforms-field-container\"><div id=\"wpforms-66-field_0-container\" class=\"wpforms-field wpforms-field-name\" data-field-id=\"0\"><label class=\"wpforms-field-label\" for=\"wpforms-66-field_0\">Nombre <span class=\"wpforms-required-label\">*<\/span><\/label><div class=\"wpforms-field-row wpforms-field-large\"><div class=\"wpforms-field-row-block wpforms-first wpforms-one-half\"><input type=\"text\" id=\"wpforms-66-field_0\" class=\"wpforms-field-name-first wpforms-field-required\" name=\"wpforms[fields][0][first]\" placeholder=\"Nombre\" required><label for=\"wpforms-66-field_0\" class=\"wpforms-field-sublabel after wpforms-sublabel-hide\">First<\/label><\/div><div class=\"wpforms-field-row-block wpforms-one-half\"><input type=\"text\" id=\"wpforms-66-field_0-last\" class=\"wpforms-field-name-last wpforms-field-required\" name=\"wpforms[fields][0][last]\" placeholder=\"Apellidos\" required><label for=\"wpforms-66-field_0-last\" class=\"wpforms-field-sublabel after wpforms-sublabel-hide\">Last<\/label><\/div><\/div><\/div><div id=\"wpforms-66-field_1-container\" class=\"wpforms-field wpforms-field-email\" data-field-id=\"1\"><label class=\"wpforms-field-label\" for=\"wpforms-66-field_1\">Email <span class=\"wpforms-required-label\">*<\/span><\/label><input type=\"email\" id=\"wpforms-66-field_1\" class=\"wpforms-field-large wpforms-field-required\" name=\"wpforms[fields][1]\" spellcheck=\"false\" required><\/div><div id=\"wpforms-66-field_2-container\" class=\"wpforms-field wpforms-field-textarea\" data-field-id=\"2\"><label class=\"wpforms-field-label\" for=\"wpforms-66-field_2\">Mensaje <span class=\"wpforms-required-label\">*<\/span><\/label><textarea id=\"wpforms-66-field_2\" class=\"wpforms-field-medium wpforms-field-required\" name=\"wpforms[fields][2]\" required><\/textarea><\/div><div id=\"wpforms-66-field_5-container\" class=\"wpforms-field wpforms-field-checkbox\" data-field-id=\"5\"><label class=\"wpforms-field-label wpforms-label-hide\">Pol\u00edtica de Privaciad <span class=\"wpforms-required-label\">*<\/span><\/label><ul id=\"wpforms-66-field_5\" class=\"wpforms-field-required\"><li class=\"choice-1 depth-1\"><input type=\"checkbox\" id=\"wpforms-66-field_5_1\" name=\"wpforms[fields][5][]\" value=\"Acepto la Pol\u00edtica de Privacidad del sitio\" required ><label class=\"wpforms-field-label-inline\" for=\"wpforms-66-field_5_1\">Acepto la Pol\u00edtica de Privacidad del sitio<\/label><\/li><\/ul><\/div><\/div><!-- .wpforms-field-container --><div class=\"wpforms-recaptcha-container wpforms-is-recaptcha wpforms-is-recaptcha-type-v2\" ><div class=\"g-recaptcha\" data-sitekey=\"6Lfa4LIqAAAAAGGmmVrip_1aEPXBQiSaesJ70X0_\"><\/div><input type=\"text\" name=\"g-recaptcha-hidden\" class=\"wpforms-recaptcha-hidden\" style=\"position:absolute!important;clip:rect(0,0,0,0)!important;height:1px!important;width:1px!important;border:0!important;overflow:hidden!important;padding:0!important;margin:0!important;\" data-rule-recaptcha=\"1\"><\/div><div class=\"wpforms-submit-container\" ><input type=\"hidden\" name=\"wpforms[id]\" value=\"66\"><input type=\"hidden\" name=\"page_title\" value=\"\"><input type=\"hidden\" name=\"page_url\" value=\"https:\/\/twobrotherscampervan.com\/en\/wp-json\/wp\/v2\/pages\/599\"><input type=\"hidden\" name=\"url_referer\" value=\"\"><button type=\"submit\" name=\"wpforms[submit]\" id=\"wpforms-submit-66\" class=\"wpforms-submit\" data-alt-text=\"Enviando...\" data-submit-text=\"ENV\u00cdAR\" aria-live=\"assertive\" value=\"wpforms-submit\">ENV\u00cdAR<\/button><\/div><\/form><\/div>  <!-- .wpforms-container --><\/div>\n\t\t\t\t\t\t<\/div>\n\t\t\t\t<\/div>\n\t\t\t\t\t<\/div>\n\t\t<\/div>\n\t\t\t\t\t<\/div>\n\t\t<\/section>\n\t\t\t\t<section class=\"elementor-section elementor-top-section elementor-element elementor-element-17062e4 elementor-section-boxed elementor-section-height-default elementor-section-height-default\" data-id=\"17062e4\" data-element_type=\"section\" data-e-type=\"section\">\n\t\t\t\t\t\t<div class=\"elementor-container elementor-column-gap-default\">\n\t\t\t\t\t<div class=\"elementor-column elementor-col-100 elementor-top-column elementor-element elementor-element-6476475\" data-id=\"6476475\" data-element_type=\"column\" data-e-type=\"column\">\n\t\t\t<div class=\"elementor-widget-wrap elementor-element-populated\">\n\t\t\t\t\t\t<div class=\"elementor-element elementor-element-f9a1c81 elementor-widget elementor-widget-heading\" data-id=\"f9a1c81\" data-element_type=\"widget\" data-e-type=\"widget\" data-widget_type=\"heading.default\">\n\t\t\t\t<div class=\"elementor-widget-container\">\n\t\t\t\t\t<h3 class=\"elementor-heading-title elementor-size-default\">\u00daLTIMOS ART\u00cdCULOS DE NUESTRO BLOG<\/h3>\t\t\t\t<\/div>\n\t\t\t\t<\/div>\n\t\t\t\t<div class=\"elementor-element elementor-element-3e7fe82 elementor-widget__width-initial elementor-widget elementor-widget-heading\" data-id=\"3e7fe82\" data-element_type=\"widget\" data-e-type=\"widget\" data-widget_type=\"heading.default\">\n\t\t\t\t<div class=\"elementor-widget-container\">\n\t\t\t\t\t<h3 class=\"elementor-heading-title elementor-size-default\">Las mejores rutas para recorrer Mallorca, los ricones m\u00e1s inexplorados de la isla y algunos tips para viajar en camper.<\/h3>\t\t\t\t<\/div>\n\t\t\t\t<\/div>\n\t\t\t\t<div class=\"elementor-element elementor-element-fb47e8c uael-posts-thumbnail-ratio elementor-widget elementor-widget-uael-posts\" data-id=\"fb47e8c\" data-element_type=\"widget\" data-e-type=\"widget\" data-settings=\"{&quot;card_slides_to_show&quot;:2,&quot;card_slides_to_show_tablet&quot;:2,&quot;card_slides_to_show_mobile&quot;:1,&quot;card_show_filters&quot;:&quot;no&quot;}\" data-widget_type=\"uael-posts.card\">\n\t\t\t\t<div class=\"elementor-widget-container\">\n\t\t\t\t\t\t\t<div class=\"uael-post__header\">\n\t\t\t\t\t<\/div>\n\t\t<div class=\"uael-post__body\">\n\t\t\t\n\t\t\n\t\t<div class=\"uael-post-grid uael-posts\" data-query-type=\"custom\" data-structure=\"masonry\" data-layout=\"masonry\" data-page=\"599\" data-skin=\"card\" data-filter-default=\"\" data-offset-top=\"30\" >\n\n\t\t\t\t\t\t\t<div class=\"uael-post-grid__inner uael-post__columns-2 uael-post__columns-tablet-2 uael-post__columns-mobile-1 uael-post-masonry\">\n\t\t\t\n<div class=\"uael-post-wrapper   sin-categorizar \">\n\t<div class=\"uael-post__bg-wrap\">\n\n\t\t\t\t\n\t\t<div class=\"uael-post__inner-wrap uael-post__noimage\">\n\n\t\t\n\t\t\t\n\t\t\t<div class=\"uael-post__content-wrap\">\n\n\t\t\t\t\t<h4 class=\"uael-post__title\">\n\n\t\t\n\t\t\t\t\t\t<a href=\"https:\/\/twobrotherscampervan.com\/en\/alquiler-furgonetas-camper-mallorca\/\" target=\"_self\">\n\t\t\t\tAlquiler de furgonetas camper en Mallorca: gu\u00eda para organizar tu viaje\t\t\t<\/a>\n\n\t\t\t\t<\/h4>\n\t\t\t\t\t<div class=\"uael-post__meta-data\">\n\t\t\t\t\t<span class=\"uael-post__date\">\n\t\t\t\t\t\t\t\t\t\t\t\t\t<i aria-hidden=\"true\" class=\"fa fa-calendar\"><\/i>\t\t\t\t\t\t\t\t\t\n\t\t\t07\/07\/2026\t\t<\/span>\n\t\t\t\t<span class=\"uael-post__comments\">\n\t\t\t\t\t\t\t\t\t\t\t\t<i aria-hidden=\"true\" class=\"fa fa-comments\"><\/i>\t\t\t\t\t\t\t\t\t\tNo Comments\t\t<\/span>\n\t\t\t\t<\/div>\n\t\t<div class=\"uael-post__separator\"><\/div>\n\t\t<div class=\"uael-post__excerpt\">\n\t\t\tMallorca es uno de esos destinos que invitan a recorrer sin prisas. Calas escondidas, pueblos con encanto, carreteras de monta\u00f1a, miradores y rincones que no ...\t\t<\/div>\n\n\t\t\t\t\t<a class=\"uael-post__read-more elementor-button\" href=\"https:\/\/twobrotherscampervan.com\/en\/alquiler-furgonetas-camper-mallorca\/\" target=\"_blank\" aria-labelledby=\"uael-post-14094\">\n\t\t\t\t\t<span class=\"elementor-button-content-wrapper\">\n\t\t\t\t\t\t\t\t\t\t\t\t\t\t<span class=\"elementor-button-icon elementor-align-icon-left\">\n\n\t\t\t\t\t\t\t\t\t\n\t\t\t\t\t\t\t\t<\/span>\n\t\t\t\t\t\t\t\t\t\t\t\t\t\n\t\t\t\t\t\t<span class=\"elementor-button-text\" id=uael-post-14094>Leer m\u00e1s \u2192<\/span>\n\t\t\t\t\t<\/span>\n\t\t\t\t<\/a>\n\t\t\t\t\t\t<\/div>\n\t\t\t\n\t\t<\/div>\n\t\t\n\t<\/div>\n\n<\/div>\n\n<div class=\"uael-post-wrapper   sin-categorizar \">\n\t<div class=\"uael-post__bg-wrap\">\n\n\t\t\t\t\n\t\t<div class=\"uael-post__inner-wrap \">\n\n\t\t\t\t<div class=\"uael-post__thumbnail\">\n\t\t\t\t\t\t\t<img decoding=\"async\" width=\"2560\" height=\"1440\" src=\"https:\/\/twobrotherscampervan.com\/wp-content\/uploads\/0-Na-Clara-atardecer-2-scaled-1.jpg\" class=\"attachment-full size-full wp-image-9335\" alt=\"\" srcset=\"https:\/\/twobrotherscampervan.com\/wp-content\/uploads\/0-Na-Clara-atardecer-2-scaled-1.jpg 2560w, https:\/\/twobrotherscampervan.com\/wp-content\/uploads\/0-Na-Clara-atardecer-2-scaled-1-300x169.jpg 300w, https:\/\/twobrotherscampervan.com\/wp-content\/uploads\/0-Na-Clara-atardecer-2-scaled-1-1024x576.jpg 1024w, https:\/\/twobrotherscampervan.com\/wp-content\/uploads\/0-Na-Clara-atardecer-2-scaled-1-768x432.jpg 768w, https:\/\/twobrotherscampervan.com\/wp-content\/uploads\/0-Na-Clara-atardecer-2-scaled-1-1536x864.jpg 1536w, https:\/\/twobrotherscampervan.com\/wp-content\/uploads\/0-Na-Clara-atardecer-2-scaled-1-2048x1152.jpg 2048w, https:\/\/twobrotherscampervan.com\/wp-content\/uploads\/0-Na-Clara-atardecer-2-scaled-1-18x10.jpg 18w\" sizes=\"(max-width: 2560px) 100vw, 2560px\" \/>\t\t\t\t\t\t<\/div>\n\t\t\n\t\t\t\n\t\t\t<div class=\"uael-post__content-wrap\">\n\n\t\t\t\t\t<h4 class=\"uael-post__title\">\n\n\t\t\n\t\t\t\t\t\t<a href=\"https:\/\/twobrotherscampervan.com\/en\/mejores-atardeceres-mallorca\/\" target=\"_self\">\n\t\t\t\tLos mejores atardeceres de mallorca\t\t\t<\/a>\n\n\t\t\t\t<\/h4>\n\t\t\t\t\t<div class=\"uael-post__meta-data\">\n\t\t\t\t\t<span class=\"uael-post__date\">\n\t\t\t\t\t\t\t\t\t\t\t\t\t<i aria-hidden=\"true\" class=\"fa fa-calendar\"><\/i>\t\t\t\t\t\t\t\t\t\n\t\t\t06\/03\/2025\t\t<\/span>\n\t\t\t\t<span class=\"uael-post__comments\">\n\t\t\t\t\t\t\t\t\t\t\t\t<i aria-hidden=\"true\" class=\"fa fa-comments\"><\/i>\t\t\t\t\t\t\t\t\t\tNo Comments\t\t<\/span>\n\t\t\t\t<\/div>\n\t\t<div class=\"uael-post__separator\"><\/div>\n\t\t<div class=\"uael-post__excerpt\">\n\t\t\tLos campos obligatorios son seguidos por * D\u00eda de llegada * D\u00eda de salida * Invitados 12345 Mallorca ofrece una gran variedad de lugares donde ...\t\t<\/div>\n\n\t\t\t\t\t<a class=\"uael-post__read-more elementor-button\" href=\"https:\/\/twobrotherscampervan.com\/en\/mejores-atardeceres-mallorca\/\" target=\"_blank\" aria-labelledby=\"uael-post-9329\">\n\t\t\t\t\t<span class=\"elementor-button-content-wrapper\">\n\t\t\t\t\t\t\t\t\t\t\t\t\t\t<span class=\"elementor-button-icon elementor-align-icon-left\">\n\n\t\t\t\t\t\t\t\t\t\n\t\t\t\t\t\t\t\t<\/span>\n\t\t\t\t\t\t\t\t\t\t\t\t\t\n\t\t\t\t\t\t<span class=\"elementor-button-text\" id=uael-post-9329>Leer m\u00e1s \u2192<\/span>\n\t\t\t\t\t<\/span>\n\t\t\t\t<\/a>\n\t\t\t\t\t\t<\/div>\n\t\t\t\n\t\t<\/div>\n\t\t\n\t<\/div>\n\n<\/div>\n\t\t\t\t<\/div>\n\t\t\t\t\t\t\n\t\t<\/div>\n\n\t\t\t\t\t\t<\/div>\n\t\t<div class=\"uael-post__footer\">\n\t\t\t\t\t<\/div>\n\t\t\t\t\t\t<\/div>\n\t\t\t\t<\/div>\n\t\t\t\t\t<\/div>\n\t\t<\/div>\n\t\t\t\t\t<\/div>\n\t\t<\/section>\n\t\t\t\t<section class=\"elementor-section elementor-top-section elementor-element elementor-element-9de5ab8 elementor-section-boxed elementor-section-height-default elementor-section-height-default\" data-id=\"9de5ab8\" data-element_type=\"section\" data-e-type=\"section\">\n\t\t\t\t\t\t<div class=\"elementor-container elementor-column-gap-default\">\n\t\t\t\t\t<div class=\"elementor-column elementor-col-100 elementor-top-column elementor-element elementor-element-c5c2f19\" data-id=\"c5c2f19\" data-element_type=\"column\" data-e-type=\"column\">\n\t\t\t<div class=\"elementor-widget-wrap elementor-element-populated\">\n\t\t\t\t\t\t<div class=\"elementor-element elementor-element-57f93e5 hfe-nav-menu__align-left hfe-submenu-icon-arrow hfe-submenu-animation-none hfe-link-redirect-child hfe-nav-menu__breakpoint-tablet elementor-widget elementor-widget-navigation-menu\" data-id=\"57f93e5\" data-element_type=\"widget\" data-e-type=\"widget\" data-settings=\"{&quot;padding_horizontal_menu_item&quot;:{&quot;unit&quot;:&quot;px&quot;,&quot;size&quot;:15,&quot;sizes&quot;:[]},&quot;padding_horizontal_menu_item_tablet&quot;:{&quot;unit&quot;:&quot;px&quot;,&quot;size&quot;:&quot;&quot;,&quot;sizes&quot;:[]},&quot;padding_horizontal_menu_item_mobile&quot;:{&quot;unit&quot;:&quot;px&quot;,&quot;size&quot;:&quot;&quot;,&quot;sizes&quot;:[]},&quot;padding_vertical_menu_item&quot;:{&quot;unit&quot;:&quot;px&quot;,&quot;size&quot;:15,&quot;sizes&quot;:[]},&quot;padding_vertical_menu_item_tablet&quot;:{&quot;unit&quot;:&quot;px&quot;,&quot;size&quot;:&quot;&quot;,&quot;sizes&quot;:[]},&quot;padding_vertical_menu_item_mobile&quot;:{&quot;unit&quot;:&quot;px&quot;,&quot;size&quot;:&quot;&quot;,&quot;sizes&quot;:[]},&quot;menu_space_between&quot;:{&quot;unit&quot;:&quot;px&quot;,&quot;size&quot;:&quot;&quot;,&quot;sizes&quot;:[]},&quot;menu_space_between_tablet&quot;:{&quot;unit&quot;:&quot;px&quot;,&quot;size&quot;:&quot;&quot;,&quot;sizes&quot;:[]},&quot;menu_space_between_mobile&quot;:{&quot;unit&quot;:&quot;px&quot;,&quot;size&quot;:&quot;&quot;,&quot;sizes&quot;:[]},&quot;menu_row_space&quot;:{&quot;unit&quot;:&quot;px&quot;,&quot;size&quot;:&quot;&quot;,&quot;sizes&quot;:[]},&quot;menu_row_space_tablet&quot;:{&quot;unit&quot;:&quot;px&quot;,&quot;size&quot;:&quot;&quot;,&quot;sizes&quot;:[]},&quot;menu_row_space_mobile&quot;:{&quot;unit&quot;:&quot;px&quot;,&quot;size&quot;:&quot;&quot;,&quot;sizes&quot;:[]},&quot;dropdown_border_radius&quot;:{&quot;unit&quot;:&quot;px&quot;,&quot;top&quot;:&quot;&quot;,&quot;right&quot;:&quot;&quot;,&quot;bottom&quot;:&quot;&quot;,&quot;left&quot;:&quot;&quot;,&quot;isLinked&quot;:true},&quot;dropdown_border_radius_tablet&quot;:{&quot;unit&quot;:&quot;px&quot;,&quot;top&quot;:&quot;&quot;,&quot;right&quot;:&quot;&quot;,&quot;bottom&quot;:&quot;&quot;,&quot;left&quot;:&quot;&quot;,&quot;isLinked&quot;:true},&quot;dropdown_border_radius_mobile&quot;:{&quot;unit&quot;:&quot;px&quot;,&quot;top&quot;:&quot;&quot;,&quot;right&quot;:&quot;&quot;,&quot;bottom&quot;:&quot;&quot;,&quot;left&quot;:&quot;&quot;,&quot;isLinked&quot;:true},&quot;width_dropdown_item&quot;:{&quot;unit&quot;:&quot;px&quot;,&quot;size&quot;:&quot;220&quot;,&quot;sizes&quot;:[]},&quot;width_dropdown_item_tablet&quot;:{&quot;unit&quot;:&quot;px&quot;,&quot;size&quot;:&quot;&quot;,&quot;sizes&quot;:[]},&quot;width_dropdown_item_mobile&quot;:{&quot;unit&quot;:&quot;px&quot;,&quot;size&quot;:&quot;&quot;,&quot;sizes&quot;:[]},&quot;padding_horizontal_dropdown_item&quot;:{&quot;unit&quot;:&quot;px&quot;,&quot;size&quot;:&quot;&quot;,&quot;sizes&quot;:[]},&quot;padding_horizontal_dropdown_item_tablet&quot;:{&quot;unit&quot;:&quot;px&quot;,&quot;size&quot;:&quot;&quot;,&quot;sizes&quot;:[]},&quot;padding_horizontal_dropdown_item_mobile&quot;:{&quot;unit&quot;:&quot;px&quot;,&quot;size&quot;:&quot;&quot;,&quot;sizes&quot;:[]},&quot;padding_vertical_dropdown_item&quot;:{&quot;unit&quot;:&quot;px&quot;,&quot;size&quot;:15,&quot;sizes&quot;:[]},&quot;padding_vertical_dropdown_item_tablet&quot;:{&quot;unit&quot;:&quot;px&quot;,&quot;size&quot;:&quot;&quot;,&quot;sizes&quot;:[]},&quot;padding_vertical_dropdown_item_mobile&quot;:{&quot;unit&quot;:&quot;px&quot;,&quot;size&quot;:&quot;&quot;,&quot;sizes&quot;:[]},&quot;distance_from_menu&quot;:{&quot;unit&quot;:&quot;px&quot;,&quot;size&quot;:&quot;&quot;,&quot;sizes&quot;:[]},&quot;distance_from_menu_tablet&quot;:{&quot;unit&quot;:&quot;px&quot;,&quot;size&quot;:&quot;&quot;,&quot;sizes&quot;:[]},&quot;distance_from_menu_mobile&quot;:{&quot;unit&quot;:&quot;px&quot;,&quot;size&quot;:&quot;&quot;,&quot;sizes&quot;:[]},&quot;toggle_size&quot;:{&quot;unit&quot;:&quot;px&quot;,&quot;size&quot;:&quot;&quot;,&quot;sizes&quot;:[]},&quot;toggle_size_tablet&quot;:{&quot;unit&quot;:&quot;px&quot;,&quot;size&quot;:&quot;&quot;,&quot;sizes&quot;:[]},&quot;toggle_size_mobile&quot;:{&quot;unit&quot;:&quot;px&quot;,&quot;size&quot;:&quot;&quot;,&quot;sizes&quot;:[]},&quot;toggle_border_width&quot;:{&quot;unit&quot;:&quot;px&quot;,&quot;size&quot;:&quot;&quot;,&quot;sizes&quot;:[]},&quot;toggle_border_width_tablet&quot;:{&quot;unit&quot;:&quot;px&quot;,&quot;size&quot;:&quot;&quot;,&quot;sizes&quot;:[]},&quot;toggle_border_width_mobile&quot;:{&quot;unit&quot;:&quot;px&quot;,&quot;size&quot;:&quot;&quot;,&quot;sizes&quot;:[]},&quot;toggle_border_radius&quot;:{&quot;unit&quot;:&quot;px&quot;,&quot;size&quot;:&quot;&quot;,&quot;sizes&quot;:[]},&quot;toggle_border_radius_tablet&quot;:{&quot;unit&quot;:&quot;px&quot;,&quot;size&quot;:&quot;&quot;,&quot;sizes&quot;:[]},&quot;toggle_border_radius_mobile&quot;:{&quot;unit&quot;:&quot;px&quot;,&quot;size&quot;:&quot;&quot;,&quot;sizes&quot;:[]}}\" data-widget_type=\"navigation-menu.default\">\n\t\t\t\t<div class=\"elementor-widget-container\">\n\t\t\t\t\t\t\t\t<div class=\"hfe-nav-menu hfe-layout-horizontal hfe-nav-menu-layout horizontal hfe-pointer__none\" data-layout=\"horizontal\">\n\t\t\t\t<div role=\"button\" class=\"hfe-nav-menu__toggle elementor-clickable\" tabindex=\"0\" aria-label=\"Menu Toggle\">\n\t\t\t\t\t<span class=\"screen-reader-text\">Menu<\/span>\n\t\t\t\t\t<div class=\"hfe-nav-menu-icon\">\n\t\t\t\t\t\t<i aria-hidden=\"true\"  class=\"fas fa-align-justify\"><\/i>\t\t\t\t\t<\/div>\n\t\t\t\t<\/div>\n\t\t\t\t<nav class=\"hfe-nav-menu__layout-horizontal hfe-nav-menu__submenu-arrow\" data-toggle-icon=\"&lt;i aria-hidden=&quot;true&quot; tabindex=&quot;0&quot; class=&quot;fas fa-align-justify&quot;&gt;&lt;\/i&gt;\" data-close-icon=\"&lt;i aria-hidden=&quot;true&quot; tabindex=&quot;0&quot; class=&quot;far fa-window-close&quot;&gt;&lt;\/i&gt;\" data-full-width=\"yes\">\n\t\t\t\t\t<ul id=\"menu-1-57f93e5\" class=\"hfe-nav-menu\"><li id=\"menu-item-11013\" class=\"menu-item menu-item-type-post_type menu-item-object-page menu-item-has-children parent hfe-has-submenu hfe-creative-menu\"><div class=\"hfe-has-submenu-container\" tabindex=\"0\" role=\"button\" aria-haspopup=\"true\" aria-expanded=\"false\"><a aria-expanded=\"false\" href=\"https:\/\/twobrotherscampervan.com\/en\/campers\/\" class = \"hfe-menu-item\">Las furgos<span class='hfe-menu-toggle sub-arrow hfe-menu-child-0'><i class='fa'><\/i><\/span><\/a><\/div>\n<ul class=\"sub-menu\">\n\t<li id=\"menu-item-11012\" class=\"menu-item menu-item-type-post_type menu-item-object-page hfe-creative-menu\"><a href=\"https:\/\/twobrotherscampervan.com\/en\/campers\/caracola\/\" class = \"hfe-sub-menu-item\">Caracola<\/a><\/li>\n\t<li id=\"menu-item-11011\" class=\"menu-item menu-item-type-post_type menu-item-object-page hfe-creative-menu\"><a href=\"https:\/\/twobrotherscampervan.com\/en\/campers\/camper-formentera\/\" class = \"hfe-sub-menu-item\">Formentera<\/a><\/li>\n\t<li id=\"menu-item-11010\" class=\"menu-item menu-item-type-post_type menu-item-object-page hfe-creative-menu\"><a href=\"https:\/\/twobrotherscampervan.com\/en\/campers\/camper-sacalobra\/\" class = \"hfe-sub-menu-item\">Sa Calobra<\/a><\/li>\n\t<li id=\"menu-item-11009\" class=\"menu-item menu-item-type-post_type menu-item-object-page hfe-creative-menu\"><a href=\"https:\/\/twobrotherscampervan.com\/en\/campers\/camper-tramontana\/\" class = \"hfe-sub-menu-item\">Tramontana<\/a><\/li>\n\t<li id=\"menu-item-13712\" class=\"menu-item menu-item-type-post_type menu-item-object-page hfe-creative-menu\"><a href=\"https:\/\/twobrotherscampervan.com\/en\/campers\/camper-dragonera\/\" class = \"hfe-sub-menu-item\">Dragonera<\/a><\/li>\n\t<li id=\"menu-item-13942\" class=\"menu-item menu-item-type-post_type menu-item-object-page hfe-creative-menu\"><a href=\"https:\/\/twobrotherscampervan.com\/en\/sa-bassa\/\" class = \"hfe-sub-menu-item\">Sa bassa<\/a><\/li>\n<\/ul>\n<\/li>\n<li id=\"menu-item-11014\" class=\"menu-item menu-item-type-post_type menu-item-object-page parent hfe-creative-menu\"><a href=\"https:\/\/twobrotherscampervan.com\/en\/preguntas-frecuentes\/\" class = \"hfe-menu-item\">Preguntas frecuentes<\/a><\/li>\n<li id=\"menu-item-11015\" class=\"menu-item menu-item-type-post_type menu-item-object-page parent hfe-creative-menu\"><a href=\"https:\/\/twobrotherscampervan.com\/en\/camperizamos-tu-furgo\/\" class = \"hfe-menu-item\">Camperizamos tu Furgo<\/a><\/li>\n<li id=\"menu-item-11016\" class=\"menu-item menu-item-type-post_type menu-item-object-page current_page_parent parent hfe-creative-menu\"><a href=\"https:\/\/twobrotherscampervan.com\/en\/blog-mallorca-camper\/\" class = \"hfe-menu-item\">Blog: mallorca en camper<\/a><\/li>\n<\/ul> \n\t\t\t\t<\/nav>\n\t\t\t<\/div>\n\t\t\t\t\t\t\t<\/div>\n\t\t\t\t<\/div>\n\t\t\t\t\t<\/div>\n\t\t<\/div>\n\t\t\t\t\t<\/div>\n\t\t<\/section>\n\t\t\t\t<\/div>\n\t\t","protected":false},"excerpt":{"rendered":"<p>Alquiler de campers en Mallorca Por qu\u00e9 alquilar una camper en Mallorca con Two Brothers Si est\u00e1s buscando una forma flexible y libre de explorar la isla, alquilar una camper en Mallorca es la mejor opci\u00f3n. Te permitir\u00e1 ver atardeceres espectaculares, ver las estrellas desde la azotea de nuestras furgos y moverte libremente para ver [&hellip;]<\/p>\n","protected":false},"author":2,"featured_media":0,"parent":0,"menu_order":0,"comment_status":"closed","ping_status":"closed","template":"","meta":{"site-sidebar-layout":"no-sidebar","site-content-layout":"page-builder","ast-site-content-layout":"full-width-container","site-content-style":"unboxed","site-sidebar-style":"unboxed","ast-global-header-display":"","ast-banner-title-visibility":"","ast-main-header-display":"","ast-hfb-above-header-display":"","ast-hfb-below-header-display":"","ast-hfb-mobile-header-display":"","site-post-title":"disabled","ast-breadcrumbs-content":"","ast-featured-img":"disabled","footer-sml-layout":"","ast-disable-related-posts":"","theme-transparent-header-meta":"enabled","adv-header-id-meta":"","stick-header-meta":"","header-above-stick-meta":"","header-main-stick-meta":"","header-below-stick-meta":"","astra-migrate-meta-layouts":"set","ast-page-background-enabled":"default","ast-page-background-meta":{"desktop":{"background-color":"","background-image":"","background-repeat":"repeat","background-position":"center center","background-size":"auto","background-attachment":"scroll","background-type":"","background-media":"","overlay-type":"","overlay-color":"","overlay-opacity":"","overlay-gradient":""},"tablet":{"background-color":"","background-image":"","background-repeat":"repeat","background-position":"center center","background-size":"auto","background-attachment":"scroll","background-type":"","background-media":"","overlay-type":"","overlay-color":"","overlay-opacity":"","overlay-gradient":""},"mobile":{"background-color":"","background-image":"","background-repeat":"repeat","background-position":"center center","background-size":"auto","background-attachment":"scroll","background-type":"","background-media":"","overlay-type":"","overlay-color":"","overlay-opacity":"","overlay-gradient":""}},"ast-content-background-meta":{"desktop":{"background-color":"var(--ast-global-color-5)","background-image":"","background-repeat":"repeat","background-position":"center center","background-size":"auto","background-attachment":"scroll","background-type":"","background-media":"","overlay-type":"","overlay-color":"","overlay-opacity":"","overlay-gradient":""},"tablet":{"background-color":"var(--ast-global-color-5)","background-image":"","background-repeat":"repeat","background-position":"center center","background-size":"auto","background-attachment":"scroll","background-type":"","background-media":"","overlay-type":"","overlay-color":"","overlay-opacity":"","overlay-gradient":""},"mobile":{"background-color":"var(--ast-global-color-5)","background-image":"","background-repeat":"repeat","background-position":"center center","background-size":"auto","background-attachment":"scroll","background-type":"","background-media":"","overlay-type":"","overlay-color":"","overlay-opacity":"","overlay-gradient":""}},"footnotes":""},"class_list":["post-599","page","type-page","status-publish","hentry"],"yoast_head":"<!-- This site is optimized with the Yoast SEO plugin v28.3 - https:\/\/yoast.com\/product\/yoast-seo-wordpress\/ -->\n<title>Las furgos - Two Brothers CamperVan<\/title>\n<meta name=\"description\" content=\"Descubre nuestras campers en Mallorca: Dragonera, Formentera, Tramontana... cuentan con todo lo necesario para que tu experiencia sea \u00fanica.\" \/>\n<meta name=\"robots\" content=\"index, follow, max-snippet:-1, max-image-preview:large, max-video-preview:-1\" \/>\n<link rel=\"canonical\" href=\"https:\/\/twobrotherscampervan.com\/en\/campers\/\" \/>\n<meta property=\"og:locale\" content=\"en_GB\" \/>\n<meta property=\"og:type\" content=\"article\" \/>\n<meta property=\"og:title\" content=\"Las furgos - Two Brothers CamperVan\" \/>\n<meta property=\"og:description\" content=\"Descubre nuestras campers en Mallorca: Dragonera, Formentera, Tramontana... cuentan con todo lo necesario para que tu experiencia sea \u00fanica.\" \/>\n<meta property=\"og:url\" content=\"https:\/\/twobrotherscampervan.com\/en\/campers\/\" \/>\n<meta property=\"og:site_name\" content=\"Two Brothers CamperVan\" \/>\n<meta property=\"article:publisher\" content=\"https:\/\/www.facebook.com\/p\/twobrotherscampervan-100063508361247\/\" \/>\n<meta property=\"article:modified_time\" content=\"2026-06-30T04:54:40+00:00\" \/>\n<meta property=\"og:image\" content=\"https:\/\/twobrotherscampervan.com\/wp-content\/uploads\/Dragonera-2026-2.jpeg\" \/>\n<meta name=\"twitter:card\" content=\"summary_large_image\" \/>\n<meta name=\"twitter:label1\" content=\"Estimated reading time\" \/>\n\t<meta name=\"twitter:data1\" content=\"27 minutes\" \/>\n<script type=\"application\/ld+json\" class=\"yoast-schema-graph\">{\"@context\":\"https:\\\/\\\/schema.org\",\"@graph\":[{\"@type\":\"WebPage\",\"@id\":\"https:\\\/\\\/twobrotherscampervan.com\\\/campers\\\/\",\"url\":\"https:\\\/\\\/twobrotherscampervan.com\\\/campers\\\/\",\"name\":\"Las furgos - Two Brothers CamperVan\",\"isPartOf\":{\"@id\":\"https:\\\/\\\/twobrotherscampervan.com\\\/#website\"},\"primaryImageOfPage\":{\"@id\":\"https:\\\/\\\/twobrotherscampervan.com\\\/campers\\\/#primaryimage\"},\"image\":{\"@id\":\"https:\\\/\\\/twobrotherscampervan.com\\\/campers\\\/#primaryimage\"},\"thumbnailUrl\":\"https:\\\/\\\/twobrotherscampervan.com\\\/wp-content\\\/uploads\\\/Dragonera-2026-2.jpeg\",\"datePublished\":\"2020-12-29T09:15:17+00:00\",\"dateModified\":\"2026-06-30T04:54:40+00:00\",\"description\":\"Descubre nuestras campers en Mallorca: Dragonera, Formentera, Tramontana... cuentan con todo lo necesario para que tu experiencia sea \u00fanica.\",\"breadcrumb\":{\"@id\":\"https:\\\/\\\/twobrotherscampervan.com\\\/campers\\\/#breadcrumb\"},\"inLanguage\":\"en-GB\",\"potentialAction\":[{\"@type\":\"ReadAction\",\"target\":[\"https:\\\/\\\/twobrotherscampervan.com\\\/campers\\\/\"]}]},{\"@type\":\"ImageObject\",\"inLanguage\":\"en-GB\",\"@id\":\"https:\\\/\\\/twobrotherscampervan.com\\\/campers\\\/#primaryimage\",\"url\":\"https:\\\/\\\/twobrotherscampervan.com\\\/wp-content\\\/uploads\\\/Dragonera-2026-2.jpeg\",\"contentUrl\":\"https:\\\/\\\/twobrotherscampervan.com\\\/wp-content\\\/uploads\\\/Dragonera-2026-2.jpeg\"},{\"@type\":\"BreadcrumbList\",\"@id\":\"https:\\\/\\\/twobrotherscampervan.com\\\/campers\\\/#breadcrumb\",\"itemListElement\":[{\"@type\":\"ListItem\",\"position\":1,\"name\":\"Portada\",\"item\":\"https:\\\/\\\/twobrotherscampervan.com\\\/\"},{\"@type\":\"ListItem\",\"position\":2,\"name\":\"Las furgos\"}]},{\"@type\":\"WebSite\",\"@id\":\"https:\\\/\\\/twobrotherscampervan.com\\\/#website\",\"url\":\"https:\\\/\\\/twobrotherscampervan.com\\\/\",\"name\":\"Two Brothers CamperVan\",\"description\":\"Alquiler de campers Mallorca\",\"publisher\":{\"@id\":\"https:\\\/\\\/twobrotherscampervan.com\\\/#organization\"},\"potentialAction\":[{\"@type\":\"SearchAction\",\"target\":{\"@type\":\"EntryPoint\",\"urlTemplate\":\"https:\\\/\\\/twobrotherscampervan.com\\\/?s={search_term_string}\"},\"query-input\":{\"@type\":\"PropertyValueSpecification\",\"valueRequired\":true,\"valueName\":\"search_term_string\"}}],\"inLanguage\":\"en-GB\"},{\"@type\":\"Organization\",\"@id\":\"https:\\\/\\\/twobrotherscampervan.com\\\/#organization\",\"name\":\"Two Brothers CamperVan\",\"url\":\"https:\\\/\\\/twobrotherscampervan.com\\\/\",\"logo\":{\"@type\":\"ImageObject\",\"inLanguage\":\"en-GB\",\"@id\":\"https:\\\/\\\/twobrotherscampervan.com\\\/#\\\/schema\\\/logo\\\/image\\\/\",\"url\":\"https:\\\/\\\/twobrotherscampervan.com\\\/wp-content\\\/uploads\\\/cropped-cropped-cropped-logo-horizontal-scaled-1.png\",\"contentUrl\":\"https:\\\/\\\/twobrotherscampervan.com\\\/wp-content\\\/uploads\\\/cropped-cropped-cropped-logo-horizontal-scaled-1.png\",\"width\":2560,\"height\":887,\"caption\":\"Two Brothers CamperVan\"},\"image\":{\"@id\":\"https:\\\/\\\/twobrotherscampervan.com\\\/#\\\/schema\\\/logo\\\/image\\\/\"},\"sameAs\":[\"https:\\\/\\\/www.facebook.com\\\/p\\\/twobrotherscampervan-100063508361247\\\/\",\"https:\\\/\\\/www.instagram.com\\\/twobrotherscampervan\\\/\",\"https:\\\/\\\/www.tiktok.com\\\/@twobrotherscampervan\"]}]}<\/script>\n<!-- \/ Yoast SEO plugin. -->","yoast_head_json":{"title":"Las furgos - Two Brothers CamperVan","description":"Descubre nuestras campers en Mallorca: Dragonera, Formentera, Tramontana... cuentan con todo lo necesario para que tu experiencia sea \u00fanica.","robots":{"index":"index","follow":"follow","max-snippet":"max-snippet:-1","max-image-preview":"max-image-preview:large","max-video-preview":"max-video-preview:-1"},"canonical":"https:\/\/twobrotherscampervan.com\/en\/campers\/","og_locale":"en_GB","og_type":"article","og_title":"Las furgos - Two Brothers CamperVan","og_description":"Descubre nuestras campers en Mallorca: Dragonera, Formentera, Tramontana... cuentan con todo lo necesario para que tu experiencia sea \u00fanica.","og_url":"https:\/\/twobrotherscampervan.com\/en\/campers\/","og_site_name":"Two Brothers CamperVan","article_publisher":"https:\/\/www.facebook.com\/p\/twobrotherscampervan-100063508361247\/","article_modified_time":"2026-06-30T04:54:40+00:00","og_image":[{"url":"https:\/\/twobrotherscampervan.com\/wp-content\/uploads\/Dragonera-2026-2.jpeg","type":"","width":"","height":""}],"twitter_card":"summary_large_image","twitter_misc":{"Estimated reading time":"27 minutes"},"schema":{"@context":"https:\/\/schema.org","@graph":[{"@type":"WebPage","@id":"https:\/\/twobrotherscampervan.com\/campers\/","url":"https:\/\/twobrotherscampervan.com\/campers\/","name":"Las furgos - Two Brothers CamperVan","isPartOf":{"@id":"https:\/\/twobrotherscampervan.com\/#website"},"primaryImageOfPage":{"@id":"https:\/\/twobrotherscampervan.com\/campers\/#primaryimage"},"image":{"@id":"https:\/\/twobrotherscampervan.com\/campers\/#primaryimage"},"thumbnailUrl":"https:\/\/twobrotherscampervan.com\/wp-content\/uploads\/Dragonera-2026-2.jpeg","datePublished":"2020-12-29T09:15:17+00:00","dateModified":"2026-06-30T04:54:40+00:00","description":"Descubre nuestras campers en Mallorca: Dragonera, Formentera, Tramontana... cuentan con todo lo necesario para que tu experiencia sea \u00fanica.","breadcrumb":{"@id":"https:\/\/twobrotherscampervan.com\/campers\/#breadcrumb"},"inLanguage":"en-GB","potentialAction":[{"@type":"ReadAction","target":["https:\/\/twobrotherscampervan.com\/campers\/"]}]},{"@type":"ImageObject","inLanguage":"en-GB","@id":"https:\/\/twobrotherscampervan.com\/campers\/#primaryimage","url":"https:\/\/twobrotherscampervan.com\/wp-content\/uploads\/Dragonera-2026-2.jpeg","contentUrl":"https:\/\/twobrotherscampervan.com\/wp-content\/uploads\/Dragonera-2026-2.jpeg"},{"@type":"BreadcrumbList","@id":"https:\/\/twobrotherscampervan.com\/campers\/#breadcrumb","itemListElement":[{"@type":"ListItem","position":1,"name":"Portada","item":"https:\/\/twobrotherscampervan.com\/"},{"@type":"ListItem","position":2,"name":"Las furgos"}]},{"@type":"WebSite","@id":"https:\/\/twobrotherscampervan.com\/#website","url":"https:\/\/twobrotherscampervan.com\/","name":"Two Brothers CamperVan","description":"Campers rental Mallorca","publisher":{"@id":"https:\/\/twobrotherscampervan.com\/#organization"},"potentialAction":[{"@type":"SearchAction","target":{"@type":"EntryPoint","urlTemplate":"https:\/\/twobrotherscampervan.com\/?s={search_term_string}"},"query-input":{"@type":"PropertyValueSpecification","valueRequired":true,"valueName":"search_term_string"}}],"inLanguage":"en-GB"},{"@type":"Organization","@id":"https:\/\/twobrotherscampervan.com\/#organization","name":"Two Brothers CamperVan","url":"https:\/\/twobrotherscampervan.com\/","logo":{"@type":"ImageObject","inLanguage":"en-GB","@id":"https:\/\/twobrotherscampervan.com\/#\/schema\/logo\/image\/","url":"https:\/\/twobrotherscampervan.com\/wp-content\/uploads\/cropped-cropped-cropped-logo-horizontal-scaled-1.png","contentUrl":"https:\/\/twobrotherscampervan.com\/wp-content\/uploads\/cropped-cropped-cropped-logo-horizontal-scaled-1.png","width":2560,"height":887,"caption":"Two Brothers CamperVan"},"image":{"@id":"https:\/\/twobrotherscampervan.com\/#\/schema\/logo\/image\/"},"sameAs":["https:\/\/www.facebook.com\/p\/twobrotherscampervan-100063508361247\/","https:\/\/www.instagram.com\/twobrotherscampervan\/","https:\/\/www.tiktok.com\/@twobrotherscampervan"]}]}},"_links":{"self":[{"href":"https:\/\/twobrotherscampervan.com\/en\/wp-json\/wp\/v2\/pages\/599","targetHints":{"allow":["GET"]}}],"collection":[{"href":"https:\/\/twobrotherscampervan.com\/en\/wp-json\/wp\/v2\/pages"}],"about":[{"href":"https:\/\/twobrotherscampervan.com\/en\/wp-json\/wp\/v2\/types\/page"}],"author":[{"embeddable":true,"href":"https:\/\/twobrotherscampervan.com\/en\/wp-json\/wp\/v2\/users\/2"}],"replies":[{"embeddable":true,"href":"https:\/\/twobrotherscampervan.com\/en\/wp-json\/wp\/v2\/comments?post=599"}],"version-history":[{"count":5,"href":"https:\/\/twobrotherscampervan.com\/en\/wp-json\/wp\/v2\/pages\/599\/revisions"}],"predecessor-version":[{"id":13989,"href":"https:\/\/twobrotherscampervan.com\/en\/wp-json\/wp\/v2\/pages\/599\/revisions\/13989"}],"wp:attachment":[{"href":"https:\/\/twobrotherscampervan.com\/en\/wp-json\/wp\/v2\/media?parent=599"}],"curies":[{"name":"wp","href":"https:\/\/api.w.org\/{rel}","templated":true}]}}