{"id":3106,"date":"2023-08-09T22:21:12","date_gmt":"2023-08-09T22:21:12","guid":{"rendered":"https:\/\/twobrotherscampervan.com\/?page_id=3106"},"modified":"2026-05-18T17:43:03","modified_gmt":"2026-05-18T17:43:03","slug":"terminos-condiciones","status":"publish","type":"page","link":"https:\/\/twobrotherscampervan.com\/en\/terminos-condiciones\/","title":{"rendered":"TERMS AND CONDITIONS"},"content":{"rendered":"<div data-elementor-type=\"wp-page\" data-elementor-id=\"3106\" class=\"elementor elementor-3106\">\n\t\t\t\t\t\t<section class=\"elementor-section elementor-top-section elementor-element elementor-element-2f8b0a53 elementor-section-boxed elementor-section-height-default elementor-section-height-default\" data-id=\"2f8b0a53\" data-element_type=\"section\" data-e-type=\"section\">\n\t\t\t\t\t\t<div class=\"elementor-container elementor-column-gap-default\">\n\t\t\t\t\t<div class=\"elementor-column elementor-col-100 elementor-top-column elementor-element elementor-element-431c778b\" data-id=\"431c778b\" data-element_type=\"column\" data-e-type=\"column\">\n\t\t\t<div class=\"elementor-widget-wrap elementor-element-populated\">\n\t\t\t\t\t\t<div class=\"elementor-element elementor-element-5175cd55 elementor-widget elementor-widget-text-editor\" data-id=\"5175cd55\" data-element_type=\"widget\" data-e-type=\"widget\" data-widget_type=\"text-editor.default\">\n\t\t\t\t<div class=\"elementor-widget-container\">\n\t\t\t\t\t\t\t\t\t\n<p class=\"wp-block-paragraph\">From the beginning of the reservation of a camper van, the following rental conditions apply and become part of the camper van rental contract.<br \/>When picking up the rented camper van, the traveller\/renter accepts the following terms and conditions. Please read these terms and conditions carefully as they are binding.<\/p>\n\n<p class=\"wp-block-paragraph\"><strong>First. - Purpose and duration of rental<\/strong><\/p>\n\n<p class=\"wp-block-paragraph\">The owner rents the camper van (without driver) to the renter for the days stipulated in each case, the place of delivery and collection of the vehicle being Cam\u00ed de Sant Antoni, 07420 Sa Pobla (Plus Code Q28Q+P6G La Puebla).<\/p>\n\n<p class=\"wp-block-paragraph\">The opening hours are from 10h to 18h, being:<\/p>\n\n<ul class=\"wp-block-list\">\n<li>Check Out timetable: from 10:00h to 11:00h.<\/li>\n\n<li>Check In timetable: from 16:00h to 18:00h.<\/li>\n<\/ul>\n\n<p class=\"wp-block-paragraph\">For deliveries and returns between 19.00h. and 09.00h. a supplement is charged for late night deliveries\/returns and are subject to availability.<\/p>\n\n<p class=\"wp-block-paragraph\"><strong>Second. - Rental Price<\/strong><\/p>\n\n<p class=\"wp-block-paragraph\">The rental price of the vehicle for the total number of days is due at the time of pick-up and start of the camper van rental.\u00a0<\/p>\n\n<p class=\"wp-block-paragraph\"><strong>Third. - Changes and cancellations<\/strong><\/p>\n\n<p class=\"wp-block-paragraph\">In the event that the client cancels the requested reservation, the following penalties will be applied to the amount paid:<\/p>\n\n<ol class=\"wp-block-list\">\n<li>If notified up to one month before the collection date: free of charge.<\/li>\n\n<li>If you give notice between 30 and 16 days before the start of the rental period: 80% of the total amount will be retained as a penalty.<\/li>\n\n<li>If you contact us less than 16 days before the start of the rental period: 100% of the total amount will be retained as a penalty.<\/li>\n<\/ol>\n\n<p class=\"wp-block-paragraph\"><strong>Fourth. - Bail<\/strong><\/p>\n\n<p class=\"wp-block-paragraph\">At the time of collection of the vehicle, the lessee deposits the amount of 600\u20ac\/800\u20ac as a deposit to guarantee the proper use and correct return of the vehicle.<\/p>\n\n<p class=\"wp-block-paragraph\">The security deposit will be returned after examination of the vehicle, which, in case of damage or damage due to misuse, will determine by detailed note, the amount to be paid by the customer, authorizing the lessee to offset this amount from the deposit deposited. If it is not possible to assess the damage immediately, the owner will have 15 days to return, if applicable, the amount of the remaining deposit, after deducting the cost of repairing the damage caused.<\/p>\n\n<p class=\"wp-block-paragraph\">If the damage or deterioration is greater than 600 \u20ac, the insurance company that covers the risk of the camper van will pay for the damage or deterioration up to this amount (excess), unless the renter has acted negligently and the insurance company refuses to pay, in which case the amount of the repairs will be paid in full by the renter.<br \/><br \/>In the event of minor damage to the vehicle, such as scratches or chipped paintwork, in order to avoid a higher repair cost for the repair of the entire damaged area, an amount of between 50\u20ac-100\u20ac will be deducted from the deposit for each damaged area of the vehicle.<\/p>\n\n<p class=\"wp-block-paragraph\"><strong>Fifth. - Force Majeure and Fortuitous Event<\/strong><\/p>\n\n<p class=\"wp-block-paragraph\">The Hirer shall not be entitled to claim any compensation if, due to force majeure or fortuitous cause, the vehicle cannot be delivered on the agreed date. Force majeure is understood to be an insurmountable atmospheric element and fortuitous event is understood to be a breakdown or damage that cannot be repaired by the scheduled delivery date of the camper van. In such a case, the amount paid as a deposit and reservation will be returned in full to the lessee.<\/p>\n\n<p class=\"wp-block-paragraph\"><strong>Sixth. - Early termination<\/strong><\/p>\n\n<p class=\"wp-block-paragraph\">In the event that the hirer, by his own unilateral decision, starts the rental late or terminates it early, he shall not be entitled to any reimbursement. The non-presentation of the hirer at the place and time agreed for the start of this contract shall be considered as a unilateral termination of the contract and the reservation by the hirer, with the following effects:<\/p>\n\n<ol class=\"wp-block-list\">\n<li>Penalty of 100% of the contracted rental value.<\/li>\n\n<li>The owner may dispose of the reserved vehicle without the hirer being entitled to any indemnity or compensation.<\/li>\n<\/ol>\n\n<p class=\"wp-block-paragraph\"><strong>Seventh. - Requirements<\/strong><\/p>\n\n<p class=\"wp-block-paragraph\">The minimum age to be able to drive the vehicle is 25 years old and the driving licence must be valid for 2 years.<\/p>\n\n<p class=\"wp-block-paragraph\">The hirer will hand over a copy of his driving licence before his arrival, or of the person who is going to drive the vehicle, the hirer assuming all responsibility that may arise from not complying with this requirement, whether it be possible traffic sanctions, or refusal by the insurance company in the event of any claim.<\/p>\n\n<p class=\"wp-block-paragraph\"><strong>Eighth. - Use and Enjoyment according to Law<\/strong><\/p>\n\n<p class=\"wp-block-paragraph\">It is expressly forbidden to use the vehicle for any activity contrary to morals, laws and good customs. It is expressly forbidden to transport more people than the number of people allowed by the vehicle's Technical Data Sheet, to carry out races, transport goods or objects, whether or not they are allowed by our legislation, or to transfer its use for payment or profit.<\/p>\n\n<p class=\"wp-block-paragraph\"><strong>Ninth. - Penalties and Fines. Vehicle Paralysis<\/strong><\/p>\n\n<p class=\"wp-block-paragraph\">The lessee shall be liable for any penalties or fines imposed on him. The amount of such fines plus a <strong>commission of 15\u20ac.<\/strong> for the processing of the payment of each fine.<\/p>\n\n<p class=\"wp-block-paragraph\">In the event that the vehicle is retained or impounded due to the fault of the lessee, the expenses and loss of profit of the owner during the time that the vehicle is unavailable will be at the lessee's risk and expense, and the amount per day will be applied for each day that the vehicle is retained or impounded, according to the model and rates in force of the vehicle rental price.<br \/>In the event of the vehicle being immobilised for reasons exclusively attributable to the hirer, the latter shall be liable for the damages resulting from such immobilisation and shall consequently bear the rental costs for all the days it is immobilised, in accordance with the current rates.<\/p>\n\n<p class=\"wp-block-paragraph\"><strong>Tenth. - Gasoline, clean water, butane tanks.<\/strong><\/p>\n\n<p class=\"wp-block-paragraph\">The rented vehicle is delivered in perfect condition for its use and enjoyment, with a full tank of fuel, the lessee having been duly instructed by the owner or his staff.<\/p>\n\n<p class=\"wp-block-paragraph\">The return of the vehicle on the agreed day will be carried out under the same conditions, with its <strong>clean interior<\/strong>the deposit of <strong>grey water empty<\/strong>as well as the deposit of <strong>FULL FUEL<\/strong>or with the same level of fuel as delivered. Otherwise, the lessee accepts the payment of the fixed sum of <strong>60\u20ac\u00a0<\/strong>for extra cleaning and <strong>20 plus fuel ticket<\/strong> which, where appropriate, shall be deducted from the security.<\/p>\n\n<p class=\"wp-block-paragraph\"><strong>Eleventh. - Extension<\/strong><\/p>\n\n<p class=\"wp-block-paragraph\">In principle, the extension of this contract is prohibited. However, if the Hirer wishes to extend the rental of the vehicle beyond the established dates, he must inform Owner 3 days prior to the end of the contract, it being the Owner's power to authorise the extension, taking into account the Owner's availability at that time, and therefore no prior commitment is assumed in this regard.<br \/>Unauthorised or force majeure delays in return will be penalised with a daily rate equal to the amount applied in the contract.<\/p>\n\n<p class=\"wp-block-paragraph\"><strong>Twelfth. - Insurance<\/strong><\/p>\n\n<p class=\"wp-block-paragraph\">The vehicle covered by this contract is insured in accordance with the law. Should a loss occur during the term of the rental contract, the lessee shall be liable for this amount, which he\/she hereby authorises to be offset against the security deposit, if applicable. Any civil liabilities arising from events or circumstances not included in the policy shall be borne exclusively by the lessee.<\/p>\n\n<p class=\"wp-block-paragraph\"><strong>Thirteenth. - Other<\/strong><br \/><br \/>Smoking inside the vehicle is prohibited.<br \/><br \/>Pets are allowed with the prior permission of the property. But for hygienic and allergic reasons you have to carry your pet in a blanket or sheet during the road trip. The elements of the camper may not be used for animals, the extra cleaning that must be done for dirt or hair will have a cost of <strong>60\u20ac<\/strong>.<\/p>\n<p><br \/>When driving, the regulations must be complied with in order to avoid fines. Traffic regulations dictate that animals must be securely fastened to the vehicle to prevent them from interfering with driving. A separator must be placed to prevent them from causing a nuisance or causing distractions.<\/p>\n\n<p class=\"wp-block-paragraph\">The loss of keys by the tenant entails the payment of 220 euros for their replacement.<br \/>The loss of documentation by the tenant will lead to the payment of 250 euros, which will be deducted from the deposit.<br \/>It is forbidden to travel outside the island of Mallorca without the express written authorisation of the Owner.<\/p>\n\n<p class=\"wp-block-paragraph\">\u00a0<\/p>\n\t\t\t\t\t\t\t\t<\/div>\n\t\t\t\t<\/div>\n\t\t\t\t\t<\/div>\n\t\t<\/div>\n\t\t\t\t\t<\/div>\n\t\t<\/section>\n\t\t\t\t<\/div>","protected":false},"excerpt":{"rendered":"<p>Desde el inicio de las gestiones para realizar la reserva de una camper, las siguientes condiciones de alquiler son de aplicaci\u00f3n y pasan a formar parte del contrato de arrendamiento del veh\u00edculo camper.A la hora de recoger el veh\u00edculo camper que ha alquilado, el viajero\/arrendatario acepta las siguientes cl\u00e1usulas. Le rogamos lea con atenci\u00f3n estas [&hellip;]<\/p>\n","protected":false},"author":2,"featured_media":0,"parent":0,"menu_order":0,"comment_status":"closed","ping_status":"closed","template":"","meta":{"site-sidebar-layout":"no-sidebar","site-content-layout":"page-builder","ast-site-content-layout":"default","site-content-style":"default","site-sidebar-style":"default","ast-global-header-display":"","ast-banner-title-visibility":"","ast-main-header-display":"","ast-hfb-above-header-display":"","ast-hfb-below-header-display":"","ast-hfb-mobile-header-display":"","site-post-title":"","ast-breadcrumbs-content":"","ast-featured-img":"disabled","footer-sml-layout":"","ast-disable-related-posts":"","theme-transparent-header-meta":"","adv-header-id-meta":"","stick-header-meta":"","header-above-stick-meta":"","header-main-stick-meta":"","header-below-stick-meta":"","astra-migrate-meta-layouts":"default","ast-page-background-enabled":"default","ast-page-background-meta":{"desktop":{"background-color":"","background-image":"","background-repeat":"repeat","background-position":"center center","background-size":"auto","background-attachment":"scroll","background-type":"","background-media":"","overlay-type":"","overlay-color":"","overlay-opacity":"","overlay-gradient":""},"tablet":{"background-color":"","background-image":"","background-repeat":"repeat","background-position":"center center","background-size":"auto","background-attachment":"scroll","background-type":"","background-media":"","overlay-type":"","overlay-color":"","overlay-opacity":"","overlay-gradient":""},"mobile":{"background-color":"","background-image":"","background-repeat":"repeat","background-position":"center center","background-size":"auto","background-attachment":"scroll","background-type":"","background-media":"","overlay-type":"","overlay-color":"","overlay-opacity":"","overlay-gradient":""}},"ast-content-background-meta":{"desktop":{"background-color":"var(--ast-global-color-5)","background-image":"","background-repeat":"repeat","background-position":"center center","background-size":"auto","background-attachment":"scroll","background-type":"","background-media":"","overlay-type":"","overlay-color":"","overlay-opacity":"","overlay-gradient":""},"tablet":{"background-color":"var(--ast-global-color-5)","background-image":"","background-repeat":"repeat","background-position":"center center","background-size":"auto","background-attachment":"scroll","background-type":"","background-media":"","overlay-type":"","overlay-color":"","overlay-opacity":"","overlay-gradient":""},"mobile":{"background-color":"var(--ast-global-color-5)","background-image":"","background-repeat":"repeat","background-position":"center center","background-size":"auto","background-attachment":"scroll","background-type":"","background-media":"","overlay-type":"","overlay-color":"","overlay-opacity":"","overlay-gradient":""}},"footnotes":""},"class_list":["post-3106","page","type-page","status-publish","hentry"],"yoast_head":"<!-- This site is optimized with the Yoast SEO plugin v28.3 - https:\/\/yoast.com\/product\/yoast-seo-wordpress\/ -->\n<title>T\u00c9RMINOS Y CONDICIONES - Two Brothers CamperVan<\/title>\n<meta name=\"robots\" content=\"index, follow, max-snippet:-1, max-image-preview:large, max-video-preview:-1\" \/>\n<link rel=\"canonical\" href=\"https:\/\/twobrotherscampervan.com\/en\/terminos-condiciones\/\" \/>\n<meta property=\"og:locale\" content=\"en_GB\" \/>\n<meta property=\"og:type\" content=\"article\" \/>\n<meta property=\"og:title\" content=\"T\u00c9RMINOS Y CONDICIONES - Two Brothers CamperVan\" \/>\n<meta property=\"og:description\" content=\"Desde el inicio de las gestiones para realizar la reserva de una camper, las siguientes condiciones de alquiler son de aplicaci\u00f3n y pasan a formar parte del contrato de arrendamiento del veh\u00edculo camper.A la hora de recoger el veh\u00edculo camper que ha alquilado, el viajero\/arrendatario acepta las siguientes cl\u00e1usulas. Le rogamos lea con atenci\u00f3n estas [&hellip;]\" \/>\n<meta property=\"og:url\" content=\"https:\/\/twobrotherscampervan.com\/en\/terminos-condiciones\/\" \/>\n<meta property=\"og:site_name\" content=\"Two Brothers CamperVan\" \/>\n<meta property=\"article:publisher\" content=\"https:\/\/www.facebook.com\/p\/twobrotherscampervan-100063508361247\/\" \/>\n<meta property=\"article:modified_time\" content=\"2026-05-18T17:43:03+00:00\" \/>\n<meta name=\"twitter:card\" content=\"summary_large_image\" \/>\n<meta name=\"twitter:label1\" content=\"Estimated reading time\" \/>\n\t<meta name=\"twitter:data1\" content=\"7 minutes\" \/>\n<script type=\"application\/ld+json\" class=\"yoast-schema-graph\">{\"@context\":\"https:\\\/\\\/schema.org\",\"@graph\":[{\"@type\":\"WebPage\",\"@id\":\"https:\\\/\\\/twobrotherscampervan.com\\\/terminos-condiciones\\\/\",\"url\":\"https:\\\/\\\/twobrotherscampervan.com\\\/terminos-condiciones\\\/\",\"name\":\"T\u00c9RMINOS Y CONDICIONES - Two Brothers CamperVan\",\"isPartOf\":{\"@id\":\"https:\\\/\\\/twobrotherscampervan.com\\\/#website\"},\"datePublished\":\"2023-08-09T22:21:12+00:00\",\"dateModified\":\"2026-05-18T17:43:03+00:00\",\"breadcrumb\":{\"@id\":\"https:\\\/\\\/twobrotherscampervan.com\\\/terminos-condiciones\\\/#breadcrumb\"},\"inLanguage\":\"en-GB\",\"potentialAction\":[{\"@type\":\"ReadAction\",\"target\":[\"https:\\\/\\\/twobrotherscampervan.com\\\/terminos-condiciones\\\/\"]}]},{\"@type\":\"BreadcrumbList\",\"@id\":\"https:\\\/\\\/twobrotherscampervan.com\\\/terminos-condiciones\\\/#breadcrumb\",\"itemListElement\":[{\"@type\":\"ListItem\",\"position\":1,\"name\":\"Portada\",\"item\":\"https:\\\/\\\/twobrotherscampervan.com\\\/\"},{\"@type\":\"ListItem\",\"position\":2,\"name\":\"T\u00c9RMINOS Y CONDICIONES\"}]},{\"@type\":\"WebSite\",\"@id\":\"https:\\\/\\\/twobrotherscampervan.com\\\/#website\",\"url\":\"https:\\\/\\\/twobrotherscampervan.com\\\/\",\"name\":\"Two Brothers CamperVan\",\"description\":\"Alquiler de campers Mallorca\",\"publisher\":{\"@id\":\"https:\\\/\\\/twobrotherscampervan.com\\\/#organization\"},\"potentialAction\":[{\"@type\":\"SearchAction\",\"target\":{\"@type\":\"EntryPoint\",\"urlTemplate\":\"https:\\\/\\\/twobrotherscampervan.com\\\/?s={search_term_string}\"},\"query-input\":{\"@type\":\"PropertyValueSpecification\",\"valueRequired\":true,\"valueName\":\"search_term_string\"}}],\"inLanguage\":\"en-GB\"},{\"@type\":\"Organization\",\"@id\":\"https:\\\/\\\/twobrotherscampervan.com\\\/#organization\",\"name\":\"Two Brothers CamperVan\",\"url\":\"https:\\\/\\\/twobrotherscampervan.com\\\/\",\"logo\":{\"@type\":\"ImageObject\",\"inLanguage\":\"en-GB\",\"@id\":\"https:\\\/\\\/twobrotherscampervan.com\\\/#\\\/schema\\\/logo\\\/image\\\/\",\"url\":\"https:\\\/\\\/twobrotherscampervan.com\\\/wp-content\\\/uploads\\\/cropped-cropped-cropped-logo-horizontal-scaled-1.png\",\"contentUrl\":\"https:\\\/\\\/twobrotherscampervan.com\\\/wp-content\\\/uploads\\\/cropped-cropped-cropped-logo-horizontal-scaled-1.png\",\"width\":2560,\"height\":887,\"caption\":\"Two Brothers CamperVan\"},\"image\":{\"@id\":\"https:\\\/\\\/twobrotherscampervan.com\\\/#\\\/schema\\\/logo\\\/image\\\/\"},\"sameAs\":[\"https:\\\/\\\/www.facebook.com\\\/p\\\/twobrotherscampervan-100063508361247\\\/\",\"https:\\\/\\\/www.instagram.com\\\/twobrotherscampervan\\\/\",\"https:\\\/\\\/www.tiktok.com\\\/@twobrotherscampervan\"]}]}<\/script>\n<!-- \/ Yoast SEO plugin. -->","yoast_head_json":{"title":"T\u00c9RMINOS Y CONDICIONES - Two Brothers CamperVan","robots":{"index":"index","follow":"follow","max-snippet":"max-snippet:-1","max-image-preview":"max-image-preview:large","max-video-preview":"max-video-preview:-1"},"canonical":"https:\/\/twobrotherscampervan.com\/en\/terminos-condiciones\/","og_locale":"en_GB","og_type":"article","og_title":"T\u00c9RMINOS Y CONDICIONES - Two Brothers CamperVan","og_description":"Desde el inicio de las gestiones para realizar la reserva de una camper, las siguientes condiciones de alquiler son de aplicaci\u00f3n y pasan a formar parte del contrato de arrendamiento del veh\u00edculo camper.A la hora de recoger el veh\u00edculo camper que ha alquilado, el viajero\/arrendatario acepta las siguientes cl\u00e1usulas. Le rogamos lea con atenci\u00f3n estas [&hellip;]","og_url":"https:\/\/twobrotherscampervan.com\/en\/terminos-condiciones\/","og_site_name":"Two Brothers CamperVan","article_publisher":"https:\/\/www.facebook.com\/p\/twobrotherscampervan-100063508361247\/","article_modified_time":"2026-05-18T17:43:03+00:00","twitter_card":"summary_large_image","twitter_misc":{"Estimated reading time":"7 minutes"},"schema":{"@context":"https:\/\/schema.org","@graph":[{"@type":"WebPage","@id":"https:\/\/twobrotherscampervan.com\/terminos-condiciones\/","url":"https:\/\/twobrotherscampervan.com\/terminos-condiciones\/","name":"T\u00c9RMINOS Y CONDICIONES - Two Brothers CamperVan","isPartOf":{"@id":"https:\/\/twobrotherscampervan.com\/#website"},"datePublished":"2023-08-09T22:21:12+00:00","dateModified":"2026-05-18T17:43:03+00:00","breadcrumb":{"@id":"https:\/\/twobrotherscampervan.com\/terminos-condiciones\/#breadcrumb"},"inLanguage":"en-GB","potentialAction":[{"@type":"ReadAction","target":["https:\/\/twobrotherscampervan.com\/terminos-condiciones\/"]}]},{"@type":"BreadcrumbList","@id":"https:\/\/twobrotherscampervan.com\/terminos-condiciones\/#breadcrumb","itemListElement":[{"@type":"ListItem","position":1,"name":"Portada","item":"https:\/\/twobrotherscampervan.com\/"},{"@type":"ListItem","position":2,"name":"T\u00c9RMINOS Y CONDICIONES"}]},{"@type":"WebSite","@id":"https:\/\/twobrotherscampervan.com\/#website","url":"https:\/\/twobrotherscampervan.com\/","name":"Two Brothers CamperVan","description":"Campers rental Mallorca","publisher":{"@id":"https:\/\/twobrotherscampervan.com\/#organization"},"potentialAction":[{"@type":"SearchAction","target":{"@type":"EntryPoint","urlTemplate":"https:\/\/twobrotherscampervan.com\/?s={search_term_string}"},"query-input":{"@type":"PropertyValueSpecification","valueRequired":true,"valueName":"search_term_string"}}],"inLanguage":"en-GB"},{"@type":"Organization","@id":"https:\/\/twobrotherscampervan.com\/#organization","name":"Two Brothers CamperVan","url":"https:\/\/twobrotherscampervan.com\/","logo":{"@type":"ImageObject","inLanguage":"en-GB","@id":"https:\/\/twobrotherscampervan.com\/#\/schema\/logo\/image\/","url":"https:\/\/twobrotherscampervan.com\/wp-content\/uploads\/cropped-cropped-cropped-logo-horizontal-scaled-1.png","contentUrl":"https:\/\/twobrotherscampervan.com\/wp-content\/uploads\/cropped-cropped-cropped-logo-horizontal-scaled-1.png","width":2560,"height":887,"caption":"Two Brothers CamperVan"},"image":{"@id":"https:\/\/twobrotherscampervan.com\/#\/schema\/logo\/image\/"},"sameAs":["https:\/\/www.facebook.com\/p\/twobrotherscampervan-100063508361247\/","https:\/\/www.instagram.com\/twobrotherscampervan\/","https:\/\/www.tiktok.com\/@twobrotherscampervan"]}]}},"_links":{"self":[{"href":"https:\/\/twobrotherscampervan.com\/en\/wp-json\/wp\/v2\/pages\/3106","targetHints":{"allow":["GET"]}}],"collection":[{"href":"https:\/\/twobrotherscampervan.com\/en\/wp-json\/wp\/v2\/pages"}],"about":[{"href":"https:\/\/twobrotherscampervan.com\/en\/wp-json\/wp\/v2\/types\/page"}],"author":[{"embeddable":true,"href":"https:\/\/twobrotherscampervan.com\/en\/wp-json\/wp\/v2\/users\/2"}],"replies":[{"embeddable":true,"href":"https:\/\/twobrotherscampervan.com\/en\/wp-json\/wp\/v2\/comments?post=3106"}],"version-history":[{"count":5,"href":"https:\/\/twobrotherscampervan.com\/en\/wp-json\/wp\/v2\/pages\/3106\/revisions"}],"predecessor-version":[{"id":12992,"href":"https:\/\/twobrotherscampervan.com\/en\/wp-json\/wp\/v2\/pages\/3106\/revisions\/12992"}],"wp:attachment":[{"href":"https:\/\/twobrotherscampervan.com\/en\/wp-json\/wp\/v2\/media?parent=3106"}],"curies":[{"name":"wp","href":"https:\/\/api.w.org\/{rel}","templated":true}]}}