{"id":1791,"date":"2023-06-19T19:30:16","date_gmt":"2023-06-19T19:30:16","guid":{"rendered":"https:\/\/twobrotherscampervan.com\/?page_id=1791"},"modified":"2026-06-19T05:40:43","modified_gmt":"2026-06-19T05:40:43","slug":"preguntas-frecuentes","status":"publish","type":"page","link":"https:\/\/twobrotherscampervan.com\/en\/preguntas-frecuentes\/","title":{"rendered":"Frequently asked questions"},"content":{"rendered":"\t\t<div data-elementor-type=\"wp-page\" data-elementor-id=\"1791\" class=\"elementor elementor-1791\">\n\t\t\t\t\t\t<section class=\"elementor-section elementor-top-section elementor-element elementor-element-575f20cc elementor-section-content-middle elementor-reverse-mobile elementor-section-height-full elementor-section-boxed elementor-section-height-default elementor-section-items-middle\" data-id=\"575f20cc\" data-element_type=\"section\" data-e-type=\"section\" data-settings=\"{&quot;background_background&quot;:&quot;classic&quot;}\">\n\t\t\t\t\t\t\t<div class=\"elementor-background-overlay\"><\/div>\n\t\t\t\t\t\t\t<div class=\"elementor-container elementor-column-gap-no\">\n\t\t\t\t\t<div class=\"elementor-column elementor-col-100 elementor-top-column elementor-element elementor-element-69893c80\" data-id=\"69893c80\" data-element_type=\"column\" data-e-type=\"column\">\n\t\t\t<div class=\"elementor-widget-wrap elementor-element-populated\">\n\t\t\t\t\t\t<div class=\"elementor-element elementor-element-66cf7822 elementor-widget elementor-widget-heading\" data-id=\"66cf7822\" data-element_type=\"widget\" data-e-type=\"widget\" data-widget_type=\"heading.default\">\n\t\t\t\t<div class=\"elementor-widget-container\">\n\t\t\t\t\t<h1 class=\"elementor-heading-title elementor-size-default\">Preguntas<br>frecuentes<\/h1>\t\t\t\t<\/div>\n\t\t\t\t<\/div>\n\t\t\t\t\t<\/div>\n\t\t<\/div>\n\t\t\t\t\t<\/div>\n\t\t<\/section>\n\t\t\t\t<section class=\"elementor-section elementor-top-section elementor-element elementor-element-9c3e948 elementor-section-boxed elementor-section-height-default elementor-section-height-default\" data-id=\"9c3e948\" data-element_type=\"section\" data-e-type=\"section\">\n\t\t\t\t\t\t<div class=\"elementor-container elementor-column-gap-default\">\n\t\t\t\t\t<div class=\"elementor-column elementor-col-100 elementor-top-column elementor-element elementor-element-a983ade\" data-id=\"a983ade\" data-element_type=\"column\" data-e-type=\"column\">\n\t\t\t<div class=\"elementor-widget-wrap elementor-element-populated\">\n\t\t\t\t\t\t<div class=\"elementor-element elementor-element-ef17391 elementor-widget-divider--view-line elementor-widget elementor-widget-divider\" data-id=\"ef17391\" data-element_type=\"widget\" data-e-type=\"widget\" data-widget_type=\"divider.default\">\n\t\t\t\t<div class=\"elementor-widget-container\">\n\t\t\t\t\t\t\t<div class=\"elementor-divider\">\n\t\t\t<span class=\"elementor-divider-separator\">\n\t\t\t\t\t\t<\/span>\n\t\t<\/div>\n\t\t\t\t\t\t<\/div>\n\t\t\t\t<\/div>\n\t\t\t\t\t<\/div>\n\t\t<\/div>\n\t\t\t\t\t<\/div>\n\t\t<\/section>\n\t\t\t\t<section class=\"elementor-section elementor-top-section elementor-element elementor-element-a20e4a9 elementor-section-boxed elementor-section-height-default elementor-section-height-default\" data-id=\"a20e4a9\" data-element_type=\"section\" data-e-type=\"section\">\n\t\t\t\t\t\t<div class=\"elementor-container elementor-column-gap-default\">\n\t\t\t\t\t<div class=\"elementor-column elementor-col-100 elementor-top-column elementor-element elementor-element-dc16ab9\" data-id=\"dc16ab9\" data-element_type=\"column\" data-e-type=\"column\">\n\t\t\t<div class=\"elementor-widget-wrap\">\n\t\t\t\t\t\t\t<\/div>\n\t\t<\/div>\n\t\t\t\t\t<\/div>\n\t\t<\/section>\n\t\t\t\t<section class=\"elementor-section elementor-top-section elementor-element elementor-element-206a682 elementor-section-boxed elementor-section-height-default elementor-section-height-default\" data-id=\"206a682\" data-element_type=\"section\" data-e-type=\"section\">\n\t\t\t\t\t\t<div class=\"elementor-container elementor-column-gap-default\">\n\t\t\t\t\t<div class=\"elementor-column elementor-col-50 elementor-top-column elementor-element elementor-element-1a66cac\" data-id=\"1a66cac\" data-element_type=\"column\" data-e-type=\"column\">\n\t\t\t<div class=\"elementor-widget-wrap elementor-element-populated\">\n\t\t\t\t\t\t<div class=\"elementor-element elementor-element-3c70195 elementor-widget elementor-widget-accordion\" data-id=\"3c70195\" data-element_type=\"widget\" data-e-type=\"widget\" data-widget_type=\"accordion.default\">\n\t\t\t\t<div class=\"elementor-widget-container\">\n\t\t\t\t\t\t\t<div class=\"elementor-accordion\">\n\t\t\t\t\t\t\t<div class=\"elementor-accordion-item\">\n\t\t\t\t\t<div id=\"elementor-tab-title-6331\" class=\"elementor-tab-title\" data-tab=\"1\" role=\"button\" aria-controls=\"elementor-tab-content-6331\" aria-expanded=\"false\">\n\t\t\t\t\t\t\t\t\t\t\t\t\t<span class=\"elementor-accordion-icon elementor-accordion-icon-left\" aria-hidden=\"true\">\n\t\t\t\t\t\t\t\t\t\t\t\t\t\t\t<span class=\"elementor-accordion-icon-closed\"><i class=\"fas fa-plus\"><\/i><\/span>\n\t\t\t\t\t\t\t\t<span class=\"elementor-accordion-icon-opened\"><i class=\"fas fa-minus\"><\/i><\/span>\n\t\t\t\t\t\t\t\t\t\t\t\t\t\t<\/span>\n\t\t\t\t\t\t\t\t\t\t\t\t<a class=\"elementor-accordion-title\" tabindex=\"0\">\u00bfCu\u00e1l es la edad m\u00ednima para alquilar una furgoneta camper?<\/a>\n\t\t\t\t\t<\/div>\n\t\t\t\t\t<div id=\"elementor-tab-content-6331\" class=\"elementor-tab-content elementor-clearfix\" data-tab=\"1\" role=\"region\" aria-labelledby=\"elementor-tab-title-6331\"><p class=\"p1\"><span class=\"s1\">Para cumplir con los requerimientos del seguro el conductor debe ser mayor de 25 a\u00f1os y tener el carnet de conducir desde hace m\u00e1s de 2 a\u00f1os.<\/span><\/p><\/div>\n\t\t\t\t<\/div>\n\t\t\t\t\t\t\t<div class=\"elementor-accordion-item\">\n\t\t\t\t\t<div id=\"elementor-tab-title-6332\" class=\"elementor-tab-title\" data-tab=\"2\" role=\"button\" aria-controls=\"elementor-tab-content-6332\" aria-expanded=\"false\">\n\t\t\t\t\t\t\t\t\t\t\t\t\t<span class=\"elementor-accordion-icon elementor-accordion-icon-left\" aria-hidden=\"true\">\n\t\t\t\t\t\t\t\t\t\t\t\t\t\t\t<span class=\"elementor-accordion-icon-closed\"><i class=\"fas fa-plus\"><\/i><\/span>\n\t\t\t\t\t\t\t\t<span class=\"elementor-accordion-icon-opened\"><i class=\"fas fa-minus\"><\/i><\/span>\n\t\t\t\t\t\t\t\t\t\t\t\t\t\t<\/span>\n\t\t\t\t\t\t\t\t\t\t\t\t<a class=\"elementor-accordion-title\" tabindex=\"0\">\u00bfHay que pagar una fianza?<\/a>\n\t\t\t\t\t<\/div>\n\t\t\t\t\t<div id=\"elementor-tab-content-6332\" class=\"elementor-tab-content elementor-clearfix\" data-tab=\"2\" role=\"region\" aria-labelledby=\"elementor-tab-title-6332\"><p><span style=\"font-weight: 400;\">Para garantizar el buen uso y la correcta devoluci\u00f3n del veh\u00edculo, el arrendatario deber\u00e1 elegir, al menos 5 d\u00edas antes de la recogida, una de las dos siguientes modalidades de fianza:<\/span><\/p><ol><li><span style=\"font-weight: 400;\"> Dep\u00f3sito por transferencia: El abono sera mediante transferencia bancaria. Esta fianza ser\u00e1 devuelta tras examinar el veh\u00edculo en un plazo de 7-14 d\u00edas.<\/span><\/li><\/ol><ol start=\"2\"><li><span style=\"font-weight: 400;\"> Fianza digital (Modo Link): Un sistema de garant\u00eda sin cobro ni retenci\u00f3n de saldo en la tarjeta del cliente. Esta opci\u00f3n tiene un coste no reembolsable en concepto de gastos de gesti\u00f3n. En caso de producirse da\u00f1os, el importe de la reparaci\u00f3n se cargar\u00e1 en la tarjeta facilitada, incrementado en un 3,4% + 0,25\u20ac por gastos de procesamiento.<\/span><\/li><\/ol><\/div>\n\t\t\t\t<\/div>\n\t\t\t\t\t\t\t<div class=\"elementor-accordion-item\">\n\t\t\t\t\t<div id=\"elementor-tab-title-6333\" class=\"elementor-tab-title\" data-tab=\"3\" role=\"button\" aria-controls=\"elementor-tab-content-6333\" aria-expanded=\"false\">\n\t\t\t\t\t\t\t\t\t\t\t\t\t<span class=\"elementor-accordion-icon elementor-accordion-icon-left\" aria-hidden=\"true\">\n\t\t\t\t\t\t\t\t\t\t\t\t\t\t\t<span class=\"elementor-accordion-icon-closed\"><i class=\"fas fa-plus\"><\/i><\/span>\n\t\t\t\t\t\t\t\t<span class=\"elementor-accordion-icon-opened\"><i class=\"fas fa-minus\"><\/i><\/span>\n\t\t\t\t\t\t\t\t\t\t\t\t\t\t<\/span>\n\t\t\t\t\t\t\t\t\t\t\t\t<a class=\"elementor-accordion-title\" tabindex=\"0\">\u00bfSe necesita un carnet especial?<\/a>\n\t\t\t\t\t<\/div>\n\t\t\t\t\t<div id=\"elementor-tab-content-6333\" class=\"elementor-tab-content elementor-clearfix\" data-tab=\"3\" role=\"region\" aria-labelledby=\"elementor-tab-title-6333\"><p class=\"p1\"><span class=\"s1\">No, basta con el carnet de conducir B.<\/span><\/p><\/div>\n\t\t\t\t<\/div>\n\t\t\t\t\t\t\t<div class=\"elementor-accordion-item\">\n\t\t\t\t\t<div id=\"elementor-tab-title-6334\" class=\"elementor-tab-title\" data-tab=\"4\" role=\"button\" aria-controls=\"elementor-tab-content-6334\" aria-expanded=\"false\">\n\t\t\t\t\t\t\t\t\t\t\t\t\t<span class=\"elementor-accordion-icon elementor-accordion-icon-left\" aria-hidden=\"true\">\n\t\t\t\t\t\t\t\t\t\t\t\t\t\t\t<span class=\"elementor-accordion-icon-closed\"><i class=\"fas fa-plus\"><\/i><\/span>\n\t\t\t\t\t\t\t\t<span class=\"elementor-accordion-icon-opened\"><i class=\"fas fa-minus\"><\/i><\/span>\n\t\t\t\t\t\t\t\t\t\t\t\t\t\t<\/span>\n\t\t\t\t\t\t\t\t\t\t\t\t<a class=\"elementor-accordion-title\" tabindex=\"0\">\u00bfCu\u00e1ntas personas pueden viajar en una camper?<\/a>\n\t\t\t\t\t<\/div>\n\t\t\t\t\t<div id=\"elementor-tab-content-6334\" class=\"elementor-tab-content elementor-clearfix\" data-tab=\"4\" role=\"region\" aria-labelledby=\"elementor-tab-title-6334\"><p class=\"p1\"><span class=\"s1\">Dependiendo del modelo pueden viajar entre 2 y 3 personas c\u00f3modamente <span style=\"text-decoration: underline;\"><a href=\"https:\/\/twobrotherscampervan.com\/campers\">(consulta las caracter\u00edsticas de cada una<\/a><\/span>). El m\u00e1ximo son 3 ya que ese es el n\u00famero de cinturones de seguridad que tienen todos nuestros veh\u00edculos camper.<\/span><\/p><p>Solo tenemos un modelo con 4 plazas y un ni\u00f1o ( modelo CARACOLA), pero se necesita experiencia previa con vehiculos grandes.<\/p><\/div>\n\t\t\t\t<\/div>\n\t\t\t\t\t\t\t<div class=\"elementor-accordion-item\">\n\t\t\t\t\t<div id=\"elementor-tab-title-6335\" class=\"elementor-tab-title\" data-tab=\"5\" role=\"button\" aria-controls=\"elementor-tab-content-6335\" aria-expanded=\"false\">\n\t\t\t\t\t\t\t\t\t\t\t\t\t<span class=\"elementor-accordion-icon elementor-accordion-icon-left\" aria-hidden=\"true\">\n\t\t\t\t\t\t\t\t\t\t\t\t\t\t\t<span class=\"elementor-accordion-icon-closed\"><i class=\"fas fa-plus\"><\/i><\/span>\n\t\t\t\t\t\t\t\t<span class=\"elementor-accordion-icon-opened\"><i class=\"fas fa-minus\"><\/i><\/span>\n\t\t\t\t\t\t\t\t\t\t\t\t\t\t<\/span>\n\t\t\t\t\t\t\t\t\t\t\t\t<a class=\"elementor-accordion-title\" tabindex=\"0\">\u00bfEl alquiler incluye seguro?<\/a>\n\t\t\t\t\t<\/div>\n\t\t\t\t\t<div id=\"elementor-tab-content-6335\" class=\"elementor-tab-content elementor-clearfix\" data-tab=\"5\" role=\"region\" aria-labelledby=\"elementor-tab-title-6335\"><p class=\"p1\"><span class=\"s1\">Si, todos nuestros vehiculos tienen seguro obligatorio por la ley. El seguro cubrir\u00e1 accidentes causados por terceras partes, averias, grua, etc. No obstante cualquier da\u00f1o producido por el cliente debera ser abonado por el mismo.<\/span><\/p><\/div>\n\t\t\t\t<\/div>\n\t\t\t\t\t\t\t<div class=\"elementor-accordion-item\">\n\t\t\t\t\t<div id=\"elementor-tab-title-6336\" class=\"elementor-tab-title\" data-tab=\"6\" role=\"button\" aria-controls=\"elementor-tab-content-6336\" aria-expanded=\"false\">\n\t\t\t\t\t\t\t\t\t\t\t\t\t<span class=\"elementor-accordion-icon elementor-accordion-icon-left\" aria-hidden=\"true\">\n\t\t\t\t\t\t\t\t\t\t\t\t\t\t\t<span class=\"elementor-accordion-icon-closed\"><i class=\"fas fa-plus\"><\/i><\/span>\n\t\t\t\t\t\t\t\t<span class=\"elementor-accordion-icon-opened\"><i class=\"fas fa-minus\"><\/i><\/span>\n\t\t\t\t\t\t\t\t\t\t\t\t\t\t<\/span>\n\t\t\t\t\t\t\t\t\t\t\t\t<a class=\"elementor-accordion-title\" tabindex=\"0\">\u00bfExiste un l\u00edmite de kilometraje?<\/a>\n\t\t\t\t\t<\/div>\n\t\t\t\t\t<div id=\"elementor-tab-content-6336\" class=\"elementor-tab-content elementor-clearfix\" data-tab=\"6\" role=\"region\" aria-labelledby=\"elementor-tab-title-6336\"><p>No. <span class=\"s1\">Nuestros alquileres incluyen kilometraje ilimitado.<\/span><\/p><\/div>\n\t\t\t\t<\/div>\n\t\t\t\t\t\t\t<div class=\"elementor-accordion-item\">\n\t\t\t\t\t<div id=\"elementor-tab-title-6337\" class=\"elementor-tab-title\" data-tab=\"7\" role=\"button\" aria-controls=\"elementor-tab-content-6337\" aria-expanded=\"false\">\n\t\t\t\t\t\t\t\t\t\t\t\t\t<span class=\"elementor-accordion-icon elementor-accordion-icon-left\" aria-hidden=\"true\">\n\t\t\t\t\t\t\t\t\t\t\t\t\t\t\t<span class=\"elementor-accordion-icon-closed\"><i class=\"fas fa-plus\"><\/i><\/span>\n\t\t\t\t\t\t\t\t<span class=\"elementor-accordion-icon-opened\"><i class=\"fas fa-minus\"><\/i><\/span>\n\t\t\t\t\t\t\t\t\t\t\t\t\t\t<\/span>\n\t\t\t\t\t\t\t\t\t\t\t\t<a class=\"elementor-accordion-title\" tabindex=\"0\">\u00bfD\u00f3nde puedo aparcar mi furgoneta camper?<\/a>\n\t\t\t\t\t<\/div>\n\t\t\t\t\t<div id=\"elementor-tab-content-6337\" class=\"elementor-tab-content elementor-clearfix\" data-tab=\"7\" role=\"region\" aria-labelledby=\"elementor-tab-title-6337\"><p class=\"p1\"><span class=\"s1\">Se puede estacionar en cualquier sitio donde est\u00e9 permitido estacionar para cualquier coche, siempre y cuando no est\u00e9 expresamente indicado lo contrario y cumplas con las normas de circulaci\u00f3n.<br \/>Es importante tener en cuenta si existen se\u00f1ales de limitaci\u00f3n por altura.<\/span><\/p><\/div>\n\t\t\t\t<\/div>\n\t\t\t\t\t\t\t<div class=\"elementor-accordion-item\">\n\t\t\t\t\t<div id=\"elementor-tab-title-6338\" class=\"elementor-tab-title\" data-tab=\"8\" role=\"button\" aria-controls=\"elementor-tab-content-6338\" aria-expanded=\"false\">\n\t\t\t\t\t\t\t\t\t\t\t\t\t<span class=\"elementor-accordion-icon elementor-accordion-icon-left\" aria-hidden=\"true\">\n\t\t\t\t\t\t\t\t\t\t\t\t\t\t\t<span class=\"elementor-accordion-icon-closed\"><i class=\"fas fa-plus\"><\/i><\/span>\n\t\t\t\t\t\t\t\t<span class=\"elementor-accordion-icon-opened\"><i class=\"fas fa-minus\"><\/i><\/span>\n\t\t\t\t\t\t\t\t\t\t\t\t\t\t<\/span>\n\t\t\t\t\t\t\t\t\t\t\t\t<a class=\"elementor-accordion-title\" tabindex=\"0\">\u00bfC\u00f3mo funciona la electricidad?<\/a>\n\t\t\t\t\t<\/div>\n\t\t\t\t\t<div id=\"elementor-tab-content-6338\" class=\"elementor-tab-content elementor-clearfix\" data-tab=\"8\" role=\"region\" aria-labelledby=\"elementor-tab-title-6338\"><p class=\"p1\"><span class=\"s1\">Todos nuestros veh\u00edculos camper cuentan con un panel solar y una bater\u00eda auxiliar que se cargan con el sol, y mientras conducimos, y proporcionan electricidad 24h. De esta manera se pueden usar los cargadores USB, la nevera y el ventilador, aun estando el motor apagado.<\/span><\/p><\/div>\n\t\t\t\t<\/div>\n\t\t\t\t\t\t\t<div class=\"elementor-accordion-item\">\n\t\t\t\t\t<div id=\"elementor-tab-title-6339\" class=\"elementor-tab-title\" data-tab=\"9\" role=\"button\" aria-controls=\"elementor-tab-content-6339\" aria-expanded=\"false\">\n\t\t\t\t\t\t\t\t\t\t\t\t\t<span class=\"elementor-accordion-icon elementor-accordion-icon-left\" aria-hidden=\"true\">\n\t\t\t\t\t\t\t\t\t\t\t\t\t\t\t<span class=\"elementor-accordion-icon-closed\"><i class=\"fas fa-plus\"><\/i><\/span>\n\t\t\t\t\t\t\t\t<span class=\"elementor-accordion-icon-opened\"><i class=\"fas fa-minus\"><\/i><\/span>\n\t\t\t\t\t\t\t\t\t\t\t\t\t\t<\/span>\n\t\t\t\t\t\t\t\t\t\t\t\t<a class=\"elementor-accordion-title\" tabindex=\"0\">\u00bfTengo que traer s\u00e1banas o saco de dormir?<\/a>\n\t\t\t\t\t<\/div>\n\t\t\t\t\t<div id=\"elementor-tab-content-6339\" class=\"elementor-tab-content elementor-clearfix\" data-tab=\"9\" role=\"region\" aria-labelledby=\"elementor-tab-title-6339\"><p class=\"p1\"><span class=\"s1\">Todos nuestros alquileres incluyen ropa de cama y almohada.<\/span><\/p><\/div>\n\t\t\t\t<\/div>\n\t\t\t\t\t\t\t<div class=\"elementor-accordion-item\">\n\t\t\t\t\t<div id=\"elementor-tab-title-63310\" class=\"elementor-tab-title\" data-tab=\"10\" role=\"button\" aria-controls=\"elementor-tab-content-63310\" aria-expanded=\"false\">\n\t\t\t\t\t\t\t\t\t\t\t\t\t<span class=\"elementor-accordion-icon elementor-accordion-icon-left\" aria-hidden=\"true\">\n\t\t\t\t\t\t\t\t\t\t\t\t\t\t\t<span class=\"elementor-accordion-icon-closed\"><i class=\"fas fa-plus\"><\/i><\/span>\n\t\t\t\t\t\t\t\t<span class=\"elementor-accordion-icon-opened\"><i class=\"fas fa-minus\"><\/i><\/span>\n\t\t\t\t\t\t\t\t\t\t\t\t\t\t<\/span>\n\t\t\t\t\t\t\t\t\t\t\t\t<a class=\"elementor-accordion-title\" tabindex=\"0\">\u00bfPuedo llevar a mi perro?<\/a>\n\t\t\t\t\t<\/div>\n\t\t\t\t\t<div id=\"elementor-tab-content-63310\" class=\"elementor-tab-content elementor-clearfix\" data-tab=\"10\" role=\"region\" aria-labelledby=\"elementor-tab-title-63310\"><p class=\"p1\"><span class=\"s1\">\u00a1En Two Brothers CamperVan somos pet-friendly! Com\u00e9ntanoslo a la hora de hacer tu reserva, ya que es indispensable una autorizaci\u00f3n previa. A tener en cuenta: No est\u00e1n permitidos en todos los modelos. No se podr\u00e1n usar los elementos de la camper para los animales (como colchones, muebles, asientos cabina\u2026). La limpieza extra que se deba realizar por suciedad o pelos tendr\u00e1 un coste de 80\u20ac.<\/span><\/p><\/div>\n\t\t\t\t<\/div>\n\t\t\t\t\t\t\t<div class=\"elementor-accordion-item\">\n\t\t\t\t\t<div id=\"elementor-tab-title-63311\" class=\"elementor-tab-title\" data-tab=\"11\" role=\"button\" aria-controls=\"elementor-tab-content-63311\" aria-expanded=\"false\">\n\t\t\t\t\t\t\t\t\t\t\t\t\t<span class=\"elementor-accordion-icon elementor-accordion-icon-left\" aria-hidden=\"true\">\n\t\t\t\t\t\t\t\t\t\t\t\t\t\t\t<span class=\"elementor-accordion-icon-closed\"><i class=\"fas fa-plus\"><\/i><\/span>\n\t\t\t\t\t\t\t\t<span class=\"elementor-accordion-icon-opened\"><i class=\"fas fa-minus\"><\/i><\/span>\n\t\t\t\t\t\t\t\t\t\t\t\t\t\t<\/span>\n\t\t\t\t\t\t\t\t\t\t\t\t<a class=\"elementor-accordion-title\" tabindex=\"0\">\u00bfEs posible recoger y devolver el veh\u00edculo en el aeropuerto?<\/a>\n\t\t\t\t\t<\/div>\n\t\t\t\t\t<div id=\"elementor-tab-content-63311\" class=\"elementor-tab-content elementor-clearfix\" data-tab=\"11\" role=\"region\" aria-labelledby=\"elementor-tab-title-63311\"><p class=\"p1\"><span class=\"s1\">Para facilitar la llegada y salida de nuestros clientes ofrecemos un servicio de transfer desde\/hacia el aeropuerto. \u00a1Solic\u00edtalo en tu proceso de reserva!<\/span><\/p><\/div>\n\t\t\t\t<\/div>\n\t\t\t\t\t\t\t<div class=\"elementor-accordion-item\">\n\t\t\t\t\t<div id=\"elementor-tab-title-63312\" class=\"elementor-tab-title\" data-tab=\"12\" role=\"button\" aria-controls=\"elementor-tab-content-63312\" aria-expanded=\"false\">\n\t\t\t\t\t\t\t\t\t\t\t\t\t<span class=\"elementor-accordion-icon elementor-accordion-icon-left\" aria-hidden=\"true\">\n\t\t\t\t\t\t\t\t\t\t\t\t\t\t\t<span class=\"elementor-accordion-icon-closed\"><i class=\"fas fa-plus\"><\/i><\/span>\n\t\t\t\t\t\t\t\t<span class=\"elementor-accordion-icon-opened\"><i class=\"fas fa-minus\"><\/i><\/span>\n\t\t\t\t\t\t\t\t\t\t\t\t\t\t<\/span>\n\t\t\t\t\t\t\t\t\t\t\t\t<a class=\"elementor-accordion-title\" tabindex=\"0\">\u00bfC\u00f3mo hay que devolver la furgoneta camper? \u00bfHay que limpiarla antes de devolverla?<\/a>\n\t\t\t\t\t<\/div>\n\t\t\t\t\t<div id=\"elementor-tab-content-63312\" class=\"elementor-tab-content elementor-clearfix\" data-tab=\"12\" role=\"region\" aria-labelledby=\"elementor-tab-title-63312\"><p class=\"p1\"><span class=\"s1\">El veh\u00edculo deber\u00e1 ser devuelto en buenas condiciones higi\u00e9nicas y limpio, el dep\u00f3sito de aguas grises vac\u00edo, as\u00ed como el dep\u00f3sito de combustible lleno, o con en el mismo nivel de carburante que se entreg\u00f3. Tambi\u00e9n el potty vac\u00edo y limpio. En caso contrario, acepta el arrendatario el pago de la cantidad fija de 60\u20ac por la limpieza extra. En el caso de no haber llenado el dep\u00f3sito de combustible, se detraer\u00e1 de la fianza.<\/span><\/p><\/div>\n\t\t\t\t<\/div>\n\t\t\t\t\t\t\t<div class=\"elementor-accordion-item\">\n\t\t\t\t\t<div id=\"elementor-tab-title-63313\" class=\"elementor-tab-title\" data-tab=\"13\" role=\"button\" aria-controls=\"elementor-tab-content-63313\" aria-expanded=\"false\">\n\t\t\t\t\t\t\t\t\t\t\t\t\t<span class=\"elementor-accordion-icon elementor-accordion-icon-left\" aria-hidden=\"true\">\n\t\t\t\t\t\t\t\t\t\t\t\t\t\t\t<span class=\"elementor-accordion-icon-closed\"><i class=\"fas fa-plus\"><\/i><\/span>\n\t\t\t\t\t\t\t\t<span class=\"elementor-accordion-icon-opened\"><i class=\"fas fa-minus\"><\/i><\/span>\n\t\t\t\t\t\t\t\t\t\t\t\t\t\t<\/span>\n\t\t\t\t\t\t\t\t\t\t\t\t<a class=\"elementor-accordion-title\" tabindex=\"0\">\u00bfCu\u00e1ndo puedo recoger y cu\u00e1ndo puedo devolver mi furgoneta camper?<\/a>\n\t\t\t\t\t<\/div>\n\t\t\t\t\t<div id=\"elementor-tab-content-63313\" class=\"elementor-tab-content elementor-clearfix\" data-tab=\"13\" role=\"region\" aria-labelledby=\"elementor-tab-title-63313\"><p class=\"p1\"><span class=\"s1\">El horario de atenci\u00f3n al p\u00fablico es de 10h a 13h y de 16h a 18h, siendo:<\/span><\/p><p class=\"p1\"><span class=\"s1\">\u00b7 Horario Check Out: <span class=\"Apple-converted-space\">\u00a0 \u00a0 <\/span>de 10:00h a 11:00h. <\/span><\/p><p class=\"p1\"><span class=\"s1\">\u00b7 Horario Check In:<span class=\"Apple-converted-space\">\u00a0 \u00a0 \u00a0 \u00a0 <\/span>de 16:00h a 18:00h. <\/span><\/p><p class=\"p1\"><span class=\"s1\">Suplementos por Check in y Check out fuera de horario, sujetos a disponibilidad:<span class=\"Apple-converted-space\">\u00a0 \u00a0 \u00a0 \u00a0<\/span><\/span><\/p><p class=\"p1\"><span class=\"s1\">\u25a1 <span class=\"Apple-converted-space\">\u00a0 <\/span>Check out entre 5:00h y las 10:00h: gratis (consultar condiciones).<\/span><\/p><p class=\"p1\"><span class=\"s1\">\u25a1 <span class=\"Apple-converted-space\">\u00a0 <\/span>Check out despu\u00e9s de las 11:00h y hasta las 13:00h: 30\u20ac.<\/span><\/p><p class=\"p1\"><span class=\"s1\">\u25a1 <span class=\"Apple-converted-space\">\u00a0 <\/span>Check out despu\u00e9s de las 13:00h : importe tarifa un d\u00eda.<\/span><\/p><p class=\"p1\"><span class=\"s1\">\u25a1 <span class=\"Apple-converted-space\">\u00a0 <\/span>Check in despu\u00e9s de las 18:00h hasta las 20:00h: 30\u20ac.<\/span><\/p><p class=\"p1\"><span class=\"s1\">\u25a1 <span class=\"Apple-converted-space\">\u00a0 <\/span>Check in despu\u00e9s de las 20:00h hasta las 23:00h: 50\u20ac.<\/span><\/p><p class=\"p1\"><span class=\"s1\">\u25a1 <span class=\"Apple-converted-space\">\u00a0 <\/span>Check in despu\u00e9s de las 23:00h. El veh\u00edculo se dejar\u00e1 aparcado en la puerta con las llaves en un candado, no se podr\u00e1 conducir en el momento y se tendr\u00e1 que esperar a la ma\u00f1ana siguiente a que la oficina est\u00e9 abierta para poder hacer el check in. <\/span><\/p><p class=\"p1\"><span class=\"s1\">\u25a1 <span class=\"Apple-converted-space\">\u00a0 <\/span>Para domingos y d\u00edas festivos se aplicar\u00e1 el mismo precio sum\u00e1ndole +20\u20ac.<\/span><\/p><\/div>\n\t\t\t\t<\/div>\n\t\t\t\t\t\t\t<div class=\"elementor-accordion-item\">\n\t\t\t\t\t<div id=\"elementor-tab-title-63314\" class=\"elementor-tab-title\" data-tab=\"14\" role=\"button\" aria-controls=\"elementor-tab-content-63314\" aria-expanded=\"false\">\n\t\t\t\t\t\t\t\t\t\t\t\t\t<span class=\"elementor-accordion-icon elementor-accordion-icon-left\" aria-hidden=\"true\">\n\t\t\t\t\t\t\t\t\t\t\t\t\t\t\t<span class=\"elementor-accordion-icon-closed\"><i class=\"fas fa-plus\"><\/i><\/span>\n\t\t\t\t\t\t\t\t<span class=\"elementor-accordion-icon-opened\"><i class=\"fas fa-minus\"><\/i><\/span>\n\t\t\t\t\t\t\t\t\t\t\t\t\t\t<\/span>\n\t\t\t\t\t\t\t\t\t\t\t\t<a class=\"elementor-accordion-title\" tabindex=\"0\">\u00bfCon cu\u00e1nta antelaci\u00f3n debo cancelar mi reserva?<\/a>\n\t\t\t\t\t<\/div>\n\t\t\t\t\t<div id=\"elementor-tab-content-63314\" class=\"elementor-tab-content elementor-clearfix\" data-tab=\"14\" role=\"region\" aria-labelledby=\"elementor-tab-title-63314\"><div>En caso de que el cliente anule la reserva solicitada, sobre la se\u00f1al entregada se aplicar\u00e1n las siguientes penalizaciones:<\/div><div>1. \u00a0 Si se comunica hasta un mes antes de la fecha de recogida: sin coste.<\/div><div>2. Si se comunica con menos de 31 d\u00edas hasta el inicio del alquiler: \u00a0se retendr\u00e1 el 100% del importe como penalizaci\u00f3n.<\/div><\/div>\n\t\t\t\t<\/div>\n\t\t\t\t\t\t\t<div class=\"elementor-accordion-item\">\n\t\t\t\t\t<div id=\"elementor-tab-title-63315\" class=\"elementor-tab-title\" data-tab=\"15\" role=\"button\" aria-controls=\"elementor-tab-content-63315\" aria-expanded=\"false\">\n\t\t\t\t\t\t\t\t\t\t\t\t\t<span class=\"elementor-accordion-icon elementor-accordion-icon-left\" aria-hidden=\"true\">\n\t\t\t\t\t\t\t\t\t\t\t\t\t\t\t<span class=\"elementor-accordion-icon-closed\"><i class=\"fas fa-plus\"><\/i><\/span>\n\t\t\t\t\t\t\t\t<span class=\"elementor-accordion-icon-opened\"><i class=\"fas fa-minus\"><\/i><\/span>\n\t\t\t\t\t\t\t\t\t\t\t\t\t\t<\/span>\n\t\t\t\t\t\t\t\t\t\t\t\t<a class=\"elementor-accordion-title\" tabindex=\"0\">\u00bfDebo entregar una fianza obligatoriamente?<\/a>\n\t\t\t\t\t<\/div>\n\t\t\t\t\t<div id=\"elementor-tab-content-63315\" class=\"elementor-tab-content elementor-clearfix\" data-tab=\"15\" role=\"region\" aria-labelledby=\"elementor-tab-title-63315\"><p class=\"p1\"><span class=\"s1\">S\u00ed, es condici\u00f3n obligatoria entregar un dep\u00f3sito\u00a0 (seg\u00fan el modelo de la camper), para poder recoger el veh\u00edculo. El dep\u00f3sito se devuelve al finalizar la estancia si la furgoneta no ha sufrido ning\u00fan da\u00f1o.\u00a0<\/span><\/p><\/div>\n\t\t\t\t<\/div>\n\t\t\t\t\t\t\t<div class=\"elementor-accordion-item\">\n\t\t\t\t\t<div id=\"elementor-tab-title-63316\" class=\"elementor-tab-title\" data-tab=\"16\" role=\"button\" aria-controls=\"elementor-tab-content-63316\" aria-expanded=\"false\">\n\t\t\t\t\t\t\t\t\t\t\t\t\t<span class=\"elementor-accordion-icon elementor-accordion-icon-left\" aria-hidden=\"true\">\n\t\t\t\t\t\t\t\t\t\t\t\t\t\t\t<span class=\"elementor-accordion-icon-closed\"><i class=\"fas fa-plus\"><\/i><\/span>\n\t\t\t\t\t\t\t\t<span class=\"elementor-accordion-icon-opened\"><i class=\"fas fa-minus\"><\/i><\/span>\n\t\t\t\t\t\t\t\t\t\t\t\t\t\t<\/span>\n\t\t\t\t\t\t\t\t\t\t\t\t<a class=\"elementor-accordion-title\" tabindex=\"0\">Recoger la furgo: C\u00f3mo llegar<\/a>\n\t\t\t\t\t<\/div>\n\t\t\t\t\t<div id=\"elementor-tab-content-63316\" class=\"elementor-tab-content elementor-clearfix\" data-tab=\"16\" role=\"region\" aria-labelledby=\"elementor-tab-title-63316\"><p>Para llegar a Sa Pobla se puede hacer con el autob\u00fas A32 de la empresa TIB desde el aeropuerto, o con la l\u00ednea T2 del metro desde Palma. Tambi\u00e9n ofrecemos servicio de transfer privado, puedes consultar con nosotros disponibilidad y precio seg\u00fan la fecha y el lugar de recogida.<\/p><\/div>\n\t\t\t\t<\/div>\n\t\t\t\t\t\t\t\t<\/div>\n\t\t\t\t\t\t<\/div>\n\t\t\t\t<\/div>\n\t\t\t\t<div class=\"elementor-element elementor-element-abf9061 elementor-align-left elementor-widget elementor-widget-button\" data-id=\"abf9061\" data-element_type=\"widget\" data-e-type=\"widget\" data-widget_type=\"button.default\">\n\t\t\t\t<div class=\"elementor-widget-container\">\n\t\t\t\t\t\t\t\t\t<div class=\"elementor-button-wrapper\">\n\t\t\t\t\t<a class=\"elementor-button elementor-button-link elementor-size-sm\" href=\"https:\/\/twobrotherscampervan.com\/campers\">\n\t\t\t\t\t\t<span class=\"elementor-button-content-wrapper\">\n\t\t\t\t\t\t\t\t\t<span class=\"elementor-button-text\">Ver todas las campers<\/span>\n\t\t\t\t\t<\/span>\n\t\t\t\t\t<\/a>\n\t\t\t\t<\/div>\n\t\t\t\t\t\t\t\t<\/div>\n\t\t\t\t<\/div>\n\t\t\t\t\t<\/div>\n\t\t<\/div>\n\t\t\t\t<div class=\"elementor-column elementor-col-50 elementor-top-column elementor-element elementor-element-90bd3c7\" data-id=\"90bd3c7\" data-element_type=\"column\" data-e-type=\"column\">\n\t\t\t<div class=\"elementor-widget-wrap elementor-element-populated\">\n\t\t\t\t\t\t<div class=\"elementor-element elementor-element-5f35903 elementor-widget elementor-widget-image\" data-id=\"5f35903\" data-element_type=\"widget\" data-e-type=\"widget\" data-widget_type=\"image.default\">\n\t\t\t\t<div class=\"elementor-widget-container\">\n\t\t\t\t\t\t\t\t\t\t\t\t\t\t\t<img fetchpriority=\"high\" decoding=\"async\" width=\"682\" height=\"1024\" src=\"https:\/\/twobrotherscampervan.com\/wp-content\/uploads\/TwoBrothersCampervan24-682x1024.png\" class=\"attachment-large size-large wp-image-1908\" alt=\"\" srcset=\"https:\/\/twobrotherscampervan.com\/wp-content\/uploads\/TwoBrothersCampervan24-682x1024.png 682w, https:\/\/twobrotherscampervan.com\/wp-content\/uploads\/TwoBrothersCampervan24-200x300.png 200w, https:\/\/twobrotherscampervan.com\/wp-content\/uploads\/TwoBrothersCampervan24-768x1152.png 768w, https:\/\/twobrotherscampervan.com\/wp-content\/uploads\/TwoBrothersCampervan24-1024x1536.png 1024w, https:\/\/twobrotherscampervan.com\/wp-content\/uploads\/TwoBrothersCampervan24.png 1333w\" sizes=\"(max-width: 682px) 100vw, 682px\" \/>\t\t\t\t\t\t\t\t\t\t\t\t\t\t\t<\/div>\n\t\t\t\t<\/div>\n\t\t\t\t\t<\/div>\n\t\t<\/div>\n\t\t\t\t\t<\/div>\n\t\t<\/section>\n\t\t\t\t<section class=\"elementor-section elementor-top-section elementor-element elementor-element-24b77ba elementor-section-boxed elementor-section-height-default elementor-section-height-default\" data-id=\"24b77ba\" data-element_type=\"section\" data-e-type=\"section\">\n\t\t\t\t\t\t<div class=\"elementor-container elementor-column-gap-default\">\n\t\t\t\t\t<div class=\"elementor-column elementor-col-100 elementor-top-column elementor-element elementor-element-5848d0c\" data-id=\"5848d0c\" data-element_type=\"column\" data-e-type=\"column\">\n\t\t\t<div class=\"elementor-widget-wrap elementor-element-populated\">\n\t\t\t\t\t\t<div class=\"elementor-element elementor-element-ccd3ed6 elementor-widget elementor-widget-spacer\" data-id=\"ccd3ed6\" data-element_type=\"widget\" data-e-type=\"widget\" data-widget_type=\"spacer.default\">\n\t\t\t\t<div class=\"elementor-widget-container\">\n\t\t\t\t\t\t\t<div class=\"elementor-spacer\">\n\t\t\t<div class=\"elementor-spacer-inner\"><\/div>\n\t\t<\/div>\n\t\t\t\t\t\t<\/div>\n\t\t\t\t<\/div>\n\t\t\t\t\t<\/div>\n\t\t<\/div>\n\t\t\t\t\t<\/div>\n\t\t<\/section>\n\t\t\t\t<section class=\"elementor-section elementor-top-section elementor-element elementor-element-7984dbd7 elementor-section-boxed elementor-section-height-default elementor-section-height-default\" data-id=\"7984dbd7\" data-element_type=\"section\" data-e-type=\"section\">\n\t\t\t\t\t\t<div class=\"elementor-container elementor-column-gap-default\">\n\t\t\t\t\t<div class=\"elementor-column elementor-col-50 elementor-top-column elementor-element elementor-element-607bb977\" data-id=\"607bb977\" data-element_type=\"column\" data-e-type=\"column\">\n\t\t\t<div class=\"elementor-widget-wrap elementor-element-populated\">\n\t\t\t\t\t\t<div class=\"elementor-element elementor-element-6ccc789b elementor-widget elementor-widget-heading\" data-id=\"6ccc789b\" data-element_type=\"widget\" data-e-type=\"widget\" data-widget_type=\"heading.default\">\n\t\t\t\t<div class=\"elementor-widget-container\">\n\t\t\t\t\t<h2 class=\"elementor-heading-title elementor-size-default\">\u00bftodav\u00eda te quedan dudas? \u00a1Escr\u00edbenos!<\/h2>\t\t\t\t<\/div>\n\t\t\t\t<\/div>\n\t\t\t\t\t<\/div>\n\t\t<\/div>\n\t\t\t\t<div class=\"elementor-column elementor-col-50 elementor-top-column elementor-element elementor-element-5a6c6cf6\" data-id=\"5a6c6cf6\" data-element_type=\"column\" data-e-type=\"column\">\n\t\t\t<div class=\"elementor-widget-wrap elementor-element-populated\">\n\t\t\t\t\t\t<div class=\"elementor-element elementor-element-7ae93ce8 elementor-widget elementor-widget-shortcode\" data-id=\"7ae93ce8\" data-element_type=\"widget\" data-e-type=\"widget\" data-widget_type=\"shortcode.default\">\n\t\t\t\t<div class=\"elementor-widget-container\">\n\t\t\t\t\t\t\t<div class=\"elementor-shortcode\"><div class=\"wpforms-container \" id=\"wpforms-66\"><form id=\"wpforms-form-66\" class=\"wpforms-validate wpforms-form\" data-formid=\"66\" method=\"post\" enctype=\"multipart\/form-data\" action=\"\/en\/wp-json\/wp\/v2\/pages\/1791\" data-token=\"d01e2a09311cd21318402c3c073dcf62\" data-token-time=\"1788249075\"><noscript class=\"wpforms-error-noscript\">Please enable JavaScript in your browser to complete this form.<\/noscript><div class=\"wpforms-field-container\"><div id=\"wpforms-66-field_0-container\" class=\"wpforms-field wpforms-field-name\" data-field-id=\"0\"><label class=\"wpforms-field-label\" for=\"wpforms-66-field_0\">Nombre <span class=\"wpforms-required-label\">*<\/span><\/label><div class=\"wpforms-field-row wpforms-field-large\"><div class=\"wpforms-field-row-block wpforms-first wpforms-one-half\"><input type=\"text\" id=\"wpforms-66-field_0\" class=\"wpforms-field-name-first wpforms-field-required\" name=\"wpforms[fields][0][first]\" placeholder=\"Nombre\" required><label for=\"wpforms-66-field_0\" class=\"wpforms-field-sublabel after wpforms-sublabel-hide\">First<\/label><\/div><div class=\"wpforms-field-row-block wpforms-one-half\"><input type=\"text\" id=\"wpforms-66-field_0-last\" class=\"wpforms-field-name-last wpforms-field-required\" name=\"wpforms[fields][0][last]\" placeholder=\"Apellidos\" required><label for=\"wpforms-66-field_0-last\" class=\"wpforms-field-sublabel after wpforms-sublabel-hide\">Last<\/label><\/div><\/div><\/div><div id=\"wpforms-66-field_1-container\" class=\"wpforms-field wpforms-field-email\" data-field-id=\"1\"><label class=\"wpforms-field-label\" for=\"wpforms-66-field_1\">Email <span class=\"wpforms-required-label\">*<\/span><\/label><input type=\"email\" id=\"wpforms-66-field_1\" class=\"wpforms-field-large wpforms-field-required\" name=\"wpforms[fields][1]\" spellcheck=\"false\" required><\/div><div id=\"wpforms-66-field_2-container\" class=\"wpforms-field wpforms-field-textarea\" data-field-id=\"2\"><label class=\"wpforms-field-label\" for=\"wpforms-66-field_2\">Mensaje <span class=\"wpforms-required-label\">*<\/span><\/label><textarea id=\"wpforms-66-field_2\" class=\"wpforms-field-medium wpforms-field-required\" name=\"wpforms[fields][2]\" required><\/textarea><\/div><div id=\"wpforms-66-field_5-container\" class=\"wpforms-field wpforms-field-checkbox\" data-field-id=\"5\"><label class=\"wpforms-field-label wpforms-label-hide\">Pol\u00edtica de Privaciad <span class=\"wpforms-required-label\">*<\/span><\/label><ul id=\"wpforms-66-field_5\" class=\"wpforms-field-required\"><li class=\"choice-1 depth-1\"><input type=\"checkbox\" id=\"wpforms-66-field_5_1\" name=\"wpforms[fields][5][]\" value=\"Acepto la Pol\u00edtica de Privacidad del sitio\" required ><label class=\"wpforms-field-label-inline\" for=\"wpforms-66-field_5_1\">Acepto la Pol\u00edtica de Privacidad del sitio<\/label><\/li><\/ul><\/div><\/div><!-- .wpforms-field-container --><div class=\"wpforms-recaptcha-container wpforms-is-recaptcha wpforms-is-recaptcha-type-v2\" ><div class=\"g-recaptcha\" data-sitekey=\"6Lfa4LIqAAAAAGGmmVrip_1aEPXBQiSaesJ70X0_\"><\/div><input type=\"text\" name=\"g-recaptcha-hidden\" class=\"wpforms-recaptcha-hidden\" style=\"position:absolute!important;clip:rect(0,0,0,0)!important;height:1px!important;width:1px!important;border:0!important;overflow:hidden!important;padding:0!important;margin:0!important;\" data-rule-recaptcha=\"1\"><\/div><div class=\"wpforms-submit-container\" ><input type=\"hidden\" name=\"wpforms[id]\" value=\"66\"><input type=\"hidden\" name=\"page_title\" value=\"\"><input type=\"hidden\" name=\"page_url\" value=\"https:\/\/twobrotherscampervan.com\/en\/wp-json\/wp\/v2\/pages\/1791\"><input type=\"hidden\" name=\"url_referer\" value=\"\"><button type=\"submit\" name=\"wpforms[submit]\" id=\"wpforms-submit-66\" class=\"wpforms-submit\" data-alt-text=\"Enviando...\" data-submit-text=\"ENV\u00cdAR\" aria-live=\"assertive\" value=\"wpforms-submit\">ENV\u00cdAR<\/button><\/div><\/form><\/div>  <!-- .wpforms-container --><\/div>\n\t\t\t\t\t\t<\/div>\n\t\t\t\t<\/div>\n\t\t\t\t\t<\/div>\n\t\t<\/div>\n\t\t\t\t\t<\/div>\n\t\t<\/section>\n\t\t\t\t<\/div>\n\t\t","protected":false},"excerpt":{"rendered":"<p>Preguntasfrecuentes \u00bfCu\u00e1l es la edad m\u00ednima para alquilar una furgoneta camper? Para cumplir con los requerimientos del seguro el conductor debe ser mayor de 25 a\u00f1os y tener el carnet de conducir desde hace m\u00e1s de 2 a\u00f1os. \u00bfHay que pagar una fianza? Para garantizar el buen uso y la correcta devoluci\u00f3n del veh\u00edculo, el [&hellip;]<\/p>\n","protected":false},"author":2,"featured_media":0,"parent":0,"menu_order":0,"comment_status":"closed","ping_status":"closed","template":"","meta":{"site-sidebar-layout":"no-sidebar","site-content-layout":"page-builder","ast-site-content-layout":"default","site-content-style":"default","site-sidebar-style":"default","ast-global-header-display":"","ast-banner-title-visibility":"","ast-main-header-display":"","ast-hfb-above-header-display":"","ast-hfb-below-header-display":"","ast-hfb-mobile-header-display":"","site-post-title":"disabled","ast-breadcrumbs-content":"","ast-featured-img":"disabled","footer-sml-layout":"","ast-disable-related-posts":"","theme-transparent-header-meta":"","adv-header-id-meta":"","stick-header-meta":"","header-above-stick-meta":"","header-main-stick-meta":"","header-below-stick-meta":"","astra-migrate-meta-layouts":"default","ast-page-background-enabled":"default","ast-page-background-meta":{"desktop":{"background-color":"","background-image":"","background-repeat":"repeat","background-position":"center center","background-size":"auto","background-attachment":"scroll","background-type":"","background-media":"","overlay-type":"","overlay-color":"","overlay-opacity":"","overlay-gradient":""},"tablet":{"background-color":"","background-image":"","background-repeat":"repeat","background-position":"center center","background-size":"auto","background-attachment":"scroll","background-type":"","background-media":"","overlay-type":"","overlay-color":"","overlay-opacity":"","overlay-gradient":""},"mobile":{"background-color":"","background-image":"","background-repeat":"repeat","background-position":"center center","background-size":"auto","background-attachment":"scroll","background-type":"","background-media":"","overlay-type":"","overlay-color":"","overlay-opacity":"","overlay-gradient":""}},"ast-content-background-meta":{"desktop":{"background-color":"var(--ast-global-color-5)","background-image":"","background-repeat":"repeat","background-position":"center center","background-size":"auto","background-attachment":"scroll","background-type":"","background-media":"","overlay-type":"","overlay-color":"","overlay-opacity":"","overlay-gradient":""},"tablet":{"background-color":"var(--ast-global-color-5)","background-image":"","background-repeat":"repeat","background-position":"center center","background-size":"auto","background-attachment":"scroll","background-type":"","background-media":"","overlay-type":"","overlay-color":"","overlay-opacity":"","overlay-gradient":""},"mobile":{"background-color":"var(--ast-global-color-5)","background-image":"","background-repeat":"repeat","background-position":"center center","background-size":"auto","background-attachment":"scroll","background-type":"","background-media":"","overlay-type":"","overlay-color":"","overlay-opacity":"","overlay-gradient":""}},"footnotes":""},"class_list":["post-1791","page","type-page","status-publish","hentry"],"yoast_head":"<!-- This site is optimized with the Yoast SEO plugin v28.3 - https:\/\/yoast.com\/product\/yoast-seo-wordpress\/ -->\n<title>Preguntas frecuentes - Two Brothers CamperVan<\/title>\n<meta name=\"description\" content=\"Encuentra respuestas r\u00e1pidas a tus dudas sobre nuestros servicios en nuestra secci\u00f3n de Preguntas Frecuentes.\" \/>\n<meta name=\"robots\" content=\"index, follow, max-snippet:-1, max-image-preview:large, max-video-preview:-1\" \/>\n<link rel=\"canonical\" href=\"https:\/\/twobrotherscampervan.com\/en\/preguntas-frecuentes\/\" \/>\n<meta property=\"og:locale\" content=\"en_GB\" \/>\n<meta property=\"og:type\" content=\"article\" \/>\n<meta property=\"og:title\" content=\"Preguntas frecuentes - Two Brothers CamperVan\" \/>\n<meta property=\"og:description\" content=\"Encuentra respuestas r\u00e1pidas a tus dudas sobre nuestros servicios en nuestra secci\u00f3n de Preguntas Frecuentes.\" \/>\n<meta property=\"og:url\" content=\"https:\/\/twobrotherscampervan.com\/en\/preguntas-frecuentes\/\" \/>\n<meta property=\"og:site_name\" content=\"Two Brothers CamperVan\" \/>\n<meta property=\"article:publisher\" content=\"https:\/\/www.facebook.com\/p\/twobrotherscampervan-100063508361247\/\" \/>\n<meta property=\"article:modified_time\" content=\"2026-06-19T05:40:43+00:00\" \/>\n<meta property=\"og:image\" content=\"https:\/\/twobrotherscampervan.com\/wp-content\/uploads\/TwoBrothersCampervan24-682x1024.png\" \/>\n\t<meta property=\"og:image:width\" content=\"682\" \/>\n\t<meta property=\"og:image:height\" content=\"1024\" \/>\n\t<meta property=\"og:image:type\" content=\"image\/png\" \/>\n<meta name=\"twitter:card\" content=\"summary_large_image\" \/>\n<meta name=\"twitter:label1\" content=\"Estimated reading time\" \/>\n\t<meta name=\"twitter:data1\" content=\"5 minutes\" \/>\n<script type=\"application\/ld+json\" class=\"yoast-schema-graph\">{\"@context\":\"https:\\\/\\\/schema.org\",\"@graph\":[{\"@type\":\"WebPage\",\"@id\":\"https:\\\/\\\/twobrotherscampervan.com\\\/preguntas-frecuentes\\\/\",\"url\":\"https:\\\/\\\/twobrotherscampervan.com\\\/preguntas-frecuentes\\\/\",\"name\":\"Preguntas frecuentes - Two Brothers CamperVan\",\"isPartOf\":{\"@id\":\"https:\\\/\\\/twobrotherscampervan.com\\\/#website\"},\"primaryImageOfPage\":{\"@id\":\"https:\\\/\\\/twobrotherscampervan.com\\\/preguntas-frecuentes\\\/#primaryimage\"},\"image\":{\"@id\":\"https:\\\/\\\/twobrotherscampervan.com\\\/preguntas-frecuentes\\\/#primaryimage\"},\"thumbnailUrl\":\"https:\\\/\\\/twobrotherscampervan.com\\\/wp-content\\\/uploads\\\/TwoBrothersCampervan24-682x1024.png\",\"datePublished\":\"2023-06-19T19:30:16+00:00\",\"dateModified\":\"2026-06-19T05:40:43+00:00\",\"description\":\"Encuentra respuestas r\u00e1pidas a tus dudas sobre nuestros servicios en nuestra secci\u00f3n de Preguntas Frecuentes.\",\"breadcrumb\":{\"@id\":\"https:\\\/\\\/twobrotherscampervan.com\\\/preguntas-frecuentes\\\/#breadcrumb\"},\"inLanguage\":\"en-GB\",\"potentialAction\":[{\"@type\":\"ReadAction\",\"target\":[\"https:\\\/\\\/twobrotherscampervan.com\\\/preguntas-frecuentes\\\/\"]}]},{\"@type\":\"ImageObject\",\"inLanguage\":\"en-GB\",\"@id\":\"https:\\\/\\\/twobrotherscampervan.com\\\/preguntas-frecuentes\\\/#primaryimage\",\"url\":\"https:\\\/\\\/twobrotherscampervan.com\\\/wp-content\\\/uploads\\\/TwoBrothersCampervan24-682x1024.png\",\"contentUrl\":\"https:\\\/\\\/twobrotherscampervan.com\\\/wp-content\\\/uploads\\\/TwoBrothersCampervan24-682x1024.png\"},{\"@type\":\"BreadcrumbList\",\"@id\":\"https:\\\/\\\/twobrotherscampervan.com\\\/preguntas-frecuentes\\\/#breadcrumb\",\"itemListElement\":[{\"@type\":\"ListItem\",\"position\":1,\"name\":\"Portada\",\"item\":\"https:\\\/\\\/twobrotherscampervan.com\\\/\"},{\"@type\":\"ListItem\",\"position\":2,\"name\":\"Preguntas frecuentes\"}]},{\"@type\":\"WebSite\",\"@id\":\"https:\\\/\\\/twobrotherscampervan.com\\\/#website\",\"url\":\"https:\\\/\\\/twobrotherscampervan.com\\\/\",\"name\":\"Two Brothers CamperVan\",\"description\":\"Alquiler de campers Mallorca\",\"publisher\":{\"@id\":\"https:\\\/\\\/twobrotherscampervan.com\\\/#organization\"},\"potentialAction\":[{\"@type\":\"SearchAction\",\"target\":{\"@type\":\"EntryPoint\",\"urlTemplate\":\"https:\\\/\\\/twobrotherscampervan.com\\\/?s={search_term_string}\"},\"query-input\":{\"@type\":\"PropertyValueSpecification\",\"valueRequired\":true,\"valueName\":\"search_term_string\"}}],\"inLanguage\":\"en-GB\"},{\"@type\":\"Organization\",\"@id\":\"https:\\\/\\\/twobrotherscampervan.com\\\/#organization\",\"name\":\"Two Brothers CamperVan\",\"url\":\"https:\\\/\\\/twobrotherscampervan.com\\\/\",\"logo\":{\"@type\":\"ImageObject\",\"inLanguage\":\"en-GB\",\"@id\":\"https:\\\/\\\/twobrotherscampervan.com\\\/#\\\/schema\\\/logo\\\/image\\\/\",\"url\":\"https:\\\/\\\/twobrotherscampervan.com\\\/wp-content\\\/uploads\\\/cropped-cropped-cropped-logo-horizontal-scaled-1.png\",\"contentUrl\":\"https:\\\/\\\/twobrotherscampervan.com\\\/wp-content\\\/uploads\\\/cropped-cropped-cropped-logo-horizontal-scaled-1.png\",\"width\":2560,\"height\":887,\"caption\":\"Two Brothers CamperVan\"},\"image\":{\"@id\":\"https:\\\/\\\/twobrotherscampervan.com\\\/#\\\/schema\\\/logo\\\/image\\\/\"},\"sameAs\":[\"https:\\\/\\\/www.facebook.com\\\/p\\\/twobrotherscampervan-100063508361247\\\/\",\"https:\\\/\\\/www.instagram.com\\\/twobrotherscampervan\\\/\",\"https:\\\/\\\/www.tiktok.com\\\/@twobrotherscampervan\"]}]}<\/script>\n<!-- \/ Yoast SEO plugin. -->","yoast_head_json":{"title":"Preguntas frecuentes - Two Brothers CamperVan","description":"Encuentra respuestas r\u00e1pidas a tus dudas sobre nuestros servicios en nuestra secci\u00f3n de Preguntas Frecuentes.","robots":{"index":"index","follow":"follow","max-snippet":"max-snippet:-1","max-image-preview":"max-image-preview:large","max-video-preview":"max-video-preview:-1"},"canonical":"https:\/\/twobrotherscampervan.com\/en\/preguntas-frecuentes\/","og_locale":"en_GB","og_type":"article","og_title":"Preguntas frecuentes - Two Brothers CamperVan","og_description":"Encuentra respuestas r\u00e1pidas a tus dudas sobre nuestros servicios en nuestra secci\u00f3n de Preguntas Frecuentes.","og_url":"https:\/\/twobrotherscampervan.com\/en\/preguntas-frecuentes\/","og_site_name":"Two Brothers CamperVan","article_publisher":"https:\/\/www.facebook.com\/p\/twobrotherscampervan-100063508361247\/","article_modified_time":"2026-06-19T05:40:43+00:00","og_image":[{"width":682,"height":1024,"url":"https:\/\/twobrotherscampervan.com\/wp-content\/uploads\/TwoBrothersCampervan24-682x1024.png","type":"image\/png"}],"twitter_card":"summary_large_image","twitter_misc":{"Estimated reading time":"5 minutes"},"schema":{"@context":"https:\/\/schema.org","@graph":[{"@type":"WebPage","@id":"https:\/\/twobrotherscampervan.com\/preguntas-frecuentes\/","url":"https:\/\/twobrotherscampervan.com\/preguntas-frecuentes\/","name":"Preguntas frecuentes - Two Brothers CamperVan","isPartOf":{"@id":"https:\/\/twobrotherscampervan.com\/#website"},"primaryImageOfPage":{"@id":"https:\/\/twobrotherscampervan.com\/preguntas-frecuentes\/#primaryimage"},"image":{"@id":"https:\/\/twobrotherscampervan.com\/preguntas-frecuentes\/#primaryimage"},"thumbnailUrl":"https:\/\/twobrotherscampervan.com\/wp-content\/uploads\/TwoBrothersCampervan24-682x1024.png","datePublished":"2023-06-19T19:30:16+00:00","dateModified":"2026-06-19T05:40:43+00:00","description":"Encuentra respuestas r\u00e1pidas a tus dudas sobre nuestros servicios en nuestra secci\u00f3n de Preguntas Frecuentes.","breadcrumb":{"@id":"https:\/\/twobrotherscampervan.com\/preguntas-frecuentes\/#breadcrumb"},"inLanguage":"en-GB","potentialAction":[{"@type":"ReadAction","target":["https:\/\/twobrotherscampervan.com\/preguntas-frecuentes\/"]}]},{"@type":"ImageObject","inLanguage":"en-GB","@id":"https:\/\/twobrotherscampervan.com\/preguntas-frecuentes\/#primaryimage","url":"https:\/\/twobrotherscampervan.com\/wp-content\/uploads\/TwoBrothersCampervan24-682x1024.png","contentUrl":"https:\/\/twobrotherscampervan.com\/wp-content\/uploads\/TwoBrothersCampervan24-682x1024.png"},{"@type":"BreadcrumbList","@id":"https:\/\/twobrotherscampervan.com\/preguntas-frecuentes\/#breadcrumb","itemListElement":[{"@type":"ListItem","position":1,"name":"Portada","item":"https:\/\/twobrotherscampervan.com\/"},{"@type":"ListItem","position":2,"name":"Preguntas frecuentes"}]},{"@type":"WebSite","@id":"https:\/\/twobrotherscampervan.com\/#website","url":"https:\/\/twobrotherscampervan.com\/","name":"Two Brothers CamperVan","description":"Campers rental Mallorca","publisher":{"@id":"https:\/\/twobrotherscampervan.com\/#organization"},"potentialAction":[{"@type":"SearchAction","target":{"@type":"EntryPoint","urlTemplate":"https:\/\/twobrotherscampervan.com\/?s={search_term_string}"},"query-input":{"@type":"PropertyValueSpecification","valueRequired":true,"valueName":"search_term_string"}}],"inLanguage":"en-GB"},{"@type":"Organization","@id":"https:\/\/twobrotherscampervan.com\/#organization","name":"Two Brothers CamperVan","url":"https:\/\/twobrotherscampervan.com\/","logo":{"@type":"ImageObject","inLanguage":"en-GB","@id":"https:\/\/twobrotherscampervan.com\/#\/schema\/logo\/image\/","url":"https:\/\/twobrotherscampervan.com\/wp-content\/uploads\/cropped-cropped-cropped-logo-horizontal-scaled-1.png","contentUrl":"https:\/\/twobrotherscampervan.com\/wp-content\/uploads\/cropped-cropped-cropped-logo-horizontal-scaled-1.png","width":2560,"height":887,"caption":"Two Brothers CamperVan"},"image":{"@id":"https:\/\/twobrotherscampervan.com\/#\/schema\/logo\/image\/"},"sameAs":["https:\/\/www.facebook.com\/p\/twobrotherscampervan-100063508361247\/","https:\/\/www.instagram.com\/twobrotherscampervan\/","https:\/\/www.tiktok.com\/@twobrotherscampervan"]}]}},"_links":{"self":[{"href":"https:\/\/twobrotherscampervan.com\/en\/wp-json\/wp\/v2\/pages\/1791","targetHints":{"allow":["GET"]}}],"collection":[{"href":"https:\/\/twobrotherscampervan.com\/en\/wp-json\/wp\/v2\/pages"}],"about":[{"href":"https:\/\/twobrotherscampervan.com\/en\/wp-json\/wp\/v2\/types\/page"}],"author":[{"embeddable":true,"href":"https:\/\/twobrotherscampervan.com\/en\/wp-json\/wp\/v2\/users\/2"}],"replies":[{"embeddable":true,"href":"https:\/\/twobrotherscampervan.com\/en\/wp-json\/wp\/v2\/comments?post=1791"}],"version-history":[{"count":5,"href":"https:\/\/twobrotherscampervan.com\/en\/wp-json\/wp\/v2\/pages\/1791\/revisions"}],"predecessor-version":[{"id":13742,"href":"https:\/\/twobrotherscampervan.com\/en\/wp-json\/wp\/v2\/pages\/1791\/revisions\/13742"}],"wp:attachment":[{"href":"https:\/\/twobrotherscampervan.com\/en\/wp-json\/wp\/v2\/media?parent=1791"}],"curies":[{"name":"wp","href":"https:\/\/api.w.org\/{rel}","templated":true}]}}