{"id":13860,"date":"2026-06-26T13:40:07","date_gmt":"2026-06-26T13:40:07","guid":{"rendered":"https:\/\/twobrotherscampervan.com\/?page_id=13860"},"modified":"2026-08-20T18:07:52","modified_gmt":"2026-08-20T18:07:52","slug":"sa-bassa","status":"publish","type":"page","link":"https:\/\/twobrotherscampervan.com\/en\/sa-bassa\/","title":{"rendered":"Sa Bassa"},"content":{"rendered":"\t\t<div data-elementor-type=\"wp-page\" data-elementor-id=\"13860\" class=\"elementor elementor-13860\">\n\t\t\t\t\t\t<section class=\"elementor-section elementor-top-section elementor-element elementor-element-288181a elementor-section-content-middle elementor-reverse-mobile elementor-section-height-min-height elementor-section-boxed elementor-section-height-default elementor-section-items-middle\" data-id=\"288181a\" data-element_type=\"section\" data-e-type=\"section\" data-settings=\"{&quot;background_background&quot;:&quot;classic&quot;}\">\n\t\t\t\t\t\t\t<div class=\"elementor-background-overlay\"><\/div>\n\t\t\t\t\t\t\t<div class=\"elementor-container elementor-column-gap-no\">\n\t\t\t\t\t<div class=\"elementor-column elementor-col-100 elementor-top-column elementor-element elementor-element-184f6635\" data-id=\"184f6635\" data-element_type=\"column\" data-e-type=\"column\">\n\t\t\t<div class=\"elementor-widget-wrap elementor-element-populated\">\n\t\t\t\t\t\t<div class=\"elementor-element elementor-element-2ab2bdf8 elementor-widget elementor-widget-heading\" data-id=\"2ab2bdf8\" data-element_type=\"widget\" data-e-type=\"widget\" data-widget_type=\"heading.default\">\n\t\t\t\t<div class=\"elementor-widget-container\">\n\t\t\t\t\t<h1 class=\"elementor-heading-title elementor-size-default\">Sa Bassa<\/h1>\t\t\t\t<\/div>\n\t\t\t\t<\/div>\n\t\t\t\t\t<\/div>\n\t\t<\/div>\n\t\t\t\t\t<\/div>\n\t\t<\/section>\n\t\t\t\t<section class=\"elementor-section elementor-top-section elementor-element elementor-element-2185f7dd elementor-section-boxed elementor-section-height-default elementor-section-height-default\" data-id=\"2185f7dd\" data-element_type=\"section\" data-e-type=\"section\" data-settings=\"{&quot;background_background&quot;:&quot;classic&quot;}\">\n\t\t\t\t\t\t<div class=\"elementor-container elementor-column-gap-default\">\n\t\t\t\t\t<div class=\"elementor-column elementor-col-50 elementor-top-column elementor-element elementor-element-b4cae47\" data-id=\"b4cae47\" data-element_type=\"column\" data-e-type=\"column\">\n\t\t\t<div class=\"elementor-widget-wrap elementor-element-populated\">\n\t\t\t\t\t\t<div class=\"elementor-element elementor-element-975c2ec elementor-widget elementor-widget-heading\" data-id=\"975c2ec\" data-element_type=\"widget\" data-e-type=\"widget\" data-widget_type=\"heading.default\">\n\t\t\t\t<div class=\"elementor-widget-container\">\n\t\t\t\t\t<h2 class=\"elementor-heading-title elementor-size-default\">Vive tu aventura con la 'Sa Bassa'<\/h2>\t\t\t\t<\/div>\n\t\t\t\t<\/div>\n\t\t\t\t<div class=\"elementor-element elementor-element-10466f9e elementor-widget elementor-widget-text-editor\" data-id=\"10466f9e\" data-element_type=\"widget\" data-e-type=\"widget\" data-widget_type=\"text-editor.default\">\n\t\t\t\t<div class=\"elementor-widget-container\">\n\t\t\t\t\t\t\t\t\t<p><span data-sheets-value=\"{&quot;1&quot;:2,&quot;2&quot;:&quot;La camper Dragonera es la furgo m\u00e1s pr\u00e1ctica para recorrer la isla en camper. Con su tama\u00f1o es ideal para descubrir los rincones secretos de Mallorca y aparcar sin problema donde el viento te lleve. Nuestra camper Dragonera con su terraza superior es una opci\u00f3n perfecta para aquellos que disfrutan de la vida al aire libre y desean aprovechar al m\u00e1ximo sus aventuras en carretera. Tendr\u00e1s la libertad de explorar diferentes lugares y, al mismo tiempo, contar con un espacio privado y confortable para relajarte y disfrutar de la naturaleza.&quot;}\" data-sheets-userformat=\"{&quot;2&quot;:897,&quot;3&quot;:{&quot;1&quot;:0},&quot;10&quot;:0,&quot;11&quot;:4,&quot;12&quot;:0}\">La &#8216;Sa Bassa&#8217; es la furgo m\u00e1s pr\u00e1ctica para recorrer la isla en camper. Su tama\u00f1o es ideal para descubrir los rincones secretos de Mallorca y aparcar sin complicaciones&#8230; \u00a1Donde el viento te lleve!<\/span><\/p><p><span data-sheets-value=\"{&quot;1&quot;:2,&quot;2&quot;:&quot;La camper Dragonera es la furgo m\u00e1s pr\u00e1ctica para recorrer la isla en camper. Con su tama\u00f1o es ideal para descubrir los rincones secretos de Mallorca y aparcar sin problema donde el viento te lleve. Nuestra camper Dragonera con su terraza superior es una opci\u00f3n perfecta para aquellos que disfrutan de la vida al aire libre y desean aprovechar al m\u00e1ximo sus aventuras en carretera. Tendr\u00e1s la libertad de explorar diferentes lugares y, al mismo tiempo, contar con un espacio privado y confortable para relajarte y disfrutar de la naturaleza.&quot;}\" data-sheets-userformat=\"{&quot;2&quot;:897,&quot;3&quot;:{&quot;1&quot;:0},&quot;10&quot;:0,&quot;11&quot;:4,&quot;12&quot;:0}\">Esta furgoneta camper, con terraza superior para ver las estrellas, es una opci\u00f3n perfecta para aquellos que quieran disfrutar de la vida al aire libre y aprovechar al m\u00e1ximo sus aventuras en carretera. Tendr\u00e1s la libertad de explorar diferentes lugares y, al mismo tiempo, contar con un espacio privado y confortable para relajarte y disfrutar de la naturaleza.<\/span><\/p>\t\t\t\t\t\t\t\t<\/div>\n\t\t\t\t<\/div>\n\t\t\t\t<div class=\"elementor-element elementor-element-bfca814 elementor-widget elementor-widget-button\" data-id=\"bfca814\" data-element_type=\"widget\" data-e-type=\"widget\" data-widget_type=\"button.default\">\n\t\t\t\t<div class=\"elementor-widget-container\">\n\t\t\t\t\t\t\t\t\t<div class=\"elementor-button-wrapper\">\n\t\t\t\t\t<a class=\"elementor-button elementor-button-link elementor-size-sm\" href=\"#reservar\">\n\t\t\t\t\t\t<span class=\"elementor-button-content-wrapper\">\n\t\t\t\t\t\t\t\t\t<span class=\"elementor-button-text\">RESERVAR<\/span>\n\t\t\t\t\t<\/span>\n\t\t\t\t\t<\/a>\n\t\t\t\t<\/div>\n\t\t\t\t\t\t\t\t<\/div>\n\t\t\t\t<\/div>\n\t\t\t\t\t<\/div>\n\t\t<\/div>\n\t\t\t\t<div class=\"elementor-column elementor-col-50 elementor-top-column elementor-element elementor-element-6bdd40fa\" data-id=\"6bdd40fa\" data-element_type=\"column\" data-e-type=\"column\">\n\t\t\t<div class=\"elementor-widget-wrap elementor-element-populated\">\n\t\t\t\t\t\t<div class=\"elementor-element elementor-element-59a8064c uael-img-carousel-arrow-inside uael-ins-normal elementor-widget elementor-widget-uael-image-gallery\" data-id=\"59a8064c\" data-element_type=\"widget\" data-e-type=\"widget\" data-settings=\"{&quot;slides_to_show&quot;:1,&quot;column_gap&quot;:{&quot;unit&quot;:&quot;px&quot;,&quot;size&quot;:9,&quot;sizes&quot;:[]},&quot;slides_to_show_mobile&quot;:1,&quot;slides_to_show_tablet&quot;:3,&quot;slides_to_scroll&quot;:1,&quot;slides_to_scroll_tablet&quot;:1,&quot;slides_to_scroll_mobile&quot;:1,&quot;column_gap_tablet&quot;:{&quot;unit&quot;:&quot;px&quot;,&quot;size&quot;:&quot;&quot;,&quot;sizes&quot;:[]},&quot;column_gap_mobile&quot;:{&quot;unit&quot;:&quot;px&quot;,&quot;size&quot;:&quot;&quot;,&quot;sizes&quot;:[]}}\" data-widget_type=\"uael-image-gallery.default\">\n\t\t\t\t<div class=\"elementor-widget-container\">\n\t\t\t\t\t<div class=\"uael-gallery-parent uael-caption- uael-gallery-unjustified\"><div data-image_carousel=\"{&quot;slidesToShow&quot;:1,&quot;slidesToScroll&quot;:1,&quot;autoplaySpeed&quot;:5000,&quot;autoplay&quot;:false,&quot;infinite&quot;:false,&quot;pauseOnHover&quot;:true,&quot;speed&quot;:500,&quot;arrows&quot;:true,&quot;dots&quot;:true,&quot;rtl&quot;:false,&quot;responsive&quot;:[{&quot;breakpoint&quot;:1024,&quot;settings&quot;:{&quot;slidesToShow&quot;:3,&quot;slidesToScroll&quot;:1}},{&quot;breakpoint&quot;:767,&quot;settings&quot;:{&quot;slidesToShow&quot;:1,&quot;slidesToScroll&quot;:1}}]}\" class=\"uael-img-gallery-wrap uael-img-carousel-wrap uael-nav-both uael-image-lightbox-wrap\" data-filter-default=\"All\" data-lightbox_actions=\"[&quot;close&quot;]\" data-lightbox-gallery-loop=\"\"><div class=\"uael-grid-item  uael-img-gallery-item-1\"><div class=\"uael-grid-item-content\"><a class=\"uael-grid-img uael-grid-gallery-img uael-ins-hover elementor-clickable\" data-fancybox=\"uael-gallery\" href=\"https:\/\/twobrotherscampervan.com\/wp-content\/uploads\/IMG_4788-scaled.jpeg\" data-elementor-open-lightbox=\"no\"><div class=\"uael-grid-img-thumbnail uael-ins-target\"><img fetchpriority=\"high\" decoding=\"async\" width=\"1920\" height=\"2560\" src=\"https:\/\/twobrotherscampervan.com\/wp-content\/uploads\/IMG_4788-scaled.jpeg\" class=\"attachment-full size-full wp-image-13980\" alt=\"\" srcset=\"https:\/\/twobrotherscampervan.com\/wp-content\/uploads\/IMG_4788-scaled.jpeg 1920w, https:\/\/twobrotherscampervan.com\/wp-content\/uploads\/IMG_4788-225x300.jpeg 225w, https:\/\/twobrotherscampervan.com\/wp-content\/uploads\/IMG_4788-768x1024.jpeg 768w, https:\/\/twobrotherscampervan.com\/wp-content\/uploads\/IMG_4788-1152x1536.jpeg 1152w, https:\/\/twobrotherscampervan.com\/wp-content\/uploads\/IMG_4788-1536x2048.jpeg 1536w, https:\/\/twobrotherscampervan.com\/wp-content\/uploads\/IMG_4788-9x12.jpeg 9w\" sizes=\"(max-width: 1920px) 100vw, 1920px\" \/><\/div><div class=\"uael-grid-img-overlay\"><\/div><\/a><\/div><\/div><div class=\"uael-grid-item  uael-img-gallery-item-2\"><div class=\"uael-grid-item-content\"><a class=\"uael-grid-img uael-grid-gallery-img uael-ins-hover elementor-clickable\" data-fancybox=\"uael-gallery\" href=\"https:\/\/twobrotherscampervan.com\/wp-content\/uploads\/IMG_4792-scaled.jpeg\" data-elementor-open-lightbox=\"no\"><div class=\"uael-grid-img-thumbnail uael-ins-target\"><img decoding=\"async\" width=\"1920\" height=\"2560\" src=\"https:\/\/twobrotherscampervan.com\/wp-content\/uploads\/IMG_4792-scaled.jpeg\" class=\"attachment-full size-full wp-image-13979\" alt=\"\" srcset=\"https:\/\/twobrotherscampervan.com\/wp-content\/uploads\/IMG_4792-scaled.jpeg 1920w, https:\/\/twobrotherscampervan.com\/wp-content\/uploads\/IMG_4792-225x300.jpeg 225w, https:\/\/twobrotherscampervan.com\/wp-content\/uploads\/IMG_4792-768x1024.jpeg 768w, https:\/\/twobrotherscampervan.com\/wp-content\/uploads\/IMG_4792-1152x1536.jpeg 1152w, https:\/\/twobrotherscampervan.com\/wp-content\/uploads\/IMG_4792-1536x2048.jpeg 1536w, https:\/\/twobrotherscampervan.com\/wp-content\/uploads\/IMG_4792-9x12.jpeg 9w\" sizes=\"(max-width: 1920px) 100vw, 1920px\" \/><\/div><div class=\"uael-grid-img-overlay\"><\/div><\/a><\/div><\/div><div class=\"uael-grid-item  uael-img-gallery-item-3\"><div class=\"uael-grid-item-content\"><a class=\"uael-grid-img uael-grid-gallery-img uael-ins-hover elementor-clickable\" data-fancybox=\"uael-gallery\" href=\"https:\/\/twobrotherscampervan.com\/wp-content\/uploads\/IMG_4790-scaled.jpeg\" data-elementor-open-lightbox=\"no\"><div class=\"uael-grid-img-thumbnail uael-ins-target\"><img decoding=\"async\" width=\"1920\" height=\"2560\" src=\"https:\/\/twobrotherscampervan.com\/wp-content\/uploads\/IMG_4790-scaled.jpeg\" class=\"attachment-full size-full wp-image-13878\" alt=\"\" srcset=\"https:\/\/twobrotherscampervan.com\/wp-content\/uploads\/IMG_4790-scaled.jpeg 1920w, https:\/\/twobrotherscampervan.com\/wp-content\/uploads\/IMG_4790-225x300.jpeg 225w, https:\/\/twobrotherscampervan.com\/wp-content\/uploads\/IMG_4790-768x1024.jpeg 768w, https:\/\/twobrotherscampervan.com\/wp-content\/uploads\/IMG_4790-1152x1536.jpeg 1152w, https:\/\/twobrotherscampervan.com\/wp-content\/uploads\/IMG_4790-1536x2048.jpeg 1536w, https:\/\/twobrotherscampervan.com\/wp-content\/uploads\/IMG_4790-9x12.jpeg 9w\" sizes=\"(max-width: 1920px) 100vw, 1920px\" \/><\/div><div class=\"uael-grid-img-overlay\"><\/div><\/a><\/div><\/div><div class=\"uael-grid-item  uael-img-gallery-item-4\"><div class=\"uael-grid-item-content\"><a class=\"uael-grid-img uael-grid-gallery-img uael-ins-hover elementor-clickable\" data-fancybox=\"uael-gallery\" href=\"https:\/\/twobrotherscampervan.com\/wp-content\/uploads\/IMG_4791-scaled.jpeg\" data-elementor-open-lightbox=\"no\"><div class=\"uael-grid-img-thumbnail uael-ins-target\"><img loading=\"lazy\" decoding=\"async\" width=\"1920\" height=\"2560\" src=\"https:\/\/twobrotherscampervan.com\/wp-content\/uploads\/IMG_4791-scaled.jpeg\" class=\"attachment-full size-full wp-image-13880\" alt=\"\" srcset=\"https:\/\/twobrotherscampervan.com\/wp-content\/uploads\/IMG_4791-scaled.jpeg 1920w, https:\/\/twobrotherscampervan.com\/wp-content\/uploads\/IMG_4791-225x300.jpeg 225w, https:\/\/twobrotherscampervan.com\/wp-content\/uploads\/IMG_4791-768x1024.jpeg 768w, https:\/\/twobrotherscampervan.com\/wp-content\/uploads\/IMG_4791-1152x1536.jpeg 1152w, https:\/\/twobrotherscampervan.com\/wp-content\/uploads\/IMG_4791-1536x2048.jpeg 1536w, https:\/\/twobrotherscampervan.com\/wp-content\/uploads\/IMG_4791-9x12.jpeg 9w\" sizes=\"(max-width: 1920px) 100vw, 1920px\" \/><\/div><div class=\"uael-grid-img-overlay\"><\/div><\/a><\/div><\/div><div class=\"uael-grid-item  uael-img-gallery-item-5\"><div class=\"uael-grid-item-content\"><a class=\"uael-grid-img uael-grid-gallery-img uael-ins-hover elementor-clickable\" data-fancybox=\"uael-gallery\" href=\"https:\/\/twobrotherscampervan.com\/wp-content\/uploads\/IMG_4789-scaled.jpeg\" data-elementor-open-lightbox=\"no\"><div class=\"uael-grid-img-thumbnail uael-ins-target\"><img loading=\"lazy\" decoding=\"async\" width=\"1920\" height=\"2560\" src=\"https:\/\/twobrotherscampervan.com\/wp-content\/uploads\/IMG_4789-scaled.jpeg\" class=\"attachment-full size-full wp-image-13879\" alt=\"\" srcset=\"https:\/\/twobrotherscampervan.com\/wp-content\/uploads\/IMG_4789-scaled.jpeg 1920w, https:\/\/twobrotherscampervan.com\/wp-content\/uploads\/IMG_4789-225x300.jpeg 225w, https:\/\/twobrotherscampervan.com\/wp-content\/uploads\/IMG_4789-768x1024.jpeg 768w, https:\/\/twobrotherscampervan.com\/wp-content\/uploads\/IMG_4789-1152x1536.jpeg 1152w, https:\/\/twobrotherscampervan.com\/wp-content\/uploads\/IMG_4789-1536x2048.jpeg 1536w, https:\/\/twobrotherscampervan.com\/wp-content\/uploads\/IMG_4789-9x12.jpeg 9w\" sizes=\"(max-width: 1920px) 100vw, 1920px\" \/><\/div><div class=\"uael-grid-img-overlay\"><\/div><\/a><\/div><\/div><div class=\"uael-grid-item  uael-img-gallery-item-6\"><div class=\"uael-grid-item-content\"><a class=\"uael-grid-img uael-grid-gallery-img uael-ins-hover elementor-clickable\" data-fancybox=\"uael-gallery\" href=\"https:\/\/twobrotherscampervan.com\/wp-content\/uploads\/IMG_4794-scaled.jpeg\" data-elementor-open-lightbox=\"no\"><div class=\"uael-grid-img-thumbnail uael-ins-target\"><img loading=\"lazy\" decoding=\"async\" width=\"2560\" height=\"2067\" src=\"https:\/\/twobrotherscampervan.com\/wp-content\/uploads\/IMG_4794-scaled.jpeg\" class=\"attachment-full size-full wp-image-13881\" alt=\"\" srcset=\"https:\/\/twobrotherscampervan.com\/wp-content\/uploads\/IMG_4794-scaled.jpeg 2560w, https:\/\/twobrotherscampervan.com\/wp-content\/uploads\/IMG_4794-300x242.jpeg 300w, https:\/\/twobrotherscampervan.com\/wp-content\/uploads\/IMG_4794-1024x827.jpeg 1024w, https:\/\/twobrotherscampervan.com\/wp-content\/uploads\/IMG_4794-768x620.jpeg 768w, https:\/\/twobrotherscampervan.com\/wp-content\/uploads\/IMG_4794-1536x1240.jpeg 1536w, https:\/\/twobrotherscampervan.com\/wp-content\/uploads\/IMG_4794-2048x1654.jpeg 2048w, https:\/\/twobrotherscampervan.com\/wp-content\/uploads\/IMG_4794-15x12.jpeg 15w\" sizes=\"(max-width: 2560px) 100vw, 2560px\" \/><\/div><div class=\"uael-grid-img-overlay\"><\/div><\/a><\/div><\/div><div class=\"uael-grid-item  uael-img-gallery-item-7\"><div class=\"uael-grid-item-content\"><a class=\"uael-grid-img uael-grid-gallery-img uael-ins-hover elementor-clickable\" data-fancybox=\"uael-gallery\" href=\"https:\/\/twobrotherscampervan.com\/wp-content\/uploads\/IMG_4799-scaled.jpeg\" data-elementor-open-lightbox=\"no\"><div class=\"uael-grid-img-thumbnail uael-ins-target\"><img loading=\"lazy\" decoding=\"async\" width=\"2112\" height=\"2560\" src=\"https:\/\/twobrotherscampervan.com\/wp-content\/uploads\/IMG_4799-scaled.jpeg\" class=\"attachment-full size-full wp-image-13882\" alt=\"\" srcset=\"https:\/\/twobrotherscampervan.com\/wp-content\/uploads\/IMG_4799-scaled.jpeg 2112w, https:\/\/twobrotherscampervan.com\/wp-content\/uploads\/IMG_4799-248x300.jpeg 248w, https:\/\/twobrotherscampervan.com\/wp-content\/uploads\/IMG_4799-845x1024.jpeg 845w, https:\/\/twobrotherscampervan.com\/wp-content\/uploads\/IMG_4799-768x931.jpeg 768w, https:\/\/twobrotherscampervan.com\/wp-content\/uploads\/IMG_4799-1267x1536.jpeg 1267w, https:\/\/twobrotherscampervan.com\/wp-content\/uploads\/IMG_4799-1690x2048.jpeg 1690w, https:\/\/twobrotherscampervan.com\/wp-content\/uploads\/IMG_4799-10x12.jpeg 10w\" sizes=\"(max-width: 2112px) 100vw, 2112px\" \/><\/div><div class=\"uael-grid-img-overlay\"><\/div><\/a><\/div><\/div><div class=\"uael-grid-item  uael-img-gallery-item-8\"><div class=\"uael-grid-item-content\"><a class=\"uael-grid-img uael-grid-gallery-img uael-ins-hover elementor-clickable\" data-fancybox=\"uael-gallery\" href=\"https:\/\/twobrotherscampervan.com\/wp-content\/uploads\/IMG_8380-1-scaled.jpeg\" data-elementor-open-lightbox=\"no\"><div class=\"uael-grid-img-thumbnail uael-ins-target\"><img loading=\"lazy\" decoding=\"async\" width=\"1920\" height=\"2560\" src=\"https:\/\/twobrotherscampervan.com\/wp-content\/uploads\/IMG_8380-1-scaled.jpeg\" class=\"attachment-full size-full wp-image-13981\" alt=\"\" srcset=\"https:\/\/twobrotherscampervan.com\/wp-content\/uploads\/IMG_8380-1-scaled.jpeg 1920w, https:\/\/twobrotherscampervan.com\/wp-content\/uploads\/IMG_8380-1-225x300.jpeg 225w, https:\/\/twobrotherscampervan.com\/wp-content\/uploads\/IMG_8380-1-768x1024.jpeg 768w, https:\/\/twobrotherscampervan.com\/wp-content\/uploads\/IMG_8380-1-1152x1536.jpeg 1152w, https:\/\/twobrotherscampervan.com\/wp-content\/uploads\/IMG_8380-1-1536x2048.jpeg 1536w, https:\/\/twobrotherscampervan.com\/wp-content\/uploads\/IMG_8380-1-9x12.jpeg 9w\" sizes=\"(max-width: 1920px) 100vw, 1920px\" \/><\/div><div class=\"uael-grid-img-overlay\"><\/div><\/a><\/div><\/div><div class=\"uael-grid-item  uael-img-gallery-item-9\"><div class=\"uael-grid-item-content\"><a class=\"uael-grid-img uael-grid-gallery-img uael-ins-hover elementor-clickable\" data-fancybox=\"uael-gallery\" href=\"https:\/\/twobrotherscampervan.com\/wp-content\/uploads\/IMG_4797-scaled.jpeg\" data-elementor-open-lightbox=\"no\"><div class=\"uael-grid-img-thumbnail uael-ins-target\"><img loading=\"lazy\" decoding=\"async\" width=\"2560\" height=\"2459\" src=\"https:\/\/twobrotherscampervan.com\/wp-content\/uploads\/IMG_4797-scaled.jpeg\" class=\"attachment-full size-full wp-image-13883\" alt=\"\" srcset=\"https:\/\/twobrotherscampervan.com\/wp-content\/uploads\/IMG_4797-scaled.jpeg 2560w, https:\/\/twobrotherscampervan.com\/wp-content\/uploads\/IMG_4797-300x288.jpeg 300w, https:\/\/twobrotherscampervan.com\/wp-content\/uploads\/IMG_4797-1024x984.jpeg 1024w, https:\/\/twobrotherscampervan.com\/wp-content\/uploads\/IMG_4797-768x738.jpeg 768w, https:\/\/twobrotherscampervan.com\/wp-content\/uploads\/IMG_4797-1536x1475.jpeg 1536w, https:\/\/twobrotherscampervan.com\/wp-content\/uploads\/IMG_4797-2048x1967.jpeg 2048w, https:\/\/twobrotherscampervan.com\/wp-content\/uploads\/IMG_4797-12x12.jpeg 12w\" sizes=\"(max-width: 2560px) 100vw, 2560px\" \/><\/div><div class=\"uael-grid-img-overlay\"><\/div><\/a><\/div><\/div><div class=\"uael-grid-item  uael-img-gallery-item-10\"><div class=\"uael-grid-item-content\"><a class=\"uael-grid-img uael-grid-gallery-img uael-ins-hover elementor-clickable\" data-fancybox=\"uael-gallery\" href=\"https:\/\/twobrotherscampervan.com\/wp-content\/uploads\/IMG_4795-scaled.jpeg\" data-elementor-open-lightbox=\"no\"><div class=\"uael-grid-img-thumbnail uael-ins-target\"><img loading=\"lazy\" decoding=\"async\" width=\"1920\" height=\"2560\" src=\"https:\/\/twobrotherscampervan.com\/wp-content\/uploads\/IMG_4795-scaled.jpeg\" class=\"attachment-full size-full wp-image-13884\" alt=\"\" srcset=\"https:\/\/twobrotherscampervan.com\/wp-content\/uploads\/IMG_4795-scaled.jpeg 1920w, https:\/\/twobrotherscampervan.com\/wp-content\/uploads\/IMG_4795-225x300.jpeg 225w, https:\/\/twobrotherscampervan.com\/wp-content\/uploads\/IMG_4795-768x1024.jpeg 768w, https:\/\/twobrotherscampervan.com\/wp-content\/uploads\/IMG_4795-1152x1536.jpeg 1152w, https:\/\/twobrotherscampervan.com\/wp-content\/uploads\/IMG_4795-1536x2048.jpeg 1536w, https:\/\/twobrotherscampervan.com\/wp-content\/uploads\/IMG_4795-9x12.jpeg 9w\" sizes=\"(max-width: 1920px) 100vw, 1920px\" \/><\/div><div class=\"uael-grid-img-overlay\"><\/div><\/a><\/div><\/div><div class=\"uael-grid-item  uael-img-gallery-item-11\"><div class=\"uael-grid-item-content\"><a class=\"uael-grid-img uael-grid-gallery-img uael-ins-hover elementor-clickable\" data-fancybox=\"uael-gallery\" href=\"https:\/\/twobrotherscampervan.com\/wp-content\/uploads\/IMG_4796-scaled.jpeg\" data-elementor-open-lightbox=\"no\"><div class=\"uael-grid-img-thumbnail uael-ins-target\"><img loading=\"lazy\" decoding=\"async\" width=\"1920\" height=\"2560\" src=\"https:\/\/twobrotherscampervan.com\/wp-content\/uploads\/IMG_4796-scaled.jpeg\" class=\"attachment-full size-full wp-image-13885\" alt=\"\" srcset=\"https:\/\/twobrotherscampervan.com\/wp-content\/uploads\/IMG_4796-scaled.jpeg 1920w, https:\/\/twobrotherscampervan.com\/wp-content\/uploads\/IMG_4796-225x300.jpeg 225w, https:\/\/twobrotherscampervan.com\/wp-content\/uploads\/IMG_4796-768x1024.jpeg 768w, https:\/\/twobrotherscampervan.com\/wp-content\/uploads\/IMG_4796-1152x1536.jpeg 1152w, https:\/\/twobrotherscampervan.com\/wp-content\/uploads\/IMG_4796-1536x2048.jpeg 1536w, https:\/\/twobrotherscampervan.com\/wp-content\/uploads\/IMG_4796-9x12.jpeg 9w\" sizes=\"(max-width: 1920px) 100vw, 1920px\" \/><\/div><div class=\"uael-grid-img-overlay\"><\/div><\/a><\/div><\/div><\/div><\/div>\t\t\t\t<\/div>\n\t\t\t\t<\/div>\n\t\t\t\t\t<\/div>\n\t\t<\/div>\n\t\t\t\t\t<\/div>\n\t\t<\/section>\n\t\t\t\t<section class=\"elementor-section elementor-top-section elementor-element elementor-element-67ddfa9a elementor-section-boxed elementor-section-height-default elementor-section-height-default\" data-id=\"67ddfa9a\" data-element_type=\"section\" data-e-type=\"section\" data-settings=\"{&quot;background_background&quot;:&quot;gradient&quot;}\">\n\t\t\t\t\t\t<div class=\"elementor-container elementor-column-gap-default\">\n\t\t\t\t\t<div class=\"elementor-column elementor-col-20 elementor-top-column elementor-element elementor-element-306af2f8\" data-id=\"306af2f8\" data-element_type=\"column\" data-e-type=\"column\">\n\t\t\t<div class=\"elementor-widget-wrap elementor-element-populated\">\n\t\t\t\t\t\t<div class=\"elementor-element elementor-element-29d00a0c elementor-view-default elementor-position-block-start elementor-mobile-position-block-start elementor-widget elementor-widget-icon-box\" data-id=\"29d00a0c\" data-element_type=\"widget\" data-e-type=\"widget\" data-widget_type=\"icon-box.default\">\n\t\t\t\t<div class=\"elementor-widget-container\">\n\t\t\t\t\t\t\t<div class=\"elementor-icon-box-wrapper\">\n\n\t\t\t\t\t\t<div class=\"elementor-icon-box-icon\">\n\t\t\t\t<span  class=\"elementor-icon\">\n\t\t\t\t<i aria-hidden=\"true\" class=\"fas fa-user\"><\/i>\t\t\t\t<\/span>\n\t\t\t<\/div>\n\t\t\t\n\t\t\t\t\t\t<div class=\"elementor-icon-box-content\">\n\n\t\t\t\t\n\t\t\t\t\t\t\t\t\t<p class=\"elementor-icon-box-description\">\n\t\t\t\t\t\t3 plazas <br><b>con cintur\u00f3n<\/b>\t\t\t\t\t<\/p>\n\t\t\t\t\n\t\t\t<\/div>\n\t\t\t\n\t\t<\/div>\n\t\t\t\t\t\t<\/div>\n\t\t\t\t<\/div>\n\t\t\t\t\t<\/div>\n\t\t<\/div>\n\t\t\t\t<div class=\"elementor-column elementor-col-20 elementor-top-column elementor-element elementor-element-263e466e\" data-id=\"263e466e\" data-element_type=\"column\" data-e-type=\"column\">\n\t\t\t<div class=\"elementor-widget-wrap elementor-element-populated\">\n\t\t\t\t\t\t<div class=\"elementor-element elementor-element-714ba997 elementor-view-default elementor-position-block-start elementor-mobile-position-block-start elementor-widget elementor-widget-icon-box\" data-id=\"714ba997\" data-element_type=\"widget\" data-e-type=\"widget\" data-widget_type=\"icon-box.default\">\n\t\t\t\t<div class=\"elementor-widget-container\">\n\t\t\t\t\t\t\t<div class=\"elementor-icon-box-wrapper\">\n\n\t\t\t\t\t\t<div class=\"elementor-icon-box-icon\">\n\t\t\t\t<span  class=\"elementor-icon\">\n\t\t\t\t<i aria-hidden=\"true\" class=\"fas fa-bed\"><\/i>\t\t\t\t<\/span>\n\t\t\t<\/div>\n\t\t\t\n\t\t\t\t\t\t<div class=\"elementor-icon-box-content\">\n\n\t\t\t\t\n\t\t\t\t\t\t\t\t\t<p class=\"elementor-icon-box-description\">\n\t\t\t\t\t\t3 plazas <br><b>en cama<\/b>\t\t\t\t\t<\/p>\n\t\t\t\t\n\t\t\t<\/div>\n\t\t\t\n\t\t<\/div>\n\t\t\t\t\t\t<\/div>\n\t\t\t\t<\/div>\n\t\t\t\t\t<\/div>\n\t\t<\/div>\n\t\t\t\t<div class=\"elementor-column elementor-col-20 elementor-top-column elementor-element elementor-element-576c369\" data-id=\"576c369\" data-element_type=\"column\" data-e-type=\"column\">\n\t\t\t<div class=\"elementor-widget-wrap elementor-element-populated\">\n\t\t\t\t\t\t<div class=\"elementor-element elementor-element-3c813634 elementor-view-default elementor-position-block-start elementor-mobile-position-block-start elementor-widget elementor-widget-icon-box\" data-id=\"3c813634\" data-element_type=\"widget\" data-e-type=\"widget\" data-widget_type=\"icon-box.default\">\n\t\t\t\t<div class=\"elementor-widget-container\">\n\t\t\t\t\t\t\t<div class=\"elementor-icon-box-wrapper\">\n\n\t\t\t\t\t\t<div class=\"elementor-icon-box-icon\">\n\t\t\t\t<span  class=\"elementor-icon\">\n\t\t\t\t<i aria-hidden=\"true\" class=\"far fa-address-card\"><\/i>\t\t\t\t<\/span>\n\t\t\t<\/div>\n\t\t\t\n\t\t\t\t\t\t<div class=\"elementor-icon-box-content\">\n\n\t\t\t\t\n\t\t\t\t\t\t\t\t\t<p class=\"elementor-icon-box-description\">\n\t\t\t\t\t\tCarnet de<br><b>conducir B<\/b>\t\t\t\t\t<\/p>\n\t\t\t\t\n\t\t\t<\/div>\n\t\t\t\n\t\t<\/div>\n\t\t\t\t\t\t<\/div>\n\t\t\t\t<\/div>\n\t\t\t\t\t<\/div>\n\t\t<\/div>\n\t\t\t\t<div class=\"elementor-column elementor-col-20 elementor-top-column elementor-element elementor-element-1bad9a60\" data-id=\"1bad9a60\" data-element_type=\"column\" data-e-type=\"column\">\n\t\t\t<div class=\"elementor-widget-wrap elementor-element-populated\">\n\t\t\t\t\t\t<div class=\"elementor-element elementor-element-553bd196 elementor-view-default elementor-position-block-start elementor-mobile-position-block-start elementor-widget elementor-widget-icon-box\" data-id=\"553bd196\" data-element_type=\"widget\" data-e-type=\"widget\" data-widget_type=\"icon-box.default\">\n\t\t\t\t<div class=\"elementor-widget-container\">\n\t\t\t\t\t\t\t<div class=\"elementor-icon-box-wrapper\">\n\n\t\t\t\t\t\t<div class=\"elementor-icon-box-icon\">\n\t\t\t\t<span  class=\"elementor-icon\">\n\t\t\t\t<i aria-hidden=\"true\" class=\"fas fa-bolt\"><\/i>\t\t\t\t<\/span>\n\t\t\t<\/div>\n\t\t\t\n\t\t\t\t\t\t<div class=\"elementor-icon-box-content\">\n\n\t\t\t\t\n\t\t\t\t\t\t\t\t\t<p class=\"elementor-icon-box-description\">\n\t\t\t\t\t\tKil\u00f3metros<br><b>ilimitados<\/b>\t\t\t\t\t<\/p>\n\t\t\t\t\n\t\t\t<\/div>\n\t\t\t\n\t\t<\/div>\n\t\t\t\t\t\t<\/div>\n\t\t\t\t<\/div>\n\t\t\t\t\t<\/div>\n\t\t<\/div>\n\t\t\t\t<div class=\"elementor-column elementor-col-20 elementor-top-column elementor-element elementor-element-669f2a55\" data-id=\"669f2a55\" data-element_type=\"column\" data-e-type=\"column\">\n\t\t\t<div class=\"elementor-widget-wrap elementor-element-populated\">\n\t\t\t\t\t\t<div class=\"elementor-element elementor-element-39f62394 elementor-view-default elementor-position-block-start elementor-mobile-position-block-start elementor-widget elementor-widget-icon-box\" data-id=\"39f62394\" data-element_type=\"widget\" data-e-type=\"widget\" data-widget_type=\"icon-box.default\">\n\t\t\t\t<div class=\"elementor-widget-container\">\n\t\t\t\t\t\t\t<div class=\"elementor-icon-box-wrapper\">\n\n\t\t\t\t\t\t<div class=\"elementor-icon-box-icon\">\n\t\t\t\t<span  class=\"elementor-icon\">\n\t\t\t\t<i aria-hidden=\"true\" class=\"fas fa-dog\"><\/i>\t\t\t\t<\/span>\n\t\t\t<\/div>\n\t\t\t\n\t\t\t\t\t\t<div class=\"elementor-icon-box-content\">\n\n\t\t\t\t\n\t\t\t\t\t\t\t\t\t<p class=\"elementor-icon-box-description\">\n\t\t\t\t\t\tMascotas<br><b>aceptadas<\/b>\t\t\t\t\t<\/p>\n\t\t\t\t\n\t\t\t<\/div>\n\t\t\t\n\t\t<\/div>\n\t\t\t\t\t\t<\/div>\n\t\t\t\t<\/div>\n\t\t\t\t\t<\/div>\n\t\t<\/div>\n\t\t\t\t\t<\/div>\n\t\t<\/section>\n\t\t\t\t<section class=\"elementor-section elementor-top-section elementor-element elementor-element-41923856 elementor-section-boxed elementor-section-height-default elementor-section-height-default\" data-id=\"41923856\" data-element_type=\"section\" data-e-type=\"section\" data-settings=\"{&quot;background_background&quot;:&quot;classic&quot;}\">\n\t\t\t\t\t\t<div class=\"elementor-container elementor-column-gap-default\">\n\t\t\t\t\t<div class=\"elementor-column elementor-col-100 elementor-top-column elementor-element elementor-element-3bd9208a\" data-id=\"3bd9208a\" data-element_type=\"column\" data-e-type=\"column\">\n\t\t\t<div class=\"elementor-widget-wrap elementor-element-populated\">\n\t\t\t\t\t\t<div class=\"elementor-element elementor-element-59bba199 elementor-widget elementor-widget-heading\" data-id=\"59bba199\" data-element_type=\"widget\" data-e-type=\"widget\" data-widget_type=\"heading.default\">\n\t\t\t\t<div class=\"elementor-widget-container\">\n\t\t\t\t\t<h3 class=\"elementor-heading-title elementor-size-default\">Detalles t\u00e9cnicos<\/h3>\t\t\t\t<\/div>\n\t\t\t\t<\/div>\n\t\t\t\t<section class=\"elementor-section elementor-inner-section elementor-element elementor-element-119020ca elementor-section-boxed elementor-section-height-default elementor-section-height-default\" data-id=\"119020ca\" data-element_type=\"section\" data-e-type=\"section\">\n\t\t\t\t\t\t<div class=\"elementor-container elementor-column-gap-no\">\n\t\t\t\t\t<div class=\"elementor-column elementor-col-50 elementor-inner-column elementor-element elementor-element-4cca6b0f\" data-id=\"4cca6b0f\" data-element_type=\"column\" data-e-type=\"column\">\n\t\t\t<div class=\"elementor-widget-wrap elementor-element-populated\">\n\t\t\t\t\t\t<div class=\"elementor-element elementor-element-244a3940 elementor-icon-list--layout-traditional elementor-list-item-link-full_width elementor-widget elementor-widget-icon-list\" data-id=\"244a3940\" data-element_type=\"widget\" data-e-type=\"widget\" data-widget_type=\"icon-list.default\">\n\t\t\t\t<div class=\"elementor-widget-container\">\n\t\t\t\t\t\t\t<ul class=\"elementor-icon-list-items\">\n\t\t\t\t\t\t\t<li class=\"elementor-icon-list-item\">\n\t\t\t\t\t\t\t\t\t\t\t<span class=\"elementor-icon-list-icon\">\n\t\t\t\t\t\t\t<i aria-hidden=\"true\" class=\"fas fa-caret-right\"><\/i>\t\t\t\t\t\t<\/span>\n\t\t\t\t\t\t\t\t\t\t<span class=\"elementor-icon-list-text\">Ford Transit Custom<\/span>\n\t\t\t\t\t\t\t\t\t<\/li>\n\t\t\t\t\t\t\t\t<li class=\"elementor-icon-list-item\">\n\t\t\t\t\t\t\t\t\t\t\t<span class=\"elementor-icon-list-icon\">\n\t\t\t\t\t\t\t<i aria-hidden=\"true\" class=\"fas fa-caret-right\"><\/i>\t\t\t\t\t\t<\/span>\n\t\t\t\t\t\t\t\t\t\t<span class=\"elementor-icon-list-text\">Altura: 2,2m<\/span>\n\t\t\t\t\t\t\t\t\t<\/li>\n\t\t\t\t\t\t<\/ul>\n\t\t\t\t\t\t<\/div>\n\t\t\t\t<\/div>\n\t\t\t\t\t<\/div>\n\t\t<\/div>\n\t\t\t\t<div class=\"elementor-column elementor-col-50 elementor-inner-column elementor-element elementor-element-2257a1a8\" data-id=\"2257a1a8\" data-element_type=\"column\" data-e-type=\"column\">\n\t\t\t<div class=\"elementor-widget-wrap elementor-element-populated\">\n\t\t\t\t\t\t<div class=\"elementor-element elementor-element-1e1ad1e4 elementor-icon-list--layout-traditional elementor-list-item-link-full_width elementor-widget elementor-widget-icon-list\" data-id=\"1e1ad1e4\" data-element_type=\"widget\" data-e-type=\"widget\" data-widget_type=\"icon-list.default\">\n\t\t\t\t<div class=\"elementor-widget-container\">\n\t\t\t\t\t\t\t<ul class=\"elementor-icon-list-items\">\n\t\t\t\t\t\t\t<li class=\"elementor-icon-list-item\">\n\t\t\t\t\t\t\t\t\t\t\t<span class=\"elementor-icon-list-icon\">\n\t\t\t\t\t\t\t<i aria-hidden=\"true\" class=\"fas fa-caret-right\"><\/i>\t\t\t\t\t\t<\/span>\n\t\t\t\t\t\t\t\t\t\t<span class=\"elementor-icon-list-text\">Tipo de cambio: manual<\/span>\n\t\t\t\t\t\t\t\t\t<\/li>\n\t\t\t\t\t\t\t\t<li class=\"elementor-icon-list-item\">\n\t\t\t\t\t\t\t\t\t\t\t<span class=\"elementor-icon-list-icon\">\n\t\t\t\t\t\t\t<i aria-hidden=\"true\" class=\"fas fa-caret-right\"><\/i>\t\t\t\t\t\t<\/span>\n\t\t\t\t\t\t\t\t\t\t<span class=\"elementor-icon-list-text\">Combustible: di\u00e9sel<\/span>\n\t\t\t\t\t\t\t\t\t<\/li>\n\t\t\t\t\t\t<\/ul>\n\t\t\t\t\t\t<\/div>\n\t\t\t\t<\/div>\n\t\t\t\t\t<\/div>\n\t\t<\/div>\n\t\t\t\t\t<\/div>\n\t\t<\/section>\n\t\t\t\t\t<\/div>\n\t\t<\/div>\n\t\t\t\t\t<\/div>\n\t\t<\/section>\n\t\t\t\t<section class=\"elementor-section elementor-top-section elementor-element elementor-element-7c30e120 elementor-section-boxed elementor-section-height-default elementor-section-height-default\" data-id=\"7c30e120\" data-element_type=\"section\" data-e-type=\"section\" data-settings=\"{&quot;background_background&quot;:&quot;classic&quot;}\">\n\t\t\t\t\t\t<div class=\"elementor-container elementor-column-gap-default\">\n\t\t\t\t\t<div class=\"elementor-column elementor-col-100 elementor-top-column elementor-element elementor-element-7246f828\" data-id=\"7246f828\" data-element_type=\"column\" data-e-type=\"column\">\n\t\t\t<div class=\"elementor-widget-wrap elementor-element-populated\">\n\t\t\t\t\t\t<div class=\"elementor-element elementor-element-6a97d93f elementor-widget elementor-widget-heading\" data-id=\"6a97d93f\" data-element_type=\"widget\" data-e-type=\"widget\" data-widget_type=\"heading.default\">\n\t\t\t\t<div class=\"elementor-widget-container\">\n\t\t\t\t\t<h3 class=\"elementor-heading-title elementor-size-default\">Caracter\u00edsticas generales<\/h3>\t\t\t\t<\/div>\n\t\t\t\t<\/div>\n\t\t\t\t<section class=\"elementor-section elementor-inner-section elementor-element elementor-element-52034414 elementor-section-boxed elementor-section-height-default elementor-section-height-default\" data-id=\"52034414\" data-element_type=\"section\" data-e-type=\"section\">\n\t\t\t\t\t\t<div class=\"elementor-container elementor-column-gap-no\">\n\t\t\t\t\t<div class=\"elementor-column elementor-col-50 elementor-inner-column elementor-element elementor-element-543972bc\" data-id=\"543972bc\" data-element_type=\"column\" data-e-type=\"column\">\n\t\t\t<div class=\"elementor-widget-wrap elementor-element-populated\">\n\t\t\t\t\t\t<div class=\"elementor-element elementor-element-7340bacd elementor-icon-list--layout-traditional elementor-list-item-link-full_width elementor-widget elementor-widget-icon-list\" data-id=\"7340bacd\" data-element_type=\"widget\" data-e-type=\"widget\" data-widget_type=\"icon-list.default\">\n\t\t\t\t<div class=\"elementor-widget-container\">\n\t\t\t\t\t\t\t<ul class=\"elementor-icon-list-items\">\n\t\t\t\t\t\t\t<li class=\"elementor-icon-list-item\">\n\t\t\t\t\t\t\t\t\t\t\t<span class=\"elementor-icon-list-icon\">\n\t\t\t\t\t\t\t<i aria-hidden=\"true\" class=\"fas fa-caret-right\"><\/i>\t\t\t\t\t\t<\/span>\n\t\t\t\t\t\t\t\t\t\t<span class=\"elementor-icon-list-text\">3 asientos en cabina<\/span>\n\t\t\t\t\t\t\t\t\t<\/li>\n\t\t\t\t\t\t\t\t<li class=\"elementor-icon-list-item\">\n\t\t\t\t\t\t\t\t\t\t\t<span class=\"elementor-icon-list-icon\">\n\t\t\t\t\t\t\t<i aria-hidden=\"true\" class=\"fas fa-caret-right\"><\/i>\t\t\t\t\t\t<\/span>\n\t\t\t\t\t\t\t\t\t\t<span class=\"elementor-icon-list-text\">Cama de 160x190<\/span>\n\t\t\t\t\t\t\t\t\t<\/li>\n\t\t\t\t\t\t\t\t<li class=\"elementor-icon-list-item\">\n\t\t\t\t\t\t\t\t\t\t\t<span class=\"elementor-icon-list-icon\">\n\t\t\t\t\t\t\t<i aria-hidden=\"true\" class=\"fas fa-caret-right\"><\/i>\t\t\t\t\t\t<\/span>\n\t\t\t\t\t\t\t\t\t\t<span class=\"elementor-icon-list-text\">Nevera 85 litros<\/span>\n\t\t\t\t\t\t\t\t\t<\/li>\n\t\t\t\t\t\t\t\t<li class=\"elementor-icon-list-item\">\n\t\t\t\t\t\t\t\t\t\t\t<span class=\"elementor-icon-list-icon\">\n\t\t\t\t\t\t\t<i aria-hidden=\"true\" class=\"fas fa-caret-right\"><\/i>\t\t\t\t\t\t<\/span>\n\t\t\t\t\t\t\t\t\t\t<span class=\"elementor-icon-list-text\">Placas solares<\/span>\n\t\t\t\t\t\t\t\t\t<\/li>\n\t\t\t\t\t\t\t\t<li class=\"elementor-icon-list-item\">\n\t\t\t\t\t\t\t\t\t\t\t<span class=\"elementor-icon-list-icon\">\n\t\t\t\t\t\t\t<i aria-hidden=\"true\" class=\"fas fa-caret-right\"><\/i>\t\t\t\t\t\t<\/span>\n\t\t\t\t\t\t\t\t\t\t<span class=\"elementor-icon-list-text\">Salon Face to FAce<\/span>\n\t\t\t\t\t\t\t\t\t<\/li>\n\t\t\t\t\t\t<\/ul>\n\t\t\t\t\t\t<\/div>\n\t\t\t\t<\/div>\n\t\t\t\t\t<\/div>\n\t\t<\/div>\n\t\t\t\t<div class=\"elementor-column elementor-col-50 elementor-inner-column elementor-element elementor-element-69b83de8\" data-id=\"69b83de8\" data-element_type=\"column\" data-e-type=\"column\">\n\t\t\t<div class=\"elementor-widget-wrap elementor-element-populated\">\n\t\t\t\t\t\t<div class=\"elementor-element elementor-element-561a9f02 elementor-icon-list--layout-traditional elementor-list-item-link-full_width elementor-widget elementor-widget-icon-list\" data-id=\"561a9f02\" data-element_type=\"widget\" data-e-type=\"widget\" data-widget_type=\"icon-list.default\">\n\t\t\t\t<div class=\"elementor-widget-container\">\n\t\t\t\t\t\t\t<ul class=\"elementor-icon-list-items\">\n\t\t\t\t\t\t\t<li class=\"elementor-icon-list-item\">\n\t\t\t\t\t\t\t\t\t\t\t<span class=\"elementor-icon-list-icon\">\n\t\t\t\t\t\t\t<i aria-hidden=\"true\" class=\"fas fa-caret-right\"><\/i>\t\t\t\t\t\t<\/span>\n\t\t\t\t\t\t\t\t\t\t<span class=\"elementor-icon-list-text\">Claraboya y ventana abatible<\/span>\n\t\t\t\t\t\t\t\t\t<\/li>\n\t\t\t\t\t\t\t\t<li class=\"elementor-icon-list-item\">\n\t\t\t\t\t\t\t\t\t\t\t<span class=\"elementor-icon-list-icon\">\n\t\t\t\t\t\t\t<i aria-hidden=\"true\" class=\"fas fa-caret-right\"><\/i>\t\t\t\t\t\t<\/span>\n\t\t\t\t\t\t\t\t\t\t<span class=\"elementor-icon-list-text\">Lavabo con grifo extensible para ducha exterior<\/span>\n\t\t\t\t\t\t\t\t\t<\/li>\n\t\t\t\t\t\t\t\t<li class=\"elementor-icon-list-item\">\n\t\t\t\t\t\t\t\t\t\t\t<span class=\"elementor-icon-list-icon\">\n\t\t\t\t\t\t\t<i aria-hidden=\"true\" class=\"fas fa-caret-right\"><\/i>\t\t\t\t\t\t<\/span>\n\t\t\t\t\t\t\t\t\t\t<span class=\"elementor-icon-list-text\">Espacio de almacenaje cerrado<\/span>\n\t\t\t\t\t\t\t\t\t<\/li>\n\t\t\t\t\t\t\t\t<li class=\"elementor-icon-list-item\">\n\t\t\t\t\t\t\t\t\t\t\t<span class=\"elementor-icon-list-icon\">\n\t\t\t\t\t\t\t<i aria-hidden=\"true\" class=\"fas fa-caret-right\"><\/i>\t\t\t\t\t\t<\/span>\n\t\t\t\t\t\t\t\t\t\t<span class=\"elementor-icon-list-text\">Puertos USB<\/span>\n\t\t\t\t\t\t\t\t\t<\/li>\n\t\t\t\t\t\t<\/ul>\n\t\t\t\t\t\t<\/div>\n\t\t\t\t<\/div>\n\t\t\t\t\t<\/div>\n\t\t<\/div>\n\t\t\t\t\t<\/div>\n\t\t<\/section>\n\t\t\t\t\t<\/div>\n\t\t<\/div>\n\t\t\t\t\t<\/div>\n\t\t<\/section>\n\t\t\t\t<section class=\"elementor-section elementor-top-section elementor-element elementor-element-3b8265cc elementor-section-boxed elementor-section-height-default elementor-section-height-default\" data-id=\"3b8265cc\" data-element_type=\"section\" data-e-type=\"section\" data-settings=\"{&quot;background_background&quot;:&quot;classic&quot;}\">\n\t\t\t\t\t\t<div class=\"elementor-container elementor-column-gap-default\">\n\t\t\t\t\t<div class=\"elementor-column elementor-col-100 elementor-top-column elementor-element elementor-element-6193de15\" data-id=\"6193de15\" data-element_type=\"column\" data-e-type=\"column\">\n\t\t\t<div class=\"elementor-widget-wrap elementor-element-populated\">\n\t\t\t\t\t\t<div class=\"elementor-element elementor-element-14db24dd elementor-widget elementor-widget-heading\" data-id=\"14db24dd\" data-element_type=\"widget\" data-e-type=\"widget\" data-widget_type=\"heading.default\">\n\t\t\t\t<div class=\"elementor-widget-container\">\n\t\t\t\t\t<h3 class=\"elementor-heading-title elementor-size-default\">Adem\u00e1s incluye...<\/h3>\t\t\t\t<\/div>\n\t\t\t\t<\/div>\n\t\t\t\t<section class=\"elementor-section elementor-inner-section elementor-element elementor-element-2b89c77 elementor-section-boxed elementor-section-height-default elementor-section-height-default\" data-id=\"2b89c77\" data-element_type=\"section\" data-e-type=\"section\">\n\t\t\t\t\t\t<div class=\"elementor-container elementor-column-gap-no\">\n\t\t\t\t\t<div class=\"elementor-column elementor-col-50 elementor-inner-column elementor-element elementor-element-56981cca\" data-id=\"56981cca\" data-element_type=\"column\" data-e-type=\"column\">\n\t\t\t<div class=\"elementor-widget-wrap elementor-element-populated\">\n\t\t\t\t\t\t<div class=\"elementor-element elementor-element-2dc533e9 elementor-icon-list--layout-traditional elementor-list-item-link-full_width elementor-widget elementor-widget-icon-list\" data-id=\"2dc533e9\" data-element_type=\"widget\" data-e-type=\"widget\" data-widget_type=\"icon-list.default\">\n\t\t\t\t<div class=\"elementor-widget-container\">\n\t\t\t\t\t\t\t<ul class=\"elementor-icon-list-items\">\n\t\t\t\t\t\t\t<li class=\"elementor-icon-list-item\">\n\t\t\t\t\t\t\t\t\t\t\t<span class=\"elementor-icon-list-icon\">\n\t\t\t\t\t\t\t<i aria-hidden=\"true\" class=\"fas fa-caret-right\"><\/i>\t\t\t\t\t\t<\/span>\n\t\t\t\t\t\t\t\t\t\t<span class=\"elementor-icon-list-text\">Ropa de cama, almohada y cojines<\/span>\n\t\t\t\t\t\t\t\t\t<\/li>\n\t\t\t\t\t\t\t\t<li class=\"elementor-icon-list-item\">\n\t\t\t\t\t\t\t\t\t\t\t<span class=\"elementor-icon-list-icon\">\n\t\t\t\t\t\t\t<i aria-hidden=\"true\" class=\"fas fa-caret-right\"><\/i>\t\t\t\t\t\t<\/span>\n\t\t\t\t\t\t\t\t\t\t<span class=\"elementor-icon-list-text\">Hornillo de gas<\/span>\n\t\t\t\t\t\t\t\t\t<\/li>\n\t\t\t\t\t\t\t\t<li class=\"elementor-icon-list-item\">\n\t\t\t\t\t\t\t\t\t\t\t<span class=\"elementor-icon-list-icon\">\n\t\t\t\t\t\t\t<i aria-hidden=\"true\" class=\"fas fa-caret-right\"><\/i>\t\t\t\t\t\t<\/span>\n\t\t\t\t\t\t\t\t\t\t<span class=\"elementor-icon-list-text\">Cafetera italiana<\/span>\n\t\t\t\t\t\t\t\t\t<\/li>\n\t\t\t\t\t\t\t\t<li class=\"elementor-icon-list-item\">\n\t\t\t\t\t\t\t\t\t\t\t<span class=\"elementor-icon-list-icon\">\n\t\t\t\t\t\t\t<i aria-hidden=\"true\" class=\"fas fa-caret-right\"><\/i>\t\t\t\t\t\t<\/span>\n\t\t\t\t\t\t\t\t\t\t<span class=\"elementor-icon-list-text\">Estacionamineto para <i>check in<\/i> despu\u00e9s de las 23:00<\/span>\n\t\t\t\t\t\t\t\t\t<\/li>\n\t\t\t\t\t\t<\/ul>\n\t\t\t\t\t\t<\/div>\n\t\t\t\t<\/div>\n\t\t\t\t\t<\/div>\n\t\t<\/div>\n\t\t\t\t<div class=\"elementor-column elementor-col-50 elementor-inner-column elementor-element elementor-element-4ce68415\" data-id=\"4ce68415\" data-element_type=\"column\" data-e-type=\"column\">\n\t\t\t<div class=\"elementor-widget-wrap elementor-element-populated\">\n\t\t\t\t\t\t<div class=\"elementor-element elementor-element-28d9ce elementor-icon-list--layout-traditional elementor-list-item-link-full_width elementor-widget elementor-widget-icon-list\" data-id=\"28d9ce\" data-element_type=\"widget\" data-e-type=\"widget\" data-widget_type=\"icon-list.default\">\n\t\t\t\t<div class=\"elementor-widget-container\">\n\t\t\t\t\t\t\t<ul class=\"elementor-icon-list-items\">\n\t\t\t\t\t\t\t<li class=\"elementor-icon-list-item\">\n\t\t\t\t\t\t\t\t\t\t\t<span class=\"elementor-icon-list-icon\">\n\t\t\t\t\t\t\t<i aria-hidden=\"true\" class=\"fas fa-caret-right\"><\/i>\t\t\t\t\t\t<\/span>\n\t\t\t\t\t\t\t\t\t\t<span class=\"elementor-icon-list-text\">Menaje de cocina<\/span>\n\t\t\t\t\t\t\t\t\t<\/li>\n\t\t\t\t\t\t\t\t<li class=\"elementor-icon-list-item\">\n\t\t\t\t\t\t\t\t\t\t\t<span class=\"elementor-icon-list-icon\">\n\t\t\t\t\t\t\t<i aria-hidden=\"true\" class=\"fas fa-caret-right\"><\/i>\t\t\t\t\t\t<\/span>\n\t\t\t\t\t\t\t\t\t\t<span class=\"elementor-icon-list-text\">Mesa y sillas para exterior<\/span>\n\t\t\t\t\t\t\t\t\t<\/li>\n\t\t\t\t\t\t\t\t<li class=\"elementor-icon-list-item\">\n\t\t\t\t\t\t\t\t\t\t\t<span class=\"elementor-icon-list-icon\">\n\t\t\t\t\t\t\t<i aria-hidden=\"true\" class=\"fas fa-caret-right\"><\/i>\t\t\t\t\t\t<\/span>\n\t\t\t\t\t\t\t\t\t\t<span class=\"elementor-icon-list-text\">Terraza superior transitable<\/span>\n\t\t\t\t\t\t\t\t\t<\/li>\n\t\t\t\t\t\t\t\t<li class=\"elementor-icon-list-item\">\n\t\t\t\t\t\t\t\t\t\t\t<span class=\"elementor-icon-list-icon\">\n\t\t\t\t\t\t\t<i aria-hidden=\"true\" class=\"fas fa-caret-right\"><\/i>\t\t\t\t\t\t<\/span>\n\t\t\t\t\t\t\t\t\t\t<span class=\"elementor-icon-list-text\"><i>Check out<\/i> a cualquier hora. <\/span>\n\t\t\t\t\t\t\t\t\t<\/li>\n\t\t\t\t\t\t<\/ul>\n\t\t\t\t\t\t<\/div>\n\t\t\t\t<\/div>\n\t\t\t\t\t<\/div>\n\t\t<\/div>\n\t\t\t\t\t<\/div>\n\t\t<\/section>\n\t\t\t\t\t<\/div>\n\t\t<\/div>\n\t\t\t\t\t<\/div>\n\t\t<\/section>\n\t\t\t\t<section class=\"elementor-section elementor-top-section elementor-element elementor-element-3823240d elementor-section-boxed elementor-section-height-default elementor-section-height-default\" data-id=\"3823240d\" data-element_type=\"section\" data-e-type=\"section\" data-settings=\"{&quot;background_background&quot;:&quot;classic&quot;}\">\n\t\t\t\t\t\t<div class=\"elementor-container elementor-column-gap-default\">\n\t\t\t\t\t<div class=\"elementor-column elementor-col-100 elementor-top-column elementor-element elementor-element-2585da21\" data-id=\"2585da21\" data-element_type=\"column\" data-e-type=\"column\">\n\t\t\t<div class=\"elementor-widget-wrap elementor-element-populated\">\n\t\t\t\t\t\t<div class=\"elementor-element elementor-element-1ce134d1 elementor-widget elementor-widget-heading\" data-id=\"1ce134d1\" data-element_type=\"widget\" data-e-type=\"widget\" data-widget_type=\"heading.default\">\n\t\t\t\t<div class=\"elementor-widget-container\">\n\t\t\t\t\t<h3 class=\"elementor-heading-title elementor-size-default\">Opcional<\/h3>\t\t\t\t<\/div>\n\t\t\t\t<\/div>\n\t\t\t\t<div class=\"elementor-element elementor-element-37fa57df elementor-widget elementor-widget-text-editor\" data-id=\"37fa57df\" data-element_type=\"widget\" data-e-type=\"widget\" data-widget_type=\"text-editor.default\">\n\t\t\t\t<div class=\"elementor-widget-container\">\n\t\t\t\t\t\t\t\t\t<p>Puedes a\u00f1adir estos servicios en el momento de la reserva:\u00a0<\/p>\t\t\t\t\t\t\t\t<\/div>\n\t\t\t\t<\/div>\n\t\t\t\t<div class=\"elementor-element elementor-element-2bd9de15 elementor-icon-list--layout-traditional elementor-list-item-link-full_width elementor-widget elementor-widget-icon-list\" data-id=\"2bd9de15\" data-element_type=\"widget\" data-e-type=\"widget\" data-widget_type=\"icon-list.default\">\n\t\t\t\t<div class=\"elementor-widget-container\">\n\t\t\t\t\t\t\t<ul class=\"elementor-icon-list-items\">\n\t\t\t\t\t\t\t<li class=\"elementor-icon-list-item\">\n\t\t\t\t\t\t\t\t\t\t\t<span class=\"elementor-icon-list-icon\">\n\t\t\t\t\t\t\t<i aria-hidden=\"true\" class=\"fas fa-caret-right\"><\/i>\t\t\t\t\t\t<\/span>\n\t\t\t\t\t\t\t\t\t\t<span class=\"elementor-icon-list-text\">Tabla paddle surf hinchable, inflador y remo: 20\u20ac\/d\u00eda (sujeto a disponibilidad)<\/span>\n\t\t\t\t\t\t\t\t\t<\/li>\n\t\t\t\t\t\t\t\t<li class=\"elementor-icon-list-item\">\n\t\t\t\t\t\t\t\t\t\t\t<span class=\"elementor-icon-list-icon\">\n\t\t\t\t\t\t\t<i aria-hidden=\"true\" class=\"fas fa-caret-right\"><\/i>\t\t\t\t\t\t<\/span>\n\t\t\t\t\t\t\t\t\t\t<span class=\"elementor-icon-list-text\">Toalla de playa: 8\u20ac\/persona para el total de d\u00edas<\/span>\n\t\t\t\t\t\t\t\t\t<\/li>\n\t\t\t\t\t\t\t\t<li class=\"elementor-icon-list-item\">\n\t\t\t\t\t\t\t\t\t\t\t<span class=\"elementor-icon-list-icon\">\n\t\t\t\t\t\t\t<i aria-hidden=\"true\" class=\"fas fa-caret-right\"><\/i>\t\t\t\t\t\t<\/span>\n\t\t\t\t\t\t\t\t\t\t<span class=\"elementor-icon-list-text\">Toalla de ducha: 8\u20ac\/persona para el total de d\u00edas<\/span>\n\t\t\t\t\t\t\t\t\t<\/li>\n\t\t\t\t\t\t\t\t<li class=\"elementor-icon-list-item\">\n\t\t\t\t\t\t\t\t\t\t\t<span class=\"elementor-icon-list-icon\">\n\t\t\t\t\t\t\t<i aria-hidden=\"true\" class=\"fas fa-caret-right\"><\/i>\t\t\t\t\t\t<\/span>\n\t\t\t\t\t\t\t\t\t\t<span class=\"elementor-icon-list-text\">Hamaca: 10\u20ac\/d\u00eda (sujeto a disponibilidad)<\/span>\n\t\t\t\t\t\t\t\t\t<\/li>\n\t\t\t\t\t\t\t\t<li class=\"elementor-icon-list-item\">\n\t\t\t\t\t\t\t\t\t\t\t<span class=\"elementor-icon-list-icon\">\n\t\t\t\t\t\t\t<i aria-hidden=\"true\" class=\"fas fa-caret-right\"><\/i>\t\t\t\t\t\t<\/span>\n\t\t\t\t\t\t\t\t\t\t<span class=\"elementor-icon-list-text\">Botella de gas extra para cocinar: 5\u20ac\/unidad (una botella dura 2 d\u00edas aprox.)<\/span>\n\t\t\t\t\t\t\t\t\t<\/li>\n\t\t\t\t\t\t\t\t<li class=\"elementor-icon-list-item\">\n\t\t\t\t\t\t\t\t\t\t\t<span class=\"elementor-icon-list-icon\">\n\t\t\t\t\t\t\t<i aria-hidden=\"true\" class=\"fas fa-caret-right\"><\/i>\t\t\t\t\t\t<\/span>\n\t\t\t\t\t\t\t\t\t\t<span class=\"elementor-icon-list-text\">Segundo conductor: 30\u20ac<\/span>\n\t\t\t\t\t\t\t\t\t<\/li>\n\t\t\t\t\t\t\t\t<li class=\"elementor-icon-list-item\">\n\t\t\t\t\t\t\t\t\t\t\t<span class=\"elementor-icon-list-icon\">\n\t\t\t\t\t\t\t<i aria-hidden=\"true\" class=\"fas fa-caret-right\"><\/i>\t\t\t\t\t\t<\/span>\n\t\t\t\t\t\t\t\t\t\t<span class=\"elementor-icon-list-text\">Mascotas aceptadas (30\u20ac, previa autorizaci\u00f3n)<\/span>\n\t\t\t\t\t\t\t\t\t<\/li>\n\t\t\t\t\t\t\t\t<li class=\"elementor-icon-list-item\">\n\t\t\t\t\t\t\t\t\t\t\t<span class=\"elementor-icon-list-icon\">\n\t\t\t\t\t\t\t<i aria-hidden=\"true\" class=\"fas fa-caret-right\"><\/i>\t\t\t\t\t\t<\/span>\n\t\t\t\t\t\t\t\t\t\t<span class=\"elementor-icon-list-text\">Silla \/ alzador para ni\u00f1o: 9\u20ac\/d\u00eda (m\u00e1x. 45\u20ac)<\/span>\n\t\t\t\t\t\t\t\t\t<\/li>\n\t\t\t\t\t\t\t\t<li class=\"elementor-icon-list-item\">\n\t\t\t\t\t\t\t\t\t\t\t<span class=\"elementor-icon-list-icon\">\n\t\t\t\t\t\t\t<i aria-hidden=\"true\" class=\"fas fa-caret-right\"><\/i>\t\t\t\t\t\t<\/span>\n\t\t\t\t\t\t\t\t\t\t<span class=\"elementor-icon-list-text\">WC port\u00e1til: 45\u20ac (dependiendo del modelo, en algunos ya est\u00e1 incluido)<\/span>\n\t\t\t\t\t\t\t\t\t<\/li>\n\t\t\t\t\t\t\t\t<li class=\"elementor-icon-list-item\">\n\t\t\t\t\t\t\t\t\t\t\t<span class=\"elementor-icon-list-icon\">\n\t\t\t\t\t\t\t<i aria-hidden=\"true\" class=\"fas fa-caret-right\"><\/i>\t\t\t\t\t\t<\/span>\n\t\t\t\t\t\t\t\t\t\t<span class=\"elementor-icon-list-text\">Traslado desde\/hacia aeropuerto: 60\u20ac\/trayecto (seg\u00fan horario y disponibilidad en el momento. No se confirmar\u00e1 hasta unos d\u00edas antes de su llegada)<\/span>\n\t\t\t\t\t\t\t\t\t<\/li>\n\t\t\t\t\t\t\t\t<li class=\"elementor-icon-list-item\">\n\t\t\t\t\t\t\t\t\t\t\t<span class=\"elementor-icon-list-icon\">\n\t\t\t\t\t\t\t<i aria-hidden=\"true\" class=\"fas fa-caret-right\"><\/i>\t\t\t\t\t\t<\/span>\n\t\t\t\t\t\t\t\t\t\t<span class=\"elementor-icon-list-text\">A\u00f1adir 3 o m\u00e1s pasajeros: 9\u20ac\/d\u00eda por persona. <\/span>\n\t\t\t\t\t\t\t\t\t<\/li>\n\t\t\t\t\t\t<\/ul>\n\t\t\t\t\t\t<\/div>\n\t\t\t\t<\/div>\n\t\t\t\t<div class=\"elementor-element elementor-element-2823813 elementor-widget elementor-widget-menu-anchor\" data-id=\"2823813\" data-element_type=\"widget\" data-e-type=\"widget\" data-widget_type=\"menu-anchor.default\">\n\t\t\t\t<div class=\"elementor-widget-container\">\n\t\t\t\t\t\t\t<div class=\"elementor-menu-anchor\" id=\"reservar\"><\/div>\n\t\t\t\t\t\t<\/div>\n\t\t\t\t<\/div>\n\t\t\t\t\t<\/div>\n\t\t<\/div>\n\t\t\t\t\t<\/div>\n\t\t<\/section>\n\t\t\t\t<section class=\"elementor-section elementor-top-section elementor-element elementor-element-55cb51cb elementor-section-boxed elementor-section-height-default elementor-section-height-default\" data-id=\"55cb51cb\" data-element_type=\"section\" data-e-type=\"section\">\n\t\t\t\t\t\t<div class=\"elementor-container elementor-column-gap-default\">\n\t\t\t\t\t<div class=\"elementor-column elementor-col-50 elementor-top-column elementor-element elementor-element-26620611\" data-id=\"26620611\" data-element_type=\"column\" data-e-type=\"column\">\n\t\t\t<div class=\"elementor-widget-wrap elementor-element-populated\">\n\t\t\t\t\t\t<div class=\"elementor-element elementor-element-541b089e elementor-widget elementor-widget-heading\" data-id=\"541b089e\" data-element_type=\"widget\" data-e-type=\"widget\" data-widget_type=\"heading.default\">\n\t\t\t\t<div class=\"elementor-widget-container\">\n\t\t\t\t\t<h3 class=\"elementor-heading-title elementor-size-default\">Selecciona tus fechas y viaja con la 'Sa Bassa'<\/h3>\t\t\t\t<\/div>\n\t\t\t\t<\/div>\n\t\t\t\t<div class=\"elementor-element elementor-element-363b45df elementor-widget elementor-widget-mphbe-availability\" data-id=\"363b45df\" data-element_type=\"widget\" data-e-type=\"widget\" data-widget_type=\"mphbe-availability.default\">\n\t\t\t\t<div class=\"elementor-widget-container\">\n\t\t\t\t\t<div class=\"mphb_sc_booking_form-wrapper is-direct-booking is-style-default \">\t<form method=\"POST\" action=\"https:\/\/twobrotherscampervan.com\/en\/checkout\/\" class=\"mphb-booking-form mphb-booking-form--direct-booking\" id=\"booking-form-13848\" data-first_available_check_in_date=\"2026-09-03\">\n\n\t\t<p class=\"mphb-required-fields-tip\"><small>Required fields are followed by <abbr title=\"required\">*<\/abbr><\/small><\/p>\n\t\t\t\t<input type=\"hidden\" name=\"mphb_room_type_id\" value=\"13848\" \/>\n\t\t<p class=\"mphb-check-in-date-wrapper\">\n\t\t\t<label for=\"mphb_check_in_date-6a967f8b84805\">\n\t\t\t\tCheck-in Date\t\t\t\t<abbr title=\"Formatted as dd\/mm\/yyyy\">*<\/abbr>\n\t\t\t<\/label>\n\t\t\t<br \/>\n\t\t\t<input id=\"mphb_check_in_date-6a967f8b84805\" type=\"text\" class=\"mphb-datepick\" value=\"\" required=\"required\" autocomplete=\"off\" placeholder=\"Check-in Date\" inputmode=\"none\" \/>\n\t\t\t<input id=\"mphb_check_in_date-6a967f8b84805-hidden\" type=\"hidden\" name=\"mphb_check_in_date\" value=\"\" \/>\n\t\t<\/p>\n\t\t<p class=\"mphb-check-out-date-wrapper\">\n\t\t\t<label for=\"mphb_check_out_date-6a967f8b84805\">\n\t\t\t\tCheck-out Date\t\t\t\t<abbr title=\"Formatted as dd\/mm\/yyyy\">*<\/abbr>\n\t\t\t<\/label>\n\t\t\t<br \/>\n\t\t\t<input id=\"mphb_check_out_date-6a967f8b84805\" type=\"text\" class=\"mphb-datepick\" value=\"\" required=\"required\" autocomplete=\"off\" placeholder=\"Check-out Date\" inputmode=\"none\" \/>\n\t\t\t<input id=\"mphb_check_out_date-6a967f8b84805-hidden\" type=\"hidden\" name=\"mphb_check_out_date\" value=\"\" \/>\n\t\t<\/p>\n\t\t\t\t\t\t\t<div class=\"mphb-reserve-room-section mphb-hide\">\n\t\t\t\t<p class=\"mphb-rooms-quantity-wrapper mphb-rooms-quantity-multiple mphb-hide\">\n\t\t\t\tReserve <select class=\"mphb-rooms-quantity\" id=\"mphb-rooms-quantity-13848\" name=\"mphb_rooms_details[13848]\"><option value=\"1\" selected=\"selected\">1<\/option><\/select> of <span class=\"mphb-available-rooms-count\">1<\/span> available accommodations.\t\t\t\t<\/p>\n\t\t\t\t<p class=\"mphb-rooms-quantity-wrapper mphb-rooms-quantity-single mphb-hide\">\n\t\t\t\t\tSa Bassa is available for selected dates.\t\t\t\t<\/p>\n\t\t\t\t\t\t\t\t\t<p class=\"mphb-period-price mphb-regular-price mphb-hide\">\n\t\t\t\t\t\t<strong>Prices start at:<\/strong>\n\t\t\t\t\t<\/p>\n\t\t\t\t\t\t\t\t<input type=\"hidden\" name=\"mphb_is_direct_booking\" value=\"1\" \/>\n\t\t\t\t<input class=\"button mphb-button mphb-confirm-reservation\" type=\"submit\" value=\"Confirm Reservation\" \/>\n\t\t\t<\/div>\n\t\t\n\t\t<div class=\"mphb-errors-wrapper mphb-hide\"><\/div>\n\t\t<p class=\"mphb-reserve-btn-wrapper\">\n\t\t\t<input class=\"mphb-reserve-btn button\" type=\"submit\" value=\"Check Availability\" \/>\n\t\t<\/p>\n\t<\/form>\n\t<\/div>\t\t\t\t<\/div>\n\t\t\t\t<\/div>\n\t\t\t\t\t<\/div>\n\t\t<\/div>\n\t\t\t\t<div class=\"elementor-column elementor-col-50 elementor-top-column elementor-element elementor-element-4d6392a4\" data-id=\"4d6392a4\" data-element_type=\"column\" data-e-type=\"column\">\n\t\t\t<div class=\"elementor-widget-wrap elementor-element-populated\">\n\t\t\t\t\t\t<div class=\"elementor-element elementor-element-4e744e93 elementor-widget elementor-widget-text-editor\" data-id=\"4e744e93\" data-element_type=\"widget\" data-e-type=\"widget\" data-widget_type=\"text-editor.default\">\n\t\t\t\t<div class=\"elementor-widget-container\">\n\t\t\t\t\t\t\t\t\t<p>Este calendario muestra los d\u00edas disponibles en verde. Selecciona tus fechas a la izquierda (estancia m\u00ednima: 3 noches)<\/p>\t\t\t\t\t\t\t\t<\/div>\n\t\t\t\t<\/div>\n\t\t\t\t<div class=\"elementor-element elementor-element-7ff763c4 elementor-widget elementor-widget-mphbe-availability-calendar\" data-id=\"7ff763c4\" data-element_type=\"widget\" data-e-type=\"widget\" data-widget_type=\"mphbe-availability-calendar.default\">\n\t\t\t\t<div class=\"elementor-widget-container\">\n\t\t\t\t\t<div class=\"mphb_sc_availability_calendar-wrapper\">\t<div class=\"mphb-calendar mphb-datepick inlinePicker mphb-calendar--direct-booking\" data-room-type-id=\"13848\" data-monthstoshow=\"2\" data-is_show_prices=\"1\" data-is_truncate_prices=\"1\" data-is_show_prices_currency=\"1\" data-first_available_check_in_date=\"2026-09-03\"><\/div>\n\t<\/div>\t\t\t\t<\/div>\n\t\t\t\t<\/div>\n\t\t\t\t\t<\/div>\n\t\t<\/div>\n\t\t\t\t\t<\/div>\n\t\t<\/section>\n\t\t\t\t<section class=\"elementor-section elementor-top-section elementor-element elementor-element-4096072f elementor-section-boxed elementor-section-height-default elementor-section-height-default\" data-id=\"4096072f\" data-element_type=\"section\" data-e-type=\"section\" data-settings=\"{&quot;background_background&quot;:&quot;classic&quot;}\">\n\t\t\t\t\t\t<div class=\"elementor-container elementor-column-gap-default\">\n\t\t\t\t\t<div class=\"elementor-column elementor-col-100 elementor-top-column elementor-element elementor-element-3ffd1bc2\" data-id=\"3ffd1bc2\" data-element_type=\"column\" data-e-type=\"column\">\n\t\t\t<div class=\"elementor-widget-wrap elementor-element-populated\">\n\t\t\t\t\t\t<div class=\"elementor-element elementor-element-249daad3 elementor-widget elementor-widget-image\" data-id=\"249daad3\" data-element_type=\"widget\" data-e-type=\"widget\" data-widget_type=\"image.default\">\n\t\t\t\t<div class=\"elementor-widget-container\">\n\t\t\t\t\t\t\t\t\t\t\t\t\t\t\t<img loading=\"lazy\" decoding=\"async\" width=\"1173\" height=\"880\" src=\"https:\/\/twobrotherscampervan.com\/wp-content\/uploads\/9E890AD6-533C-40E6-A72D-3398E389181C-2.jpeg\" class=\"attachment-full size-full wp-image-13950\" alt=\"\" srcset=\"https:\/\/twobrotherscampervan.com\/wp-content\/uploads\/9E890AD6-533C-40E6-A72D-3398E389181C-2.jpeg 1173w, https:\/\/twobrotherscampervan.com\/wp-content\/uploads\/9E890AD6-533C-40E6-A72D-3398E389181C-2-300x225.jpeg 300w, https:\/\/twobrotherscampervan.com\/wp-content\/uploads\/9E890AD6-533C-40E6-A72D-3398E389181C-2-1024x768.jpeg 1024w, https:\/\/twobrotherscampervan.com\/wp-content\/uploads\/9E890AD6-533C-40E6-A72D-3398E389181C-2-768x576.jpeg 768w, https:\/\/twobrotherscampervan.com\/wp-content\/uploads\/9E890AD6-533C-40E6-A72D-3398E389181C-2-16x12.jpeg 16w\" sizes=\"(max-width: 1173px) 100vw, 1173px\" \/>\t\t\t\t\t\t\t\t\t\t\t\t\t\t\t<\/div>\n\t\t\t\t<\/div>\n\t\t\t\t<div class=\"elementor-element elementor-element-6ca404af elementor-widget elementor-widget-spacer\" data-id=\"6ca404af\" data-element_type=\"widget\" data-e-type=\"widget\" data-widget_type=\"spacer.default\">\n\t\t\t\t<div class=\"elementor-widget-container\">\n\t\t\t\t\t\t\t<div class=\"elementor-spacer\">\n\t\t\t<div class=\"elementor-spacer-inner\"><\/div>\n\t\t<\/div>\n\t\t\t\t\t\t<\/div>\n\t\t\t\t<\/div>\n\t\t\t\t\t<\/div>\n\t\t<\/div>\n\t\t\t\t\t<\/div>\n\t\t<\/section>\n\t\t\t\t<section class=\"elementor-section elementor-top-section elementor-element elementor-element-7e48bf29 elementor-section-boxed elementor-section-height-default elementor-section-height-default\" data-id=\"7e48bf29\" data-element_type=\"section\" data-e-type=\"section\" data-settings=\"{&quot;background_background&quot;:&quot;classic&quot;}\">\n\t\t\t\t\t\t<div class=\"elementor-container elementor-column-gap-default\">\n\t\t\t\t\t<div class=\"elementor-column elementor-col-50 elementor-top-column elementor-element elementor-element-1fcf0af2\" data-id=\"1fcf0af2\" data-element_type=\"column\" data-e-type=\"column\">\n\t\t\t<div class=\"elementor-widget-wrap elementor-element-populated\">\n\t\t\t\t\t\t<div class=\"elementor-element elementor-element-31fa9b3c elementor-widget-divider--view-line elementor-widget elementor-widget-divider\" data-id=\"31fa9b3c\" data-element_type=\"widget\" data-e-type=\"widget\" data-widget_type=\"divider.default\">\n\t\t\t\t<div class=\"elementor-widget-container\">\n\t\t\t\t\t\t\t<div class=\"elementor-divider\">\n\t\t\t<span class=\"elementor-divider-separator\">\n\t\t\t\t\t\t<\/span>\n\t\t<\/div>\n\t\t\t\t\t\t<\/div>\n\t\t\t\t<\/div>\n\t\t\t\t<div class=\"elementor-element elementor-element-4b64d15f elementor-widget elementor-widget-heading\" data-id=\"4b64d15f\" data-element_type=\"widget\" data-e-type=\"widget\" data-widget_type=\"heading.default\">\n\t\t\t\t<div class=\"elementor-widget-container\">\n\t\t\t\t\t<h2 class=\"elementor-heading-title elementor-size-default\">\u00bfTienes dudas?<\/h2>\t\t\t\t<\/div>\n\t\t\t\t<\/div>\n\t\t\t\t<div class=\"elementor-element elementor-element-14ac55cc elementor-widget elementor-widget-text-editor\" data-id=\"14ac55cc\" data-element_type=\"widget\" data-e-type=\"widget\" data-widget_type=\"text-editor.default\">\n\t\t\t\t<div class=\"elementor-widget-container\">\n\t\t\t\t\t\t\t\t\t<p class=\"p1\">\u00bfNo sabes qu\u00e9 furgo escoger? \u00bfO lugares visitar? \u00bfPreguntas sobre el clima de Mallorca? \u00a1Escr\u00edbenos sea cual sea tu duda! \u00a1Te responderemos lo antes posible!<\/p>\t\t\t\t\t\t\t\t<\/div>\n\t\t\t\t<\/div>\n\t\t\t\t\t<\/div>\n\t\t<\/div>\n\t\t\t\t<div class=\"elementor-column elementor-col-50 elementor-top-column elementor-element elementor-element-1f1c7a71\" data-id=\"1f1c7a71\" data-element_type=\"column\" data-e-type=\"column\">\n\t\t\t<div class=\"elementor-widget-wrap elementor-element-populated\">\n\t\t\t\t\t\t<div class=\"elementor-element elementor-element-10066899 elementor-widget elementor-widget-shortcode\" data-id=\"10066899\" data-element_type=\"widget\" data-e-type=\"widget\" data-widget_type=\"shortcode.default\">\n\t\t\t\t<div class=\"elementor-widget-container\">\n\t\t\t\t\t\t\t<div class=\"elementor-shortcode\"><div class=\"wpforms-container \" id=\"wpforms-66\"><form id=\"wpforms-form-66\" class=\"wpforms-validate wpforms-form\" data-formid=\"66\" method=\"post\" enctype=\"multipart\/form-data\" action=\"\/en\/wp-json\/wp\/v2\/pages\/13860\" data-token=\"d01e2a09311cd21318402c3c073dcf62\" data-token-time=\"1788247947\"><noscript class=\"wpforms-error-noscript\">Please enable JavaScript in your browser to complete this form.<\/noscript><div class=\"wpforms-field-container\"><div id=\"wpforms-66-field_0-container\" class=\"wpforms-field wpforms-field-name\" data-field-id=\"0\"><label class=\"wpforms-field-label\" for=\"wpforms-66-field_0\">Nombre <span class=\"wpforms-required-label\">*<\/span><\/label><div class=\"wpforms-field-row wpforms-field-large\"><div class=\"wpforms-field-row-block wpforms-first wpforms-one-half\"><input type=\"text\" id=\"wpforms-66-field_0\" class=\"wpforms-field-name-first wpforms-field-required\" name=\"wpforms[fields][0][first]\" placeholder=\"Nombre\" required><label for=\"wpforms-66-field_0\" class=\"wpforms-field-sublabel after wpforms-sublabel-hide\">First<\/label><\/div><div class=\"wpforms-field-row-block wpforms-one-half\"><input type=\"text\" id=\"wpforms-66-field_0-last\" class=\"wpforms-field-name-last wpforms-field-required\" name=\"wpforms[fields][0][last]\" placeholder=\"Apellidos\" required><label for=\"wpforms-66-field_0-last\" class=\"wpforms-field-sublabel after wpforms-sublabel-hide\">Last<\/label><\/div><\/div><\/div><div id=\"wpforms-66-field_1-container\" class=\"wpforms-field wpforms-field-email\" data-field-id=\"1\"><label class=\"wpforms-field-label\" for=\"wpforms-66-field_1\">Email <span class=\"wpforms-required-label\">*<\/span><\/label><input type=\"email\" id=\"wpforms-66-field_1\" class=\"wpforms-field-large wpforms-field-required\" name=\"wpforms[fields][1]\" spellcheck=\"false\" required><\/div><div id=\"wpforms-66-field_2-container\" class=\"wpforms-field wpforms-field-textarea\" data-field-id=\"2\"><label class=\"wpforms-field-label\" for=\"wpforms-66-field_2\">Mensaje <span class=\"wpforms-required-label\">*<\/span><\/label><textarea id=\"wpforms-66-field_2\" class=\"wpforms-field-medium wpforms-field-required\" name=\"wpforms[fields][2]\" required><\/textarea><\/div><div id=\"wpforms-66-field_5-container\" class=\"wpforms-field wpforms-field-checkbox\" data-field-id=\"5\"><label class=\"wpforms-field-label wpforms-label-hide\">Pol\u00edtica de Privaciad <span class=\"wpforms-required-label\">*<\/span><\/label><ul id=\"wpforms-66-field_5\" class=\"wpforms-field-required\"><li class=\"choice-1 depth-1\"><input type=\"checkbox\" id=\"wpforms-66-field_5_1\" name=\"wpforms[fields][5][]\" value=\"Acepto la Pol\u00edtica de Privacidad del sitio\" required ><label class=\"wpforms-field-label-inline\" for=\"wpforms-66-field_5_1\">Acepto la Pol\u00edtica de Privacidad del sitio<\/label><\/li><\/ul><\/div><\/div><!-- .wpforms-field-container --><div class=\"wpforms-recaptcha-container wpforms-is-recaptcha wpforms-is-recaptcha-type-v2\" ><div class=\"g-recaptcha\" data-sitekey=\"6Lfa4LIqAAAAAGGmmVrip_1aEPXBQiSaesJ70X0_\"><\/div><input type=\"text\" name=\"g-recaptcha-hidden\" class=\"wpforms-recaptcha-hidden\" style=\"position:absolute!important;clip:rect(0,0,0,0)!important;height:1px!important;width:1px!important;border:0!important;overflow:hidden!important;padding:0!important;margin:0!important;\" data-rule-recaptcha=\"1\"><\/div><div class=\"wpforms-submit-container\" ><input type=\"hidden\" name=\"wpforms[id]\" value=\"66\"><input type=\"hidden\" name=\"page_title\" value=\"\"><input type=\"hidden\" name=\"page_url\" value=\"https:\/\/twobrotherscampervan.com\/en\/wp-json\/wp\/v2\/pages\/13860\"><input type=\"hidden\" name=\"url_referer\" value=\"\"><button type=\"submit\" name=\"wpforms[submit]\" id=\"wpforms-submit-66\" class=\"wpforms-submit\" data-alt-text=\"Enviando...\" data-submit-text=\"ENV\u00cdAR\" aria-live=\"assertive\" value=\"wpforms-submit\">ENV\u00cdAR<\/button><\/div><\/form><\/div>  <!-- .wpforms-container --><\/div>\n\t\t\t\t\t\t<\/div>\n\t\t\t\t<\/div>\n\t\t\t\t\t<\/div>\n\t\t<\/div>\n\t\t\t\t\t<\/div>\n\t\t<\/section>\n\t\t\t\t<section class=\"elementor-section elementor-top-section elementor-element elementor-element-792243cf elementor-section-boxed elementor-section-height-default elementor-section-height-default\" data-id=\"792243cf\" data-element_type=\"section\" data-e-type=\"section\" data-settings=\"{&quot;background_background&quot;:&quot;classic&quot;}\">\n\t\t\t\t\t\t<div class=\"elementor-container elementor-column-gap-default\">\n\t\t\t\t\t<div class=\"elementor-column elementor-col-100 elementor-top-column elementor-element elementor-element-568df461\" data-id=\"568df461\" data-element_type=\"column\" data-e-type=\"column\">\n\t\t\t<div class=\"elementor-widget-wrap elementor-element-populated\">\n\t\t\t\t\t\t<div class=\"elementor-element elementor-element-5fadc6bb elementor-widget elementor-widget-heading\" data-id=\"5fadc6bb\" data-element_type=\"widget\" data-e-type=\"widget\" data-widget_type=\"heading.default\">\n\t\t\t\t<div class=\"elementor-widget-container\">\n\t\t\t\t\t<h2 class=\"elementor-heading-title elementor-size-default\">Preguntas frecuentes (Faqs)<\/h2>\t\t\t\t<\/div>\n\t\t\t\t<\/div>\n\t\t\t\t<div class=\"elementor-element elementor-element-70cb485a align-at-right uael-faq-box-layout-yes elementor-widget elementor-widget-uael-faq\" data-id=\"70cb485a\" data-element_type=\"widget\" data-e-type=\"widget\" data-widget_type=\"uael-faq.default\">\n\t\t\t\t<div class=\"elementor-widget-container\">\n\t\t\t\t\t\n\t\t\t<div id='uael-faq-wrapper-189' class=\"uael-faq-wrapper\">\n\t\t\t\t<div class=\"uael-faq-container uael-faq-layout-accordion\" data-layout=\"accordion\" >\n\t\t\t\t\t\t\t\t\t\t\t\t<div id=\"uael-accordion-e9d58dd\" class=\"uael-faq-accordion\" role=\"tablist\">\n\t\t\t\t\t\t\t\t<div class= \"uael-accordion-title\" aria-expanded=\"false\" role=\"tab\">\n\t\t\t\t\t\t\t\t\t<span class=\"uael-accordion-icon uael-accordion-icon-right\">\n\t\t\t\t\t\t\t\t\t\t<span class=\"uael-accordion-icon-closed\"><i class=\"fas fa-angle-right\"><\/i><\/span>\n\t\t\t\t\t\t\t\t\t\t<span class=\"uael-accordion-icon-opened\"><i class=\"fas fa-angle-up\"><\/i><\/span>\n\t\t\t\t\t\t\t\t\t<\/span>\n\t\t\t\t\t\t\t\t\t<h4 class=\"uael-question-e9d58dd uael-question-span\" tabindex=\"0\" id=\"uael-faq-1-6a96395a9b92a\">\u00bfPor qu\u00e9 alquilar una furgoneta camper?<\/h4>\n\t\t\t\t\t\t\t\t<\/div>\n\t\t\t\t\t\t\t\t<div class=\"uael-accordion-content\" role=\"tabpanel\">\n\t\t\t\t\t\t\t\t\t<span>\n\t\t\t\t\t\t\t\t\t<span><p>Hay varias razones por las que muchas personas eligen alquilar una furgoneta camper en lugar de otros tipos de alojamiento o veh\u00edculos. Aqu\u00ed hay algunas razones comunes:<\/p><p>\u00a0<\/p><ol><li><p>Libertad y flexibilidad: Alquilar una furgoneta camper te brinda una gran libertad y flexibilidad para viajar. Puedes explorar diferentes destinos y cambiar tu itinerario seg\u00fan tus deseos. No est\u00e1s limitado por las reservas de hoteles o las fechas de vuelo.<\/p><\/li><li><p>Contacto con la naturaleza: Las furgonetas camper te permiten acercarte a la naturaleza. Puedes disfrutar de paisajes impresionantes, acampar en parques nacionales o acercarte a playas y monta\u00f1as de una manera m\u00e1s directa y cercana.<\/p><\/li><li><p>Comodidad y conveniencia: Las furgonetas camper est\u00e1n dise\u00f1adas para proporcionar comodidad y conveniencia durante tus viajes. Suelen tener camas, cocina, ba\u00f1o y espacio de almacenamiento, lo que te permite llevar contigo todo lo necesario para tu viaje sin tener que preocuparte por encontrar alojamiento o restaurantes en el camino.<\/p><\/li><li><p>Ahorro de costos: Alquilar una furgoneta camper puede ser una opci\u00f3n m\u00e1s econ\u00f3mica en comparaci\u00f3n con alojamiento en hoteles y comer en restaurantes durante todo tu viaje. Puedes preparar tus propias comidas y tienes un lugar para dormir, lo que puede ayudarte a ahorrar dinero a largo plazo.<\/p><\/li><li><p>Experiencia de vida al aire libre: Alquilar una furgoneta camper brinda una experiencia \u00fanica de vida al aire libre. Puedes disfrutar de actividades al aire libre como senderismo, surf, ciclismo y mucho m\u00e1s. Adem\u00e1s, puedes acampar en diferentes lugares y disfrutar de noches bajo las estrellas.<\/p><\/li><li><p>Aventura y exploraci\u00f3n: Alquilar una furgoneta camper permite una mayor sensaci\u00f3n de aventura y exploraci\u00f3n. Puedes descubrir nuevos lugares, escapar de las rutas tur\u00edsticas tradicionales y tener experiencias aut\u00e9nticas mientras te sumerges en la cultura y el entorno local.<\/p><\/li><\/ol><p>Estas son solo algunas razones por las que las personas eligen alquilar una furgoneta camper. La elecci\u00f3n depende de las preferencias individuales y del tipo de viaje que desees realizar.<\/p><\/span>\t\t\t\t\t\t\t\t\t<\/span>\n\t\t\t\t\t\t\t\t<\/div>\n\t\t\t\t\t\t\t<\/div>\n\t\t\t\t\t\t\t\t\t\t\t\t\t\t<div id=\"uael-accordion-0ee8853\" class=\"uael-faq-accordion\" role=\"tablist\">\n\t\t\t\t\t\t\t\t<div class= \"uael-accordion-title\" aria-expanded=\"false\" role=\"tab\">\n\t\t\t\t\t\t\t\t\t<span class=\"uael-accordion-icon uael-accordion-icon-right\">\n\t\t\t\t\t\t\t\t\t\t<span class=\"uael-accordion-icon-closed\"><i class=\"fas fa-angle-right\"><\/i><\/span>\n\t\t\t\t\t\t\t\t\t\t<span class=\"uael-accordion-icon-opened\"><i class=\"fas fa-angle-up\"><\/i><\/span>\n\t\t\t\t\t\t\t\t\t<\/span>\n\t\t\t\t\t\t\t\t\t<h4 class=\"uael-question-0ee8853 uael-question-span\" tabindex=\"0\" id=\"uael-faq-2-6a96395a9b987\">\u00bfCu\u00e1l es la edad m\u00ednima para alquilar una camper?<\/h4>\n\t\t\t\t\t\t\t\t<\/div>\n\t\t\t\t\t\t\t\t<div class=\"uael-accordion-content\" role=\"tabpanel\">\n\t\t\t\t\t\t\t\t\t<span>\n\t\t\t\t\t\t\t\t\t<span><p>La edad m\u00ednima para alquilar una camper puede variar seg\u00fan la empresa de alquiler y el pa\u00eds en el que te encuentres. En general, la mayor\u00eda de las empresas de alquiler de campers tienen requisitos de edad m\u00ednima que suelen oscilar entre los 21 y los 25 a\u00f1os. En nuestro caso, el requerimiento es de m\u00ednimo 25 a\u00f1os y dos a\u00f1os de antig\u00fcedad de carnet para poder entrar en el seguro.\u00a0<\/p><p>Sin embargo, es importante tener en cuenta que estas pol\u00edticas pueden variar y es mejor consultar directamente con la empresa de alquiler espec\u00edfica que est\u00e1s considerando utilizar.<\/p><p>\u00a0<\/p><p>Adem\u00e1s de la edad m\u00ednima, algunas empresas tambi\u00e9n pueden requerir que los conductores tengan una licencia de conducir con cierta antig\u00fcedad, por ejemplo, un m\u00ednimo de 1 a 3 a\u00f1os de experiencia de conducci\u00f3n. Adem\u00e1s, es posible que se apliquen cargos adicionales para conductores j\u00f3venes, generalmente menores de 25 a\u00f1os, debido al mayor riesgo percibido por parte de la empresa de alquiler.<\/p><p>En resumen, es importante verificar los requisitos espec\u00edficos de edad y licencia de conducir con la empresa de alquiler de campers antes de hacer una reserva. De esta manera, estar\u00e1s seguro de cumplir con los requisitos y evitar\u00e1s sorpresas desagradables al momento de recoger la camper.<\/p><\/span>\t\t\t\t\t\t\t\t\t<\/span>\n\t\t\t\t\t\t\t\t<\/div>\n\t\t\t\t\t\t\t<\/div>\n\t\t\t\t\t\t\t\t\t\t\t\t\t\t<div id=\"uael-accordion-db905c7\" class=\"uael-faq-accordion\" role=\"tablist\">\n\t\t\t\t\t\t\t\t<div class= \"uael-accordion-title\" aria-expanded=\"false\" role=\"tab\">\n\t\t\t\t\t\t\t\t\t<span class=\"uael-accordion-icon uael-accordion-icon-right\">\n\t\t\t\t\t\t\t\t\t\t<span class=\"uael-accordion-icon-closed\"><i class=\"fas fa-angle-right\"><\/i><\/span>\n\t\t\t\t\t\t\t\t\t\t<span class=\"uael-accordion-icon-opened\"><i class=\"fas fa-angle-up\"><\/i><\/span>\n\t\t\t\t\t\t\t\t\t<\/span>\n\t\t\t\t\t\t\t\t\t<h4 class=\"uael-question-db905c7 uael-question-span\" tabindex=\"0\" id=\"uael-faq-3-6a96395a9b9c4\">\u00bfCu\u00e1l es la diferencia entre alquilar una camper y una autocaravana?<\/h4>\n\t\t\t\t\t\t\t\t<\/div>\n\t\t\t\t\t\t\t\t<div class=\"uael-accordion-content\" role=\"tabpanel\">\n\t\t\t\t\t\t\t\t\t<span>\n\t\t\t\t\t\t\t\t\t<span><p>La principal diferencia entre una furgoneta camper y una autocaravana radica en el tama\u00f1o y la configuraci\u00f3n del veh\u00edculo. Aqu\u00ed hay algunas diferencias clave:<\/p><p>\u00a0<\/p><ol><li><p>Tama\u00f1o y espacio habitable: Las autocaravanas son veh\u00edculos m\u00e1s grandes y espaciosos en comparaci\u00f3n con las furgonetas campers. Las autocaravanas suelen tener \u00e1reas separadas para dormir, cocinar, comer y ba\u00f1arse, lo que proporciona m\u00e1s espacio habitable. Por otro lado, las furgonetas campers suelen ser m\u00e1s compactas y tienen un espacio habitable m\u00e1s limitado, que a menudo se combina en un solo espacio multifuncional.<\/p><\/li><li><p>Comodidades y equipamiento: Las autocaravanas tienden a estar m\u00e1s equipadas y ofrecen una mayor variedad de comodidades. Pueden incluir caracter\u00edsticas como duchas, inodoros, sistemas de calefacci\u00f3n y aire acondicionado, cocinas con hornos y refrigeradores m\u00e1s grandes, y \u00e1reas de descanso separadas. Las furgonetas campers tambi\u00e9n pueden tener algunas de estas comodidades, pero su tama\u00f1o m\u00e1s reducido a menudo significa que son m\u00e1s b\u00e1sicas en t\u00e9rminos de equipamiento.<\/p><\/li><li><p>Conducci\u00f3n y maniobrabilidad: Las furgonetas campers suelen ser m\u00e1s f\u00e1ciles de conducir y maniobrar en comparaci\u00f3n con las autocaravanas. Debido a su tama\u00f1o m\u00e1s compacto, las furgonetas campers son m\u00e1s \u00e1giles en carreteras estrechas y pueden ser m\u00e1s f\u00e1ciles de estacionar y maniobrar en espacios reducidos. Por otro lado, las autocaravanas m\u00e1s grandes pueden requerir m\u00e1s experiencia y destreza al volante debido a su tama\u00f1o y peso.<\/p><\/li><li><p>Versatilidad y accesibilidad: Las furgonetas campers son m\u00e1s vers\u00e1tiles en t\u00e9rminos de lugares a los que puedes acceder. Son m\u00e1s adecuadas para explorar \u00e1reas remotas, caminos sin pavimentar y campings m\u00e1s peque\u00f1os con restricciones de tama\u00f1o. Las autocaravanas m\u00e1s grandes pueden tener dificultades para acceder a ciertos lugares debido a su tama\u00f1o y restricciones de altura.<\/p><\/li><\/ol><p>Es importante tener en cuenta que estos t\u00e9rminos pueden variar seg\u00fan el pa\u00eds. En algunas partes del mundo, el t\u00e9rmino \"camper\" se usa de manera m\u00e1s amplia y puede incluir veh\u00edculos m\u00e1s grandes similares a las autocaravanas. Siempre es recomendable verificar las caracter\u00edsticas y el tama\u00f1o espec\u00edfico del veh\u00edculo al realizar una reserva para asegurarte de que cumpla con tus necesidades y expectativas.<\/p><\/span>\t\t\t\t\t\t\t\t\t<\/span>\n\t\t\t\t\t\t\t\t<\/div>\n\t\t\t\t\t\t\t<\/div>\n\t\t\t\t\t\t\t\t\t\t\t\t\t\t<div id=\"uael-accordion-55b339a\" class=\"uael-faq-accordion\" role=\"tablist\">\n\t\t\t\t\t\t\t\t<div class= \"uael-accordion-title\" aria-expanded=\"false\" role=\"tab\">\n\t\t\t\t\t\t\t\t\t<span class=\"uael-accordion-icon uael-accordion-icon-right\">\n\t\t\t\t\t\t\t\t\t\t<span class=\"uael-accordion-icon-closed\"><i class=\"fas fa-angle-right\"><\/i><\/span>\n\t\t\t\t\t\t\t\t\t\t<span class=\"uael-accordion-icon-opened\"><i class=\"fas fa-angle-up\"><\/i><\/span>\n\t\t\t\t\t\t\t\t\t<\/span>\n\t\t\t\t\t\t\t\t\t<h4 class=\"uael-question-55b339a uael-question-span\" tabindex=\"0\" id=\"uael-faq-4-6a96395a9ba05\">\u00bfNecesito un seguro adicional para alquilar una camper?<\/h4>\n\t\t\t\t\t\t\t\t<\/div>\n\t\t\t\t\t\t\t\t<div class=\"uael-accordion-content\" role=\"tabpanel\">\n\t\t\t\t\t\t\t\t\t<span>\n\t\t\t\t\t\t\t\t\t<span><p>La necesidad de un seguro adicional al alquilar una camper puede variar seg\u00fan la empresa de alquiler y la ubicaci\u00f3n. Por lo general, al alquilar una camper, la empresa de alquiler proporcionar\u00e1 un seguro b\u00e1sico que cubre da\u00f1os al veh\u00edculo y responsabilidad civil en caso de accidente.<\/p><\/span>\t\t\t\t\t\t\t\t\t<\/span>\n\t\t\t\t\t\t\t\t<\/div>\n\t\t\t\t\t\t\t<\/div>\n\t\t\t\t\t\t\t\t\t\t\t\t\t\t<div id=\"uael-accordion-2c78b22\" class=\"uael-faq-accordion\" role=\"tablist\">\n\t\t\t\t\t\t\t\t<div class= \"uael-accordion-title\" aria-expanded=\"false\" role=\"tab\">\n\t\t\t\t\t\t\t\t\t<span class=\"uael-accordion-icon uael-accordion-icon-right\">\n\t\t\t\t\t\t\t\t\t\t<span class=\"uael-accordion-icon-closed\"><i class=\"fas fa-angle-right\"><\/i><\/span>\n\t\t\t\t\t\t\t\t\t\t<span class=\"uael-accordion-icon-opened\"><i class=\"fas fa-angle-up\"><\/i><\/span>\n\t\t\t\t\t\t\t\t\t<\/span>\n\t\t\t\t\t\t\t\t\t<h4 class=\"uael-question-2c78b22 uael-question-span\" tabindex=\"0\" id=\"uael-faq-5-6a96395a9ba4d\">\u00bfC\u00f3mo planifico mi ruta antes de alquilar una camper?<\/h4>\n\t\t\t\t\t\t\t\t<\/div>\n\t\t\t\t\t\t\t\t<div class=\"uael-accordion-content\" role=\"tabpanel\">\n\t\t\t\t\t\t\t\t\t<span>\n\t\t\t\t\t\t\t\t\t<span><p>Planificar una ruta en camper puede ser emocionante y divertido. Aqu\u00ed hay algunos pasos que puedes seguir para ayudarte en la planificaci\u00f3n:<\/p><p>\u00a0<\/p><ol><li><p>Destino y duraci\u00f3n del viaje: Decide a d\u00f3nde quieres ir y cu\u00e1nto tiempo tienes disponible. Considera la distancia y el tiempo necesario para llegar a tu destino, as\u00ed como la duraci\u00f3n total del viaje.<\/p><\/li><li><p>Lugares de inter\u00e9s y actividades: Investiga los lugares de inter\u00e9s que te gustar\u00eda visitar en tu ruta. Pueden incluir parques nacionales, playas, ciudades pintorescas, sitios hist\u00f3ricos, senderos para caminar, etc. Haz una lista de actividades que te gustar\u00eda realizar, como hacer senderismo, nadar, explorar la naturaleza, visitar museos, etc.<\/p><\/li><li><p>Itinerario diario: Divide tu viaje en d\u00edas y planifica qu\u00e9 har\u00e1s cada d\u00eda. Ten en cuenta la distancia entre los destinos y el tiempo que deseas pasar en cada lugar. Aseg\u00farate de dejar tiempo para descansar y relajarte.<\/p><\/li><li><p>Campings y \u00e1reas de estacionamiento: Investiga los campings y \u00e1reas de estacionamiento adecuados para campers en cada lugar que planeas visitar. Comprueba las instalaciones disponibles, como ba\u00f1os, duchas, conexiones el\u00e9ctricas, etc. Haz reservas si es necesario, especialmente durante la temporada alta.<\/p><\/li><li><p>Rutas esc\u00e9nicas y carreteras panor\u00e1micas: Busca rutas esc\u00e9nicas o carreteras panor\u00e1micas que puedas incluir en tu viaje para disfrutar de hermosos paisajes. Investiga sobre puntos de vista, miradores y paradas recomendadas en el camino.<\/p><\/li><li><p>Restricciones y regulaciones: Familiar\u00edzate con las restricciones y regulaciones relacionadas con el estacionamiento y el acampar en cada \u00e1rea que planeas visitar. Aseg\u00farate de cumplir con las normas locales y las regulaciones de conservaci\u00f3n.<\/p><\/li><li><p>Recursos \u00fatiles: Utiliza herramientas y recursos \u00fatiles para la planificaci\u00f3n, como aplicaciones de navegaci\u00f3n, gu\u00edas de viaje, blogs de viajes y sitios web tur\u00edsticos de los destinos que visitar\u00e1s. Estos pueden proporcionarte informaci\u00f3n valiosa sobre atracciones, consejos de viaje y recomendaciones locales.<\/p><\/li><li><p>Flexibilidad: Mant\u00e9n cierta flexibilidad en tu itinerario. Los viajes en camper ofrecen la libertad de hacer cambios de \u00faltimo momento y descubrir nuevos lugares en el camino. Perm\u00edtete adaptarte a situaciones imprevistas y disfrutar de la espontaneidad del viaje.<\/p><\/li><\/ol><p>Recuerda siempre respetar las normas de seguridad vial, las regulaciones locales y el medio ambiente durante tu viaje. \u00a1Disfruta de la planificaci\u00f3n y de la aventura de viajar en camper!<\/p><\/span>\t\t\t\t\t\t\t\t\t<\/span>\n\t\t\t\t\t\t\t\t<\/div>\n\t\t\t\t\t\t\t<\/div>\n\t\t\t\t\t\t\t\t\t\t\t<\/div>\n\t\t\t<\/div>\n\t\t\t\t\t\t\t<\/div>\n\t\t\t\t<\/div>\n\t\t\t\t<div class=\"elementor-element elementor-element-2f41e3c6 elementor-widget elementor-widget-button\" data-id=\"2f41e3c6\" data-element_type=\"widget\" data-e-type=\"widget\" data-widget_type=\"button.default\">\n\t\t\t\t<div class=\"elementor-widget-container\">\n\t\t\t\t\t\t\t\t\t<div class=\"elementor-button-wrapper\">\n\t\t\t\t\t<a class=\"elementor-button elementor-button-link elementor-size-sm\" href=\"https:\/\/twobrotherscampervan.com\/preguntas-frecuentes\">\n\t\t\t\t\t\t<span class=\"elementor-button-content-wrapper\">\n\t\t\t\t\t\t\t\t\t<span class=\"elementor-button-text\">Consultar todas las FAQs<\/span>\n\t\t\t\t\t<\/span>\n\t\t\t\t\t<\/a>\n\t\t\t\t<\/div>\n\t\t\t\t\t\t\t\t<\/div>\n\t\t\t\t<\/div>\n\t\t\t\t\t<\/div>\n\t\t<\/div>\n\t\t\t\t\t<\/div>\n\t\t<\/section>\n\t\t\t\t<\/div>\n\t\t","protected":false},"excerpt":{"rendered":"<p>Sa Bassa Vive tu aventura con la &#8216;Sa Bassa&#8217; La &#8216;Sa Bassa&#8217; es la furgo m\u00e1s pr\u00e1ctica para recorrer la isla en camper. Su tama\u00f1o es ideal para descubrir los rincones secretos de Mallorca y aparcar sin complicaciones&#8230; \u00a1Donde el viento te lleve! Esta furgoneta camper, con terraza superior para ver las estrellas, es una [&hellip;]<\/p>\n","protected":false},"author":5,"featured_media":0,"parent":0,"menu_order":0,"comment_status":"closed","ping_status":"closed","template":"","meta":{"site-sidebar-layout":"no-sidebar","site-content-layout":"page-builder","ast-site-content-layout":"full-width-container","site-content-style":"default","site-sidebar-style":"default","ast-global-header-display":"","ast-banner-title-visibility":"","ast-main-header-display":"","ast-hfb-above-header-display":"","ast-hfb-below-header-display":"","ast-hfb-mobile-header-display":"","site-post-title":"","ast-breadcrumbs-content":"","ast-featured-img":"disabled","footer-sml-layout":"","ast-disable-related-posts":"","theme-transparent-header-meta":"","adv-header-id-meta":"","stick-header-meta":"","header-above-stick-meta":"","header-main-stick-meta":"","header-below-stick-meta":"","astra-migrate-meta-layouts":"set","ast-page-background-enabled":"default","ast-page-background-meta":{"desktop":{"background-color":"","background-image":"","background-repeat":"repeat","background-position":"center center","background-size":"auto","background-attachment":"scroll","background-type":"","background-media":"","overlay-type":"","overlay-color":"","overlay-opacity":"","overlay-gradient":""},"tablet":{"background-color":"","background-image":"","background-repeat":"repeat","background-position":"center center","background-size":"auto","background-attachment":"scroll","background-type":"","background-media":"","overlay-type":"","overlay-color":"","overlay-opacity":"","overlay-gradient":""},"mobile":{"background-color":"","background-image":"","background-repeat":"repeat","background-position":"center center","background-size":"auto","background-attachment":"scroll","background-type":"","background-media":"","overlay-type":"","overlay-color":"","overlay-opacity":"","overlay-gradient":""}},"ast-content-background-meta":{"desktop":{"background-color":"var(--ast-global-color-5)","background-image":"","background-repeat":"repeat","background-position":"center center","background-size":"auto","background-attachment":"scroll","background-type":"","background-media":"","overlay-type":"","overlay-color":"","overlay-opacity":"","overlay-gradient":""},"tablet":{"background-color":"var(--ast-global-color-5)","background-image":"","background-repeat":"repeat","background-position":"center center","background-size":"auto","background-attachment":"scroll","background-type":"","background-media":"","overlay-type":"","overlay-color":"","overlay-opacity":"","overlay-gradient":""},"mobile":{"background-color":"var(--ast-global-color-5)","background-image":"","background-repeat":"repeat","background-position":"center center","background-size":"auto","background-attachment":"scroll","background-type":"","background-media":"","overlay-type":"","overlay-color":"","overlay-opacity":"","overlay-gradient":""}},"footnotes":""},"class_list":["post-13860","page","type-page","status-publish","hentry"],"yoast_head":"<!-- This site is optimized with the Yoast SEO plugin v28.3 - https:\/\/yoast.com\/product\/yoast-seo-wordpress\/ -->\n<title>Sa bassa - Two Brothers CamperVan<\/title>\n<meta name=\"robots\" content=\"index, follow, max-snippet:-1, max-image-preview:large, max-video-preview:-1\" \/>\n<link rel=\"canonical\" href=\"https:\/\/twobrotherscampervan.com\/en\/sa-bassa\/\" \/>\n<meta property=\"og:locale\" content=\"en_GB\" \/>\n<meta property=\"og:type\" content=\"article\" \/>\n<meta property=\"og:title\" content=\"Sa bassa - Two Brothers CamperVan\" \/>\n<meta property=\"og:description\" content=\"Sa Bassa Vive tu aventura con la &#8216;Sa Bassa&#8217; La &#8216;Sa Bassa&#8217; es la furgo m\u00e1s pr\u00e1ctica para recorrer la isla en camper. Su tama\u00f1o es ideal para descubrir los rincones secretos de Mallorca y aparcar sin complicaciones&#8230; \u00a1Donde el viento te lleve! Esta furgoneta camper, con terraza superior para ver las estrellas, es una [&hellip;]\" \/>\n<meta property=\"og:url\" content=\"https:\/\/twobrotherscampervan.com\/en\/sa-bassa\/\" \/>\n<meta property=\"og:site_name\" content=\"Two Brothers CamperVan\" \/>\n<meta property=\"article:publisher\" content=\"https:\/\/www.facebook.com\/p\/twobrotherscampervan-100063508361247\/\" \/>\n<meta property=\"article:modified_time\" content=\"2026-08-20T18:07:52+00:00\" \/>\n<meta property=\"og:image\" content=\"https:\/\/twobrotherscampervan.com\/wp-content\/uploads\/IMG_4788-scaled.jpeg\" \/>\n\t<meta property=\"og:image:width\" content=\"1920\" \/>\n\t<meta property=\"og:image:height\" content=\"2560\" \/>\n\t<meta property=\"og:image:type\" content=\"image\/jpeg\" \/>\n<meta name=\"twitter:card\" content=\"summary_large_image\" \/>\n<meta name=\"twitter:label1\" content=\"Estimated reading time\" \/>\n\t<meta name=\"twitter:data1\" content=\"11 minutes\" \/>\n<script type=\"application\/ld+json\" class=\"yoast-schema-graph\">{\"@context\":\"https:\\\/\\\/schema.org\",\"@graph\":[{\"@type\":\"WebPage\",\"@id\":\"https:\\\/\\\/twobrotherscampervan.com\\\/sa-bassa\\\/\",\"url\":\"https:\\\/\\\/twobrotherscampervan.com\\\/sa-bassa\\\/\",\"name\":\"Sa bassa - Two Brothers CamperVan\",\"isPartOf\":{\"@id\":\"https:\\\/\\\/twobrotherscampervan.com\\\/#website\"},\"primaryImageOfPage\":{\"@id\":\"https:\\\/\\\/twobrotherscampervan.com\\\/sa-bassa\\\/#primaryimage\"},\"image\":{\"@id\":\"https:\\\/\\\/twobrotherscampervan.com\\\/sa-bassa\\\/#primaryimage\"},\"thumbnailUrl\":\"https:\\\/\\\/twobrotherscampervan.com\\\/wp-content\\\/uploads\\\/IMG_4788-scaled.jpeg\",\"datePublished\":\"2026-06-26T13:40:07+00:00\",\"dateModified\":\"2026-08-20T18:07:52+00:00\",\"breadcrumb\":{\"@id\":\"https:\\\/\\\/twobrotherscampervan.com\\\/sa-bassa\\\/#breadcrumb\"},\"inLanguage\":\"en-GB\",\"potentialAction\":[{\"@type\":\"ReadAction\",\"target\":[\"https:\\\/\\\/twobrotherscampervan.com\\\/sa-bassa\\\/\"]}]},{\"@type\":\"ImageObject\",\"inLanguage\":\"en-GB\",\"@id\":\"https:\\\/\\\/twobrotherscampervan.com\\\/sa-bassa\\\/#primaryimage\",\"url\":\"https:\\\/\\\/twobrotherscampervan.com\\\/wp-content\\\/uploads\\\/IMG_4788-scaled.jpeg\",\"contentUrl\":\"https:\\\/\\\/twobrotherscampervan.com\\\/wp-content\\\/uploads\\\/IMG_4788-scaled.jpeg\"},{\"@type\":\"BreadcrumbList\",\"@id\":\"https:\\\/\\\/twobrotherscampervan.com\\\/sa-bassa\\\/#breadcrumb\",\"itemListElement\":[{\"@type\":\"ListItem\",\"position\":1,\"name\":\"Portada\",\"item\":\"https:\\\/\\\/twobrotherscampervan.com\\\/\"},{\"@type\":\"ListItem\",\"position\":2,\"name\":\"Sa bassa\"}]},{\"@type\":\"WebSite\",\"@id\":\"https:\\\/\\\/twobrotherscampervan.com\\\/#website\",\"url\":\"https:\\\/\\\/twobrotherscampervan.com\\\/\",\"name\":\"Two Brothers CamperVan\",\"description\":\"Alquiler de campers Mallorca\",\"publisher\":{\"@id\":\"https:\\\/\\\/twobrotherscampervan.com\\\/#organization\"},\"potentialAction\":[{\"@type\":\"SearchAction\",\"target\":{\"@type\":\"EntryPoint\",\"urlTemplate\":\"https:\\\/\\\/twobrotherscampervan.com\\\/?s={search_term_string}\"},\"query-input\":{\"@type\":\"PropertyValueSpecification\",\"valueRequired\":true,\"valueName\":\"search_term_string\"}}],\"inLanguage\":\"en-GB\"},{\"@type\":\"Organization\",\"@id\":\"https:\\\/\\\/twobrotherscampervan.com\\\/#organization\",\"name\":\"Two Brothers CamperVan\",\"url\":\"https:\\\/\\\/twobrotherscampervan.com\\\/\",\"logo\":{\"@type\":\"ImageObject\",\"inLanguage\":\"en-GB\",\"@id\":\"https:\\\/\\\/twobrotherscampervan.com\\\/#\\\/schema\\\/logo\\\/image\\\/\",\"url\":\"https:\\\/\\\/twobrotherscampervan.com\\\/wp-content\\\/uploads\\\/cropped-cropped-cropped-logo-horizontal-scaled-1.png\",\"contentUrl\":\"https:\\\/\\\/twobrotherscampervan.com\\\/wp-content\\\/uploads\\\/cropped-cropped-cropped-logo-horizontal-scaled-1.png\",\"width\":2560,\"height\":887,\"caption\":\"Two Brothers CamperVan\"},\"image\":{\"@id\":\"https:\\\/\\\/twobrotherscampervan.com\\\/#\\\/schema\\\/logo\\\/image\\\/\"},\"sameAs\":[\"https:\\\/\\\/www.facebook.com\\\/p\\\/twobrotherscampervan-100063508361247\\\/\",\"https:\\\/\\\/www.instagram.com\\\/twobrotherscampervan\\\/\",\"https:\\\/\\\/www.tiktok.com\\\/@twobrotherscampervan\"]}]}<\/script>\n<!-- \/ Yoast SEO plugin. -->","yoast_head_json":{"title":"Sa bassa - Two Brothers CamperVan","robots":{"index":"index","follow":"follow","max-snippet":"max-snippet:-1","max-image-preview":"max-image-preview:large","max-video-preview":"max-video-preview:-1"},"canonical":"https:\/\/twobrotherscampervan.com\/en\/sa-bassa\/","og_locale":"en_GB","og_type":"article","og_title":"Sa bassa - Two Brothers CamperVan","og_description":"Sa Bassa Vive tu aventura con la &#8216;Sa Bassa&#8217; La &#8216;Sa Bassa&#8217; es la furgo m\u00e1s pr\u00e1ctica para recorrer la isla en camper. Su tama\u00f1o es ideal para descubrir los rincones secretos de Mallorca y aparcar sin complicaciones&#8230; \u00a1Donde el viento te lleve! Esta furgoneta camper, con terraza superior para ver las estrellas, es una [&hellip;]","og_url":"https:\/\/twobrotherscampervan.com\/en\/sa-bassa\/","og_site_name":"Two Brothers CamperVan","article_publisher":"https:\/\/www.facebook.com\/p\/twobrotherscampervan-100063508361247\/","article_modified_time":"2026-08-20T18:07:52+00:00","og_image":[{"width":1920,"height":2560,"url":"https:\/\/twobrotherscampervan.com\/wp-content\/uploads\/IMG_4788-scaled.jpeg","type":"image\/jpeg"}],"twitter_card":"summary_large_image","twitter_misc":{"Estimated reading time":"11 minutes"},"schema":{"@context":"https:\/\/schema.org","@graph":[{"@type":"WebPage","@id":"https:\/\/twobrotherscampervan.com\/sa-bassa\/","url":"https:\/\/twobrotherscampervan.com\/sa-bassa\/","name":"Sa bassa - Two Brothers CamperVan","isPartOf":{"@id":"https:\/\/twobrotherscampervan.com\/#website"},"primaryImageOfPage":{"@id":"https:\/\/twobrotherscampervan.com\/sa-bassa\/#primaryimage"},"image":{"@id":"https:\/\/twobrotherscampervan.com\/sa-bassa\/#primaryimage"},"thumbnailUrl":"https:\/\/twobrotherscampervan.com\/wp-content\/uploads\/IMG_4788-scaled.jpeg","datePublished":"2026-06-26T13:40:07+00:00","dateModified":"2026-08-20T18:07:52+00:00","breadcrumb":{"@id":"https:\/\/twobrotherscampervan.com\/sa-bassa\/#breadcrumb"},"inLanguage":"en-GB","potentialAction":[{"@type":"ReadAction","target":["https:\/\/twobrotherscampervan.com\/sa-bassa\/"]}]},{"@type":"ImageObject","inLanguage":"en-GB","@id":"https:\/\/twobrotherscampervan.com\/sa-bassa\/#primaryimage","url":"https:\/\/twobrotherscampervan.com\/wp-content\/uploads\/IMG_4788-scaled.jpeg","contentUrl":"https:\/\/twobrotherscampervan.com\/wp-content\/uploads\/IMG_4788-scaled.jpeg"},{"@type":"BreadcrumbList","@id":"https:\/\/twobrotherscampervan.com\/sa-bassa\/#breadcrumb","itemListElement":[{"@type":"ListItem","position":1,"name":"Portada","item":"https:\/\/twobrotherscampervan.com\/"},{"@type":"ListItem","position":2,"name":"Sa bassa"}]},{"@type":"WebSite","@id":"https:\/\/twobrotherscampervan.com\/#website","url":"https:\/\/twobrotherscampervan.com\/","name":"Two Brothers CamperVan","description":"Campers rental Mallorca","publisher":{"@id":"https:\/\/twobrotherscampervan.com\/#organization"},"potentialAction":[{"@type":"SearchAction","target":{"@type":"EntryPoint","urlTemplate":"https:\/\/twobrotherscampervan.com\/?s={search_term_string}"},"query-input":{"@type":"PropertyValueSpecification","valueRequired":true,"valueName":"search_term_string"}}],"inLanguage":"en-GB"},{"@type":"Organization","@id":"https:\/\/twobrotherscampervan.com\/#organization","name":"Two Brothers CamperVan","url":"https:\/\/twobrotherscampervan.com\/","logo":{"@type":"ImageObject","inLanguage":"en-GB","@id":"https:\/\/twobrotherscampervan.com\/#\/schema\/logo\/image\/","url":"https:\/\/twobrotherscampervan.com\/wp-content\/uploads\/cropped-cropped-cropped-logo-horizontal-scaled-1.png","contentUrl":"https:\/\/twobrotherscampervan.com\/wp-content\/uploads\/cropped-cropped-cropped-logo-horizontal-scaled-1.png","width":2560,"height":887,"caption":"Two Brothers CamperVan"},"image":{"@id":"https:\/\/twobrotherscampervan.com\/#\/schema\/logo\/image\/"},"sameAs":["https:\/\/www.facebook.com\/p\/twobrotherscampervan-100063508361247\/","https:\/\/www.instagram.com\/twobrotherscampervan\/","https:\/\/www.tiktok.com\/@twobrotherscampervan"]}]}},"_links":{"self":[{"href":"https:\/\/twobrotherscampervan.com\/en\/wp-json\/wp\/v2\/pages\/13860","targetHints":{"allow":["GET"]}}],"collection":[{"href":"https:\/\/twobrotherscampervan.com\/en\/wp-json\/wp\/v2\/pages"}],"about":[{"href":"https:\/\/twobrotherscampervan.com\/en\/wp-json\/wp\/v2\/types\/page"}],"author":[{"embeddable":true,"href":"https:\/\/twobrotherscampervan.com\/en\/wp-json\/wp\/v2\/users\/5"}],"replies":[{"embeddable":true,"href":"https:\/\/twobrotherscampervan.com\/en\/wp-json\/wp\/v2\/comments?post=13860"}],"version-history":[{"count":8,"href":"https:\/\/twobrotherscampervan.com\/en\/wp-json\/wp\/v2\/pages\/13860\/revisions"}],"predecessor-version":[{"id":14673,"href":"https:\/\/twobrotherscampervan.com\/en\/wp-json\/wp\/v2\/pages\/13860\/revisions\/14673"}],"wp:attachment":[{"href":"https:\/\/twobrotherscampervan.com\/en\/wp-json\/wp\/v2\/media?parent=13860"}],"curies":[{"name":"wp","href":"https:\/\/api.w.org\/{rel}","templated":true}]}}